{"id":550,"date":"2021-11-26T07:01:59","date_gmt":"2021-11-26T11:01:59","guid":{"rendered":"http:\/\/memorialchalatenango.com\/?page_id=550"},"modified":"2021-11-30T05:46:14","modified_gmt":"2021-11-30T09:46:14","slug":"las-masacres","status":"publish","type":"page","link":"http:\/\/memorialchalatenango.com\/en\/las-masacres\/","title":{"rendered":"Las Masacres"},"content":{"rendered":"<div data-elementor-type=\"wp-page\" data-elementor-id=\"550\" class=\"elementor elementor-550\" data-elementor-settings=\"[]\">\n\t\t\t\t\t\t<div class=\"elementor-inner\">\n\t\t\t\t\t\t\t<div class=\"elementor-section-wrap\">\n\t\t\t\t\t\t\t<section class=\"elementor-section elementor-top-section elementor-element elementor-element-ab7a91d elementor-section-boxed elementor-section-height-default elementor-section-height-default\" data-id=\"ab7a91d\" data-element_type=\"section\">\n\t\t\t\t\t\t<div class=\"elementor-container elementor-column-gap-default\">\n\t\t\t\t\t\t\t<div class=\"elementor-row\">\n\t\t\t\t\t<div class=\"elementor-column elementor-col-100 elementor-top-column elementor-element elementor-element-b9a9ba3\" data-id=\"b9a9ba3\" data-element_type=\"column\">\n\t\t\t<div class=\"elementor-column-wrap elementor-element-populated\">\n\t\t\t\t\t\t\t<div class=\"elementor-widget-wrap\">\n\t\t\t\t\t\t<div class=\"elementor-element elementor-element-21f54ac elementor-widget elementor-widget-heading\" data-id=\"21f54ac\" data-element_type=\"widget\" data-widget_type=\"heading.default\">\n\t\t\t\t<div class=\"elementor-widget-container\">\n\t\t\t<h1 class=\"elementor-heading-title elementor-size-default\">Las Masacres<\/h1>\t\t<\/div>\n\t\t\t\t<\/div>\n\t\t\t\t\t\t<\/div>\n\t\t\t\t\t<\/div>\n\t\t<\/div>\n\t\t\t\t\t\t\t\t<\/div>\n\t\t\t\t\t<\/div>\n\t\t<\/section>\n\t\t\t\t<section class=\"elementor-section elementor-top-section elementor-element elementor-element-07612f5 elementor-section-boxed elementor-section-height-default elementor-section-height-default\" data-id=\"07612f5\" data-element_type=\"section\">\n\t\t\t\t\t\t<div class=\"elementor-container elementor-column-gap-default\">\n\t\t\t\t\t\t\t<div class=\"elementor-row\">\n\t\t\t\t\t<div class=\"elementor-column elementor-col-100 elementor-top-column elementor-element elementor-element-b49fd3a\" data-id=\"b49fd3a\" data-element_type=\"column\">\n\t\t\t<div class=\"elementor-column-wrap elementor-element-populated\">\n\t\t\t\t\t\t\t<div class=\"elementor-widget-wrap\">\n\t\t\t\t\t\t<div class=\"elementor-element elementor-element-5ab469f elementor-widget elementor-widget-text-editor\" data-id=\"5ab469f\" data-element_type=\"widget\" data-widget_type=\"text-editor.default\">\n\t\t\t\t<div class=\"elementor-widget-container\">\n\t\t\t\t\t\t\t\t<div class=\"elementor-text-editor elementor-clearfix\">\n\t\t\t\t<p>Las Masacres de Chalatenango son una serie de asesinatos masivos de personas que tuvieron lugar en el Departamento de Chalatenango durante el conflicto armado en El Salvador (1979-1992). Nuestro trabajo de documentaci\u00f3n se enfoca en el per\u00edodo 1980-1982. En 1980, tras el asesinato de Monse\u00f1or Oscar A. Romero (24 de marzo), el estado salvadore\u00f1o ejecuta una pol\u00edtica represiva para aterrorizar a la poblaci\u00f3n. La masacre de \u201cEl Rinc\u00f3n\u201d, donde fueron asesinadas seis mujeres, sirve para ilustrar el tipo de violencia del que ser\u00e1n objeto las familias campesinas.<\/p><p>Para ese momento, la poblaci\u00f3n ya ha comenzado a desplazarse, y el 14 de mayo de 1980, en el sector conocido como Las Aradas, m\u00e1s de 600 personas son asesinadas cuando trataban de cruzar el R\u00edo Sumpul, en la frontera con Honduras. El silencio con respecto a esta acci\u00f3n, que fue ignorada dentro y fuera de El Salvador, marca el inicio de una era de brutal represi\u00f3n. Las masacres de \u201cEl Sitio\u201d, \u201cLos Duboncitos\u201d y \u201cLos Amates\u201d sirven como ejemplos de las atrocidades perpetradas en los meses siguientes. <\/p><p>Tras esos eventos, la huida organizada se intensifica (el proceso conocido como \u201clas guindas\u201d), y los operativos militares en contra de la poblaci\u00f3n civil se hacen tambi\u00e9n m\u00e1s complejos. Las masacres de \u201cLos Raudas\u201d y \u201cCuyas Cumbres\u201d, ocurridas en 1982, nos dan una idea de las dimensiones alcanzadas por las acciones represivas. Para este proyecto documental hemos recogido los testimonios de los sobrevivientes. Esto es lo que ellos vivieron, vieron y escucharon.<\/p>\t\t\t\t\t<\/div>\n\t\t\t\t\t\t<\/div>\n\t\t\t\t<\/div>\n\t\t\t\t\t\t<\/div>\n\t\t\t\t\t<\/div>\n\t\t<\/div>\n\t\t\t\t\t\t\t\t<\/div>\n\t\t\t\t\t<\/div>\n\t\t<\/section>\n\t\t\t\t<section class=\"elementor-section elementor-top-section elementor-element elementor-element-b98ac7d elementor-section-boxed elementor-section-height-default elementor-section-height-default\" data-id=\"b98ac7d\" data-element_type=\"section\">\n\t\t\t\t\t\t<div class=\"elementor-container elementor-column-gap-default\">\n\t\t\t\t\t\t\t<div class=\"elementor-row\">\n\t\t\t\t\t<div class=\"elementor-column elementor-col-33 elementor-top-column elementor-element elementor-element-28899fe\" data-id=\"28899fe\" data-element_type=\"column\">\n\t\t\t<div class=\"elementor-column-wrap elementor-element-populated\">\n\t\t\t\t\t\t\t<div class=\"elementor-widget-wrap\">\n\t\t\t\t\t\t<div class=\"elementor-element elementor-element-30edd27 elementor-widget elementor-widget-image\" data-id=\"30edd27\" data-element_type=\"widget\" data-widget_type=\"image.default\">\n\t\t\t\t<div class=\"elementor-widget-container\">\n\t\t\t\t\t\t\t\t<div class=\"elementor-image\">\n\t\t\t\t\t\t\t\t\t<figure class=\"wp-caption\">\n\t\t\t\t\t\t\t\t\t\t<img width=\"580\" height=\"387\" src=\"http:\/\/memorialchalatenango.com\/wp-content\/uploads\/2021\/11\/Masacre-Sumpul-01-1024x683.jpg\" class=\"attachment-large size-large\" alt=\"\" loading=\"lazy\" srcset=\"http:\/\/memorialchalatenango.com\/wp-content\/uploads\/2021\/11\/Masacre-Sumpul-01-1024x683.jpg 1024w, http:\/\/memorialchalatenango.com\/wp-content\/uploads\/2021\/11\/Masacre-Sumpul-01-300x200.jpg 300w, http:\/\/memorialchalatenango.com\/wp-content\/uploads\/2021\/11\/Masacre-Sumpul-01-768x512.jpg 768w, http:\/\/memorialchalatenango.com\/wp-content\/uploads\/2021\/11\/Masacre-Sumpul-01-1536x1024.jpg 1536w, http:\/\/memorialchalatenango.com\/wp-content\/uploads\/2021\/11\/Masacre-Sumpul-01-18x12.jpg 18w, http:\/\/memorialchalatenango.com\/wp-content\/uploads\/2021\/11\/Masacre-Sumpul-01-1200x800.jpg 1200w, http:\/\/memorialchalatenango.com\/wp-content\/uploads\/2021\/11\/Masacre-Sumpul-01.jpg 1611w\" sizes=\"(max-width: 580px) 100vw, 580px\" \/>\t\t\t\t\t\t\t\t\t\t\t<figcaption class=\"widget-image-caption wp-caption-text\">R\u00edo Sumpul<\/figcaption>\n\t\t\t\t\t\t\t\t\t\t<\/figure>\n\t\t\t\t\t\t\t\t<\/div>\n\t\t\t\t\t\t<\/div>\n\t\t\t\t<\/div>\n\t\t\t\t\t\t<\/div>\n\t\t\t\t\t<\/div>\n\t\t<\/div>\n\t\t\t\t<div class=\"elementor-column elementor-col-33 elementor-top-column elementor-element elementor-element-853d3bd\" data-id=\"853d3bd\" data-element_type=\"column\">\n\t\t\t<div class=\"elementor-column-wrap elementor-element-populated\">\n\t\t\t\t\t\t\t<div class=\"elementor-widget-wrap\">\n\t\t\t\t\t\t<div class=\"elementor-element elementor-element-95770cf elementor-widget elementor-widget-image\" data-id=\"95770cf\" data-element_type=\"widget\" data-widget_type=\"image.default\">\n\t\t\t\t<div class=\"elementor-widget-container\">\n\t\t\t\t\t\t\t\t<div class=\"elementor-image\">\n\t\t\t\t\t\t\t\t\t<figure class=\"wp-caption\">\n\t\t\t\t\t\t\t\t\t\t<img width=\"580\" height=\"386\" src=\"http:\/\/memorialchalatenango.com\/wp-content\/uploads\/2021\/11\/masacre-el-sitio-01-1024x682.jpg\" class=\"attachment-large size-large\" alt=\"\" loading=\"lazy\" srcset=\"http:\/\/memorialchalatenango.com\/wp-content\/uploads\/2021\/11\/masacre-el-sitio-01-1024x682.jpg 1024w, http:\/\/memorialchalatenango.com\/wp-content\/uploads\/2021\/11\/masacre-el-sitio-01-300x200.jpg 300w, http:\/\/memorialchalatenango.com\/wp-content\/uploads\/2021\/11\/masacre-el-sitio-01-768x512.jpg 768w, http:\/\/memorialchalatenango.com\/wp-content\/uploads\/2021\/11\/masacre-el-sitio-01-1536x1024.jpg 1536w, http:\/\/memorialchalatenango.com\/wp-content\/uploads\/2021\/11\/masacre-el-sitio-01-18x12.jpg 18w, http:\/\/memorialchalatenango.com\/wp-content\/uploads\/2021\/11\/masacre-el-sitio-01-1200x800.jpg 1200w, http:\/\/memorialchalatenango.com\/wp-content\/uploads\/2021\/11\/masacre-el-sitio-01-1980x1320.jpg 1980w, http:\/\/memorialchalatenango.com\/wp-content\/uploads\/2021\/11\/masacre-el-sitio-01.jpg 2000w\" sizes=\"(max-width: 580px) 100vw, 580px\" \/>\t\t\t\t\t\t\t\t\t\t\t<figcaption class=\"widget-image-caption wp-caption-text\">El Sitio<\/figcaption>\n\t\t\t\t\t\t\t\t\t\t<\/figure>\n\t\t\t\t\t\t\t\t<\/div>\n\t\t\t\t\t\t<\/div>\n\t\t\t\t<\/div>\n\t\t\t\t\t\t<\/div>\n\t\t\t\t\t<\/div>\n\t\t<\/div>\n\t\t\t\t<div class=\"elementor-column elementor-col-33 elementor-top-column elementor-element elementor-element-66523e6\" data-id=\"66523e6\" data-element_type=\"column\">\n\t\t\t<div class=\"elementor-column-wrap elementor-element-populated\">\n\t\t\t\t\t\t\t<div class=\"elementor-widget-wrap\">\n\t\t\t\t\t\t<div class=\"elementor-element elementor-element-7b35969 elementor-widget elementor-widget-image\" data-id=\"7b35969\" data-element_type=\"widget\" data-widget_type=\"image.default\">\n\t\t\t\t<div class=\"elementor-widget-container\">\n\t\t\t\t\t\t\t\t<div class=\"elementor-image\">\n\t\t\t\t\t\t\t\t\t<figure class=\"wp-caption\">\n\t\t\t\t\t\t\t\t\t\t<img width=\"580\" height=\"387\" src=\"http:\/\/memorialchalatenango.com\/wp-content\/uploads\/2021\/11\/Surviving-Memory-Postwar-El-Salvador-09-1024x683.jpg\" class=\"attachment-large size-large\" alt=\"\" loading=\"lazy\" srcset=\"http:\/\/memorialchalatenango.com\/wp-content\/uploads\/2021\/11\/Surviving-Memory-Postwar-El-Salvador-09-1024x683.jpg 1024w, http:\/\/memorialchalatenango.com\/wp-content\/uploads\/2021\/11\/Surviving-Memory-Postwar-El-Salvador-09-300x200.jpg 300w, http:\/\/memorialchalatenango.com\/wp-content\/uploads\/2021\/11\/Surviving-Memory-Postwar-El-Salvador-09-768x512.jpg 768w, http:\/\/memorialchalatenango.com\/wp-content\/uploads\/2021\/11\/Surviving-Memory-Postwar-El-Salvador-09-1536x1024.jpg 1536w, http:\/\/memorialchalatenango.com\/wp-content\/uploads\/2021\/11\/Surviving-Memory-Postwar-El-Salvador-09-2048x1365.jpg 2048w, http:\/\/memorialchalatenango.com\/wp-content\/uploads\/2021\/11\/Surviving-Memory-Postwar-El-Salvador-09-18x12.jpg 18w, http:\/\/memorialchalatenango.com\/wp-content\/uploads\/2021\/11\/Surviving-Memory-Postwar-El-Salvador-09-1200x800.jpg 1200w, http:\/\/memorialchalatenango.com\/wp-content\/uploads\/2021\/11\/Surviving-Memory-Postwar-El-Salvador-09-1980x1320.jpg 1980w\" sizes=\"(max-width: 580px) 100vw, 580px\" \/>\t\t\t\t\t\t\t\t\t\t\t<figcaption class=\"widget-image-caption wp-caption-text\">Los Duboncitos<\/figcaption>\n\t\t\t\t\t\t\t\t\t\t<\/figure>\n\t\t\t\t\t\t\t\t<\/div>\n\t\t\t\t\t\t<\/div>\n\t\t\t\t<\/div>\n\t\t\t\t\t\t<\/div>\n\t\t\t\t\t<\/div>\n\t\t<\/div>\n\t\t\t\t\t\t\t\t<\/div>\n\t\t\t\t\t<\/div>\n\t\t<\/section>\n\t\t\t\t<section class=\"elementor-section elementor-top-section elementor-element elementor-element-566d193 elementor-section-boxed elementor-section-height-default elementor-section-height-default\" data-id=\"566d193\" data-element_type=\"section\">\n\t\t\t\t\t\t<div class=\"elementor-container elementor-column-gap-default\">\n\t\t\t\t\t\t\t<div class=\"elementor-row\">\n\t\t\t\t\t<div class=\"elementor-column elementor-col-33 elementor-top-column elementor-element elementor-element-0885ad5\" data-id=\"0885ad5\" data-element_type=\"column\">\n\t\t\t<div class=\"elementor-column-wrap elementor-element-populated\">\n\t\t\t\t\t\t\t<div class=\"elementor-widget-wrap\">\n\t\t\t\t\t\t<div class=\"elementor-element elementor-element-1780e17 elementor-widget elementor-widget-image\" data-id=\"1780e17\" data-element_type=\"widget\" data-widget_type=\"image.default\">\n\t\t\t\t<div class=\"elementor-widget-container\">\n\t\t\t\t\t\t\t\t<div class=\"elementor-image\">\n\t\t\t\t\t\t\t\t\t<figure class=\"wp-caption\">\n\t\t\t\t\t\t\t\t\t\t<img width=\"580\" height=\"386\" src=\"http:\/\/memorialchalatenango.com\/wp-content\/uploads\/2021\/11\/sobreviviente-maria-celia-menjivar-02-1024x682.jpg\" class=\"attachment-large size-large\" alt=\"\" loading=\"lazy\" srcset=\"http:\/\/memorialchalatenango.com\/wp-content\/uploads\/2021\/11\/sobreviviente-maria-celia-menjivar-02-1024x682.jpg 1024w, http:\/\/memorialchalatenango.com\/wp-content\/uploads\/2021\/11\/sobreviviente-maria-celia-menjivar-02-300x200.jpg 300w, http:\/\/memorialchalatenango.com\/wp-content\/uploads\/2021\/11\/sobreviviente-maria-celia-menjivar-02-768x512.jpg 768w, http:\/\/memorialchalatenango.com\/wp-content\/uploads\/2021\/11\/sobreviviente-maria-celia-menjivar-02-1536x1024.jpg 1536w, http:\/\/memorialchalatenango.com\/wp-content\/uploads\/2021\/11\/sobreviviente-maria-celia-menjivar-02-18x12.jpg 18w, http:\/\/memorialchalatenango.com\/wp-content\/uploads\/2021\/11\/sobreviviente-maria-celia-menjivar-02-1200x800.jpg 1200w, http:\/\/memorialchalatenango.com\/wp-content\/uploads\/2021\/11\/sobreviviente-maria-celia-menjivar-02-1980x1320.jpg 1980w, http:\/\/memorialchalatenango.com\/wp-content\/uploads\/2021\/11\/sobreviviente-maria-celia-menjivar-02.jpg 2000w\" sizes=\"(max-width: 580px) 100vw, 580px\" \/>\t\t\t\t\t\t\t\t\t\t\t<figcaption class=\"widget-image-caption wp-caption-text\">Los Amates<\/figcaption>\n\t\t\t\t\t\t\t\t\t\t<\/figure>\n\t\t\t\t\t\t\t\t<\/div>\n\t\t\t\t\t\t<\/div>\n\t\t\t\t<\/div>\n\t\t\t\t\t\t<\/div>\n\t\t\t\t\t<\/div>\n\t\t<\/div>\n\t\t\t\t<div class=\"elementor-column elementor-col-33 elementor-top-column elementor-element elementor-element-7724ef7\" data-id=\"7724ef7\" data-element_type=\"column\">\n\t\t\t<div class=\"elementor-column-wrap elementor-element-populated\">\n\t\t\t\t\t\t\t<div class=\"elementor-widget-wrap\">\n\t\t\t\t\t\t<div class=\"elementor-element elementor-element-123e9a0 elementor-widget elementor-widget-image\" data-id=\"123e9a0\" data-element_type=\"widget\" data-widget_type=\"image.default\">\n\t\t\t\t<div class=\"elementor-widget-container\">\n\t\t\t\t\t\t\t\t<div class=\"elementor-image\">\n\t\t\t\t\t\t\t\t\t<figure class=\"wp-caption\">\n\t\t\t\t\t\t\t\t\t\t<img width=\"580\" height=\"387\" src=\"http:\/\/memorialchalatenango.com\/wp-content\/uploads\/2021\/11\/documental-masacres-chalatenango-06-1024x683.jpg\" class=\"attachment-large size-large\" alt=\"\" loading=\"lazy\" srcset=\"http:\/\/memorialchalatenango.com\/wp-content\/uploads\/2021\/11\/documental-masacres-chalatenango-06-1024x683.jpg 1024w, http:\/\/memorialchalatenango.com\/wp-content\/uploads\/2021\/11\/documental-masacres-chalatenango-06-300x200.jpg 300w, http:\/\/memorialchalatenango.com\/wp-content\/uploads\/2021\/11\/documental-masacres-chalatenango-06-768x512.jpg 768w, http:\/\/memorialchalatenango.com\/wp-content\/uploads\/2021\/11\/documental-masacres-chalatenango-06-1536x1024.jpg 1536w, http:\/\/memorialchalatenango.com\/wp-content\/uploads\/2021\/11\/documental-masacres-chalatenango-06-2048x1365.jpg 2048w, http:\/\/memorialchalatenango.com\/wp-content\/uploads\/2021\/11\/documental-masacres-chalatenango-06-18x12.jpg 18w, http:\/\/memorialchalatenango.com\/wp-content\/uploads\/2021\/11\/documental-masacres-chalatenango-06-1200x800.jpg 1200w, http:\/\/memorialchalatenango.com\/wp-content\/uploads\/2021\/11\/documental-masacres-chalatenango-06-1980x1320.jpg 1980w\" sizes=\"(max-width: 580px) 100vw, 580px\" \/>\t\t\t\t\t\t\t\t\t\t\t<figcaption class=\"widget-image-caption wp-caption-text\">Los Raudas<\/figcaption>\n\t\t\t\t\t\t\t\t\t\t<\/figure>\n\t\t\t\t\t\t\t\t<\/div>\n\t\t\t\t\t\t<\/div>\n\t\t\t\t<\/div>\n\t\t\t\t\t\t<\/div>\n\t\t\t\t\t<\/div>\n\t\t<\/div>\n\t\t\t\t<div class=\"elementor-column elementor-col-33 elementor-top-column elementor-element elementor-element-14b1b4d\" data-id=\"14b1b4d\" data-element_type=\"column\">\n\t\t\t<div class=\"elementor-column-wrap elementor-element-populated\">\n\t\t\t\t\t\t\t<div class=\"elementor-widget-wrap\">\n\t\t\t\t\t\t<div class=\"elementor-element elementor-element-037f73e elementor-widget elementor-widget-image\" data-id=\"037f73e\" data-element_type=\"widget\" data-widget_type=\"image.default\">\n\t\t\t\t<div class=\"elementor-widget-container\">\n\t\t\t\t\t\t\t\t<div class=\"elementor-image\">\n\t\t\t\t\t\t\t\t\t<figure class=\"wp-caption\">\n\t\t\t\t\t\t\t\t\t\t<img width=\"580\" height=\"387\" src=\"http:\/\/memorialchalatenango.com\/wp-content\/uploads\/2021\/11\/masacre-cuyas-cumbres-04-1024x683.jpg\" class=\"attachment-large size-large\" alt=\"\" loading=\"lazy\" srcset=\"http:\/\/memorialchalatenango.com\/wp-content\/uploads\/2021\/11\/masacre-cuyas-cumbres-04-1024x683.jpg 1024w, http:\/\/memorialchalatenango.com\/wp-content\/uploads\/2021\/11\/masacre-cuyas-cumbres-04-300x200.jpg 300w, http:\/\/memorialchalatenango.com\/wp-content\/uploads\/2021\/11\/masacre-cuyas-cumbres-04-768x512.jpg 768w, http:\/\/memorialchalatenango.com\/wp-content\/uploads\/2021\/11\/masacre-cuyas-cumbres-04-1536x1024.jpg 1536w, http:\/\/memorialchalatenango.com\/wp-content\/uploads\/2021\/11\/masacre-cuyas-cumbres-04-2048x1365.jpg 2048w, http:\/\/memorialchalatenango.com\/wp-content\/uploads\/2021\/11\/masacre-cuyas-cumbres-04-18x12.jpg 18w, http:\/\/memorialchalatenango.com\/wp-content\/uploads\/2021\/11\/masacre-cuyas-cumbres-04-1200x800.jpg 1200w, http:\/\/memorialchalatenango.com\/wp-content\/uploads\/2021\/11\/masacre-cuyas-cumbres-04-1980x1320.jpg 1980w\" sizes=\"(max-width: 580px) 100vw, 580px\" \/>\t\t\t\t\t\t\t\t\t\t\t<figcaption class=\"widget-image-caption wp-caption-text\">Cuyas Cumbres<\/figcaption>\n\t\t\t\t\t\t\t\t\t\t<\/figure>\n\t\t\t\t\t\t\t\t<\/div>\n\t\t\t\t\t\t<\/div>\n\t\t\t\t<\/div>\n\t\t\t\t\t\t<\/div>\n\t\t\t\t\t<\/div>\n\t\t<\/div>\n\t\t\t\t\t\t\t\t<\/div>\n\t\t\t\t\t<\/div>\n\t\t<\/section>\n\t\t\t\t\t\t<\/div>\n\t\t\t\t\t\t<\/div>\n\t\t\t\t\t<\/div>","protected":false},"excerpt":{"rendered":"<p>Las Masacres Las Masacres de Chalatenango son una serie de asesinatos masivos de personas que tuvieron lugar en el Departamento de Chalatenango durante el conflicto armado en El Salvador (1979-1992). Nuestro trabajo de documentaci\u00f3n se enfoca en el per\u00edodo 1980-1982. En 1980, tras el asesinato de Monse\u00f1or Oscar A. Romero (24 de marzo), el estado [&hellip;]<\/p>","protected":false},"author":1,"featured_media":0,"parent":0,"menu_order":0,"comment_status":"closed","ping_status":"closed","template":"elementor_header_footer","meta":{"_themeisle_gutenberg_block_has_review":false},"yoast_head":"<!-- This site is optimized with the Yoast SEO plugin v17.5 - https:\/\/yoast.com\/wordpress\/plugins\/seo\/ -->\n<title>Las Masacres - Londombia<\/title>\n<meta name=\"robots\" content=\"index, follow, max-snippet:-1, max-image-preview:large, max-video-preview:-1\" \/>\n<link rel=\"canonical\" href=\"http:\/\/memorialchalatenango.com\/en\/las-masacres\/\" \/>\n<meta property=\"og:locale\" content=\"en_US\" \/>\n<meta property=\"og:type\" content=\"article\" \/>\n<meta property=\"og:title\" content=\"Las Masacres - Londombia\" \/>\n<meta property=\"og:description\" content=\"Las Masacres Las Masacres de Chalatenango son una serie de asesinatos masivos de personas que tuvieron lugar en el Departamento de Chalatenango durante el conflicto armado en El Salvador (1979-1992). Nuestro trabajo de documentaci\u00f3n se enfoca en el per\u00edodo 1980-1982. En 1980, tras el asesinato de Monse\u00f1or Oscar A. Romero (24 de marzo), el estado [&hellip;]\" \/>\n<meta property=\"og:url\" content=\"http:\/\/memorialchalatenango.com\/en\/las-masacres\/\" \/>\n<meta property=\"og:site_name\" content=\"Londombia\" \/>\n<meta property=\"article:modified_time\" content=\"2021-11-30T09:46:14+00:00\" \/>\n<meta property=\"og:image\" content=\"http:\/\/memorialchalatenango.com\/wp-content\/uploads\/2021\/11\/Masacre-Sumpul-01-1024x683.jpg\" \/>\n<meta name=\"twitter:card\" content=\"summary_large_image\" \/>\n<meta name=\"twitter:label1\" content=\"Est. reading time\" \/>\n\t<meta name=\"twitter:data1\" content=\"3 minutes\" \/>\n<script type=\"application\/ld+json\" class=\"yoast-schema-graph\">{\"@context\":\"https:\/\/schema.org\",\"@graph\":[{\"@type\":\"WebSite\",\"@id\":\"http:\/\/memorialchalatenango.com\/#website\",\"url\":\"http:\/\/memorialchalatenango.com\/\",\"name\":\"Londombia\",\"description\":\"Celebrating the presence of the Colombian community in London\",\"potentialAction\":[{\"@type\":\"SearchAction\",\"target\":{\"@type\":\"EntryPoint\",\"urlTemplate\":\"http:\/\/memorialchalatenango.com\/?s={search_term_string}\"},\"query-input\":\"required name=search_term_string\"}],\"inLanguage\":\"en-CA\"},{\"@type\":\"ImageObject\",\"@id\":\"http:\/\/memorialchalatenango.com\/las-masacres\/#primaryimage\",\"inLanguage\":\"en-CA\",\"url\":\"http:\/\/memorialchalatenango.com\/wp-content\/uploads\/2021\/11\/Masacre-Sumpul-01.jpg\",\"contentUrl\":\"http:\/\/memorialchalatenango.com\/wp-content\/uploads\/2021\/11\/Masacre-Sumpul-01.jpg\",\"width\":1611,\"height\":1074},{\"@type\":\"WebPage\",\"@id\":\"http:\/\/memorialchalatenango.com\/las-masacres\/#webpage\",\"url\":\"http:\/\/memorialchalatenango.com\/las-masacres\/\",\"name\":\"Las Masacres - Londombia\",\"isPartOf\":{\"@id\":\"http:\/\/memorialchalatenango.com\/#website\"},\"primaryImageOfPage\":{\"@id\":\"http:\/\/memorialchalatenango.com\/las-masacres\/#primaryimage\"},\"datePublished\":\"2021-11-26T11:01:59+00:00\",\"dateModified\":\"2021-11-30T09:46:14+00:00\",\"breadcrumb\":{\"@id\":\"http:\/\/memorialchalatenango.com\/las-masacres\/#breadcrumb\"},\"inLanguage\":\"en-CA\",\"potentialAction\":[{\"@type\":\"ReadAction\",\"target\":[\"http:\/\/memorialchalatenango.com\/las-masacres\/\"]}]},{\"@type\":\"BreadcrumbList\",\"@id\":\"http:\/\/memorialchalatenango.com\/las-masacres\/#breadcrumb\",\"itemListElement\":[{\"@type\":\"ListItem\",\"position\":1,\"name\":\"Home\",\"item\":\"http:\/\/memorialchalatenango.com\/\"},{\"@type\":\"ListItem\",\"position\":2,\"name\":\"Las Masacres\"}]}]}<\/script>\n<!-- \/ Yoast SEO plugin. -->","yoast_head_json":{"title":"Las Masacres - Londombia","robots":{"index":"index","follow":"follow","max-snippet":"max-snippet:-1","max-image-preview":"max-image-preview:large","max-video-preview":"max-video-preview:-1"},"canonical":"http:\/\/memorialchalatenango.com\/en\/las-masacres\/","og_locale":"en_US","og_type":"article","og_title":"Las Masacres - Londombia","og_description":"Las Masacres Las Masacres de Chalatenango son una serie de asesinatos masivos de personas que tuvieron lugar en el Departamento de Chalatenango durante el conflicto armado en El Salvador (1979-1992). Nuestro trabajo de documentaci\u00f3n se enfoca en el per\u00edodo 1980-1982. En 1980, tras el asesinato de Monse\u00f1or Oscar A. Romero (24 de marzo), el estado [&hellip;]","og_url":"http:\/\/memorialchalatenango.com\/en\/las-masacres\/","og_site_name":"Londombia","article_modified_time":"2021-11-30T09:46:14+00:00","og_image":[{"url":"http:\/\/memorialchalatenango.com\/wp-content\/uploads\/2021\/11\/Masacre-Sumpul-01-1024x683.jpg"}],"twitter_card":"summary_large_image","twitter_misc":{"Est. reading time":"3 minutes"},"schema":{"@context":"https:\/\/schema.org","@graph":[{"@type":"WebSite","@id":"http:\/\/memorialchalatenango.com\/#website","url":"http:\/\/memorialchalatenango.com\/","name":"Londombia","description":"Celebrating the presence of the Colombian community in London","potentialAction":[{"@type":"SearchAction","target":{"@type":"EntryPoint","urlTemplate":"http:\/\/memorialchalatenango.com\/?s={search_term_string}"},"query-input":"required name=search_term_string"}],"inLanguage":"en-CA"},{"@type":"ImageObject","@id":"http:\/\/memorialchalatenango.com\/las-masacres\/#primaryimage","inLanguage":"en-CA","url":"http:\/\/memorialchalatenango.com\/wp-content\/uploads\/2021\/11\/Masacre-Sumpul-01.jpg","contentUrl":"http:\/\/memorialchalatenango.com\/wp-content\/uploads\/2021\/11\/Masacre-Sumpul-01.jpg","width":1611,"height":1074},{"@type":"WebPage","@id":"http:\/\/memorialchalatenango.com\/las-masacres\/#webpage","url":"http:\/\/memorialchalatenango.com\/las-masacres\/","name":"Las Masacres - Londombia","isPartOf":{"@id":"http:\/\/memorialchalatenango.com\/#website"},"primaryImageOfPage":{"@id":"http:\/\/memorialchalatenango.com\/las-masacres\/#primaryimage"},"datePublished":"2021-11-26T11:01:59+00:00","dateModified":"2021-11-30T09:46:14+00:00","breadcrumb":{"@id":"http:\/\/memorialchalatenango.com\/las-masacres\/#breadcrumb"},"inLanguage":"en-CA","potentialAction":[{"@type":"ReadAction","target":["http:\/\/memorialchalatenango.com\/las-masacres\/"]}]},{"@type":"BreadcrumbList","@id":"http:\/\/memorialchalatenango.com\/las-masacres\/#breadcrumb","itemListElement":[{"@type":"ListItem","position":1,"name":"Home","item":"http:\/\/memorialchalatenango.com\/"},{"@type":"ListItem","position":2,"name":"Las Masacres"}]}]}},"_links":{"self":[{"href":"http:\/\/memorialchalatenango.com\/en\/wp-json\/wp\/v2\/pages\/550"}],"collection":[{"href":"http:\/\/memorialchalatenango.com\/en\/wp-json\/wp\/v2\/pages"}],"about":[{"href":"http:\/\/memorialchalatenango.com\/en\/wp-json\/wp\/v2\/types\/page"}],"author":[{"embeddable":true,"href":"http:\/\/memorialchalatenango.com\/en\/wp-json\/wp\/v2\/users\/1"}],"replies":[{"embeddable":true,"href":"http:\/\/memorialchalatenango.com\/en\/wp-json\/wp\/v2\/comments?post=550"}],"version-history":[{"count":35,"href":"http:\/\/memorialchalatenango.com\/en\/wp-json\/wp\/v2\/pages\/550\/revisions"}],"predecessor-version":[{"id":1162,"href":"http:\/\/memorialchalatenango.com\/en\/wp-json\/wp\/v2\/pages\/550\/revisions\/1162"}],"wp:attachment":[{"href":"http:\/\/memorialchalatenango.com\/en\/wp-json\/wp\/v2\/media?parent=550"}],"curies":[{"name":"wp","href":"https:\/\/api.w.org\/{rel}","templated":true}]}}