{"id":719,"date":"2021-11-27T12:46:00","date_gmt":"2021-11-27T16:46:00","guid":{"rendered":"http:\/\/memorialchalatenango.com\/?page_id=719"},"modified":"2021-11-29T07:50:20","modified_gmt":"2021-11-29T11:50:20","slug":"el-sitio","status":"publish","type":"page","link":"http:\/\/memorialchalatenango.com\/en\/el-sitio\/","title":{"rendered":"El Sitio"},"content":{"rendered":"<div data-elementor-type=\"wp-page\" data-elementor-id=\"719\" class=\"elementor elementor-719\" data-elementor-settings=\"[]\">\n\t\t\t\t\t\t<div class=\"elementor-inner\">\n\t\t\t\t\t\t\t<div class=\"elementor-section-wrap\">\n\t\t\t\t\t\t\t<section class=\"elementor-section elementor-top-section elementor-element elementor-element-408a1c3 elementor-section-full_width elementor-section-height-full elementor-section-stretched elementor-section-height-default elementor-section-items-middle\" data-id=\"408a1c3\" data-element_type=\"section\" data-settings=\"{&quot;stretch_section&quot;:&quot;section-stretched&quot;,&quot;background_background&quot;:&quot;slideshow&quot;,&quot;background_slideshow_gallery&quot;:[{&quot;id&quot;:721,&quot;url&quot;:&quot;http:\\\/\\\/memorialchalatenango.com\\\/wp-content\\\/uploads\\\/2021\\\/11\\\/masacre-el-sitio-01.jpg&quot;}],&quot;background_slideshow_loop&quot;:&quot;yes&quot;,&quot;background_slideshow_slide_duration&quot;:5000,&quot;background_slideshow_slide_transition&quot;:&quot;fade&quot;,&quot;background_slideshow_transition_duration&quot;:500}\">\n\t\t\t\t\t\t<div class=\"elementor-container elementor-column-gap-default\">\n\t\t\t\t\t\t\t<div class=\"elementor-row\">\n\t\t\t\t\t<div class=\"elementor-column elementor-col-100 elementor-top-column elementor-element elementor-element-b2c9427\" data-id=\"b2c9427\" data-element_type=\"column\">\n\t\t\t<div class=\"elementor-column-wrap elementor-element-populated\">\n\t\t\t\t\t\t\t<div class=\"elementor-widget-wrap\">\n\t\t\t\t\t\t<div class=\"elementor-element elementor-element-cc8fac2 elementor-widget elementor-widget-heading\" data-id=\"cc8fac2\" data-element_type=\"widget\" data-widget_type=\"heading.default\">\n\t\t\t\t<div class=\"elementor-widget-container\">\n\t\t\t<h1 class=\"elementor-heading-title elementor-size-default\">El Sitio<\/h1>\t\t<\/div>\n\t\t\t\t<\/div>\n\t\t\t\t\t\t<\/div>\n\t\t\t\t\t<\/div>\n\t\t<\/div>\n\t\t\t\t\t\t\t\t<\/div>\n\t\t\t\t\t<\/div>\n\t\t<\/section>\n\t\t\t\t<section class=\"elementor-section elementor-top-section elementor-element elementor-element-07612f5 elementor-section-boxed elementor-section-height-default elementor-section-height-default\" data-id=\"07612f5\" data-element_type=\"section\">\n\t\t\t\t\t\t<div class=\"elementor-container elementor-column-gap-default\">\n\t\t\t\t\t\t\t<div class=\"elementor-row\">\n\t\t\t\t\t<div class=\"elementor-column elementor-col-100 elementor-top-column elementor-element elementor-element-b49fd3a\" data-id=\"b49fd3a\" data-element_type=\"column\">\n\t\t\t<div class=\"elementor-column-wrap elementor-element-populated\">\n\t\t\t\t\t\t\t<div class=\"elementor-widget-wrap\">\n\t\t\t\t\t\t<div class=\"elementor-element elementor-element-5ab469f elementor-widget elementor-widget-text-editor\" data-id=\"5ab469f\" data-element_type=\"widget\" data-widget_type=\"text-editor.default\">\n\t\t\t\t<div class=\"elementor-widget-container\">\n\t\t\t\t\t\t\t\t<div class=\"elementor-text-editor elementor-clearfix\">\n\t\t\t\t<p>A causa de la actividad pol\u00edtica de Celestino, la familia es perseguida. En lugar conocido como El Sitio, ser\u00e1n v\u00edctimas de acciones de violencia. Primero, es asesinado el pap\u00e1 de Celestino, y luego, en la noche del 5 de junio, reciben la noticia de la muerte de su madre y su suegra.<\/p>\t\t\t\t\t<\/div>\n\t\t\t\t\t\t<\/div>\n\t\t\t\t<\/div>\n\t\t\t\t\t\t<\/div>\n\t\t\t\t\t<\/div>\n\t\t<\/div>\n\t\t\t\t\t\t\t\t<\/div>\n\t\t\t\t\t<\/div>\n\t\t<\/section>\n\t\t\t\t<section class=\"elementor-section elementor-top-section elementor-element elementor-element-12ff325 elementor-section-boxed elementor-section-height-default elementor-section-height-default\" data-id=\"12ff325\" data-element_type=\"section\">\n\t\t\t\t\t\t<div class=\"elementor-container elementor-column-gap-default\">\n\t\t\t\t\t\t\t<div class=\"elementor-row\">\n\t\t\t\t\t<div class=\"elementor-column elementor-col-50 elementor-top-column elementor-element elementor-element-d8e0d88\" data-id=\"d8e0d88\" data-element_type=\"column\">\n\t\t\t<div class=\"elementor-column-wrap elementor-element-populated\">\n\t\t\t\t\t\t\t<div class=\"elementor-widget-wrap\">\n\t\t\t\t\t\t<div class=\"elementor-element elementor-element-5907087 elementor-widget elementor-widget-image\" data-id=\"5907087\" data-element_type=\"widget\" data-widget_type=\"image.default\">\n\t\t\t\t<div class=\"elementor-widget-container\">\n\t\t\t\t\t\t\t\t<div class=\"elementor-image\">\n\t\t\t\t\t\t\t\t\t<figure class=\"wp-caption\">\n\t\t\t\t\t\t\t\t\t\t<img width=\"580\" height=\"326\" src=\"http:\/\/memorialchalatenango.com\/wp-content\/uploads\/2021\/11\/masacre-el-sitio-03-1024x576.jpg\" class=\"attachment-large size-large\" alt=\"\" loading=\"lazy\" srcset=\"http:\/\/memorialchalatenango.com\/wp-content\/uploads\/2021\/11\/masacre-el-sitio-03-1024x576.jpg 1024w, http:\/\/memorialchalatenango.com\/wp-content\/uploads\/2021\/11\/masacre-el-sitio-03-300x169.jpg 300w, http:\/\/memorialchalatenango.com\/wp-content\/uploads\/2021\/11\/masacre-el-sitio-03-768x432.jpg 768w, http:\/\/memorialchalatenango.com\/wp-content\/uploads\/2021\/11\/masacre-el-sitio-03-1536x864.jpg 1536w, http:\/\/memorialchalatenango.com\/wp-content\/uploads\/2021\/11\/masacre-el-sitio-03-18x10.jpg 18w, http:\/\/memorialchalatenango.com\/wp-content\/uploads\/2021\/11\/masacre-el-sitio-03-1200x675.jpg 1200w, http:\/\/memorialchalatenango.com\/wp-content\/uploads\/2021\/11\/masacre-el-sitio-03-1980x1114.jpg 1980w, http:\/\/memorialchalatenango.com\/wp-content\/uploads\/2021\/11\/masacre-el-sitio-03.jpg 2000w\" sizes=\"(max-width: 580px) 100vw, 580px\" \/>\t\t\t\t\t\t\t\t\t\t\t<figcaption class=\"widget-image-caption wp-caption-text\">Camino al lugar donde ocurri\u00f3 la masacre de 'El Sitio'<\/figcaption>\n\t\t\t\t\t\t\t\t\t\t<\/figure>\n\t\t\t\t\t\t\t\t<\/div>\n\t\t\t\t\t\t<\/div>\n\t\t\t\t<\/div>\n\t\t\t\t\t\t<\/div>\n\t\t\t\t\t<\/div>\n\t\t<\/div>\n\t\t\t\t<div class=\"elementor-column elementor-col-50 elementor-top-column elementor-element elementor-element-d06a871\" data-id=\"d06a871\" data-element_type=\"column\">\n\t\t\t<div class=\"elementor-column-wrap elementor-element-populated\">\n\t\t\t\t\t\t\t<div class=\"elementor-widget-wrap\">\n\t\t\t\t\t\t<div class=\"elementor-element elementor-element-8f9b00e elementor-aspect-ratio-169 elementor-widget elementor-widget-video\" data-id=\"8f9b00e\" data-element_type=\"widget\" data-settings=\"{&quot;video_type&quot;:&quot;vimeo&quot;,&quot;aspect_ratio&quot;:&quot;169&quot;}\" data-widget_type=\"video.default\">\n\t\t\t\t<div class=\"elementor-widget-container\">\n\t\t\t\t\t<div class=\"elementor-wrapper elementor-fit-aspect-ratio elementor-open-inline\">\n\t\t\t<iframe class=\"elementor-video-iframe\" allowfullscreen title=\"vimeo Video Player\" src=\"https:\/\/player.vimeo.com\/video\/650630106?color&amp;autopause=0&amp;loop=0&amp;muted=0&amp;title=1&amp;portrait=1&amp;byline=1#t=\"><\/iframe>\t\t<\/div>\n\t\t\t\t<\/div>\n\t\t\t\t<\/div>\n\t\t\t\t\t\t<\/div>\n\t\t\t\t\t<\/div>\n\t\t<\/div>\n\t\t\t\t\t\t\t\t<\/div>\n\t\t\t\t\t<\/div>\n\t\t<\/section>\n\t\t\t\t<section class=\"elementor-section elementor-top-section elementor-element elementor-element-b94f81e elementor-section-boxed elementor-section-height-default elementor-section-height-default\" data-id=\"b94f81e\" data-element_type=\"section\">\n\t\t\t\t\t\t<div class=\"elementor-container elementor-column-gap-default\">\n\t\t\t\t\t\t\t<div class=\"elementor-row\">\n\t\t\t\t\t<div class=\"elementor-column elementor-col-100 elementor-top-column elementor-element elementor-element-c0f8799\" data-id=\"c0f8799\" data-element_type=\"column\">\n\t\t\t<div class=\"elementor-column-wrap elementor-element-populated\">\n\t\t\t\t\t\t\t<div class=\"elementor-widget-wrap\">\n\t\t\t\t\t\t<div class=\"elementor-element elementor-element-9b0eb93 elementor-widget elementor-widget-testimonial\" data-id=\"9b0eb93\" data-element_type=\"widget\" data-widget_type=\"testimonial.default\">\n\t\t\t\t<div class=\"elementor-widget-container\">\n\t\t\t\t\t<div class=\"elementor-testimonial-wrapper\">\n\t\t\t\t\t\t\t<div class=\"elementor-testimonial-content\">\u201cPues yo pienso que hac\u00edan tantas grandes injusticias para que la gente tuviera un gran temor y ya no se organizara\u201d<\/div>\n\t\t\t\n\t\t\t\t\t\t<div class=\"elementor-testimonial-meta elementor-has-image elementor-testimonial-image-position-aside\">\n\t\t\t\t<div class=\"elementor-testimonial-meta-inner\">\n\t\t\t\t\t\t\t\t\t\t\t<div class=\"elementor-testimonial-image\">\n\t\t\t\t\t\t\t<img width=\"470\" height=\"470\" src=\"http:\/\/memorialchalatenango.com\/wp-content\/uploads\/2021\/11\/survivor-tomasa-lopez-03.jpg\" class=\"attachment-full size-full\" alt=\"\" loading=\"lazy\" \/>\t\t\t\t\t\t<\/div>\n\t\t\t\t\t\n\t\t\t\t\t\t\t\t\t\t<div class=\"elementor-testimonial-details\">\n\t\t\t\t\t\t\t\t\t\t\t\t\t\t<div class=\"elementor-testimonial-name\">Tomasa L\u00f3pez<\/div>\n\t\t\t\t\t\t\t\t\t\t\t\t\t\t\t\t\t\t\t\t\t\t<div class=\"elementor-testimonial-job\">Hija y suegra de las mujeres asesinadas en \"El Sitio\"<\/div>\n\t\t\t\t\t\t\t\t\t\t\t\t\t<\/div>\n\t\t\t\t\t\t\t\t\t<\/div>\n\t\t\t<\/div>\n\t\t\t\t\t<\/div>\n\t\t\t\t<\/div>\n\t\t\t\t<\/div>\n\t\t\t\t\t\t<\/div>\n\t\t\t\t\t<\/div>\n\t\t<\/div>\n\t\t\t\t\t\t\t\t<\/div>\n\t\t\t\t\t<\/div>\n\t\t<\/section>\n\t\t\t\t<section class=\"elementor-section elementor-top-section elementor-element elementor-element-d73a13d elementor-section-boxed elementor-section-height-default elementor-section-height-default\" data-id=\"d73a13d\" data-element_type=\"section\">\n\t\t\t\t\t\t<div class=\"elementor-container elementor-column-gap-default\">\n\t\t\t\t\t\t\t<div class=\"elementor-row\">\n\t\t\t\t\t<div class=\"elementor-column elementor-col-100 elementor-top-column elementor-element elementor-element-e5c0ee5\" data-id=\"e5c0ee5\" data-element_type=\"column\">\n\t\t\t<div class=\"elementor-column-wrap elementor-element-populated\">\n\t\t\t\t\t\t\t<div class=\"elementor-widget-wrap\">\n\t\t\t\t\t\t<div class=\"elementor-element elementor-element-37d3671 elementor-widget elementor-widget-image\" data-id=\"37d3671\" data-element_type=\"widget\" data-widget_type=\"image.default\">\n\t\t\t\t<div class=\"elementor-widget-container\">\n\t\t\t\t\t\t\t\t<div class=\"elementor-image\">\n\t\t\t\t\t\t\t\t\t<figure class=\"wp-caption\">\n\t\t\t\t\t\t\t\t\t\t<img width=\"2048\" height=\"1365\" src=\"http:\/\/memorialchalatenango.com\/wp-content\/uploads\/2021\/11\/sobreviente-masacre-el-salvador-01-2048x1365.jpg\" class=\"attachment-2048x2048 size-2048x2048\" alt=\"\" loading=\"lazy\" srcset=\"http:\/\/memorialchalatenango.com\/wp-content\/uploads\/2021\/11\/sobreviente-masacre-el-salvador-01-2048x1365.jpg 2048w, http:\/\/memorialchalatenango.com\/wp-content\/uploads\/2021\/11\/sobreviente-masacre-el-salvador-01-300x200.jpg 300w, http:\/\/memorialchalatenango.com\/wp-content\/uploads\/2021\/11\/sobreviente-masacre-el-salvador-01-1024x683.jpg 1024w, http:\/\/memorialchalatenango.com\/wp-content\/uploads\/2021\/11\/sobreviente-masacre-el-salvador-01-768x512.jpg 768w, http:\/\/memorialchalatenango.com\/wp-content\/uploads\/2021\/11\/sobreviente-masacre-el-salvador-01-1536x1024.jpg 1536w, http:\/\/memorialchalatenango.com\/wp-content\/uploads\/2021\/11\/sobreviente-masacre-el-salvador-01-18x12.jpg 18w, http:\/\/memorialchalatenango.com\/wp-content\/uploads\/2021\/11\/sobreviente-masacre-el-salvador-01-1200x800.jpg 1200w, http:\/\/memorialchalatenango.com\/wp-content\/uploads\/2021\/11\/sobreviente-masacre-el-salvador-01-1980x1320.jpg 1980w\" sizes=\"(max-width: 2048px) 100vw, 2048px\" \/>\t\t\t\t\t\t\t\t\t\t\t<figcaption class=\"widget-image-caption wp-caption-text\">Celestino Rivera visitando el sitio donde fueron asesinadas su madre y su suegra.<\/figcaption>\n\t\t\t\t\t\t\t\t\t\t<\/figure>\n\t\t\t\t\t\t\t\t<\/div>\n\t\t\t\t\t\t<\/div>\n\t\t\t\t<\/div>\n\t\t\t\t\t\t<\/div>\n\t\t\t\t\t<\/div>\n\t\t<\/div>\n\t\t\t\t\t\t\t\t<\/div>\n\t\t\t\t\t<\/div>\n\t\t<\/section>\n\t\t\t\t<section class=\"elementor-section elementor-top-section elementor-element elementor-element-cb462a2 elementor-section-boxed elementor-section-height-default elementor-section-height-default\" data-id=\"cb462a2\" data-element_type=\"section\">\n\t\t\t\t\t\t<div class=\"elementor-container elementor-column-gap-default\">\n\t\t\t\t\t\t\t<div class=\"elementor-row\">\n\t\t\t\t\t<div class=\"elementor-column elementor-col-100 elementor-top-column elementor-element elementor-element-7f65894\" data-id=\"7f65894\" data-element_type=\"column\">\n\t\t\t<div class=\"elementor-column-wrap elementor-element-populated\">\n\t\t\t\t\t\t\t<div class=\"elementor-widget-wrap\">\n\t\t\t\t\t\t<div class=\"elementor-element elementor-element-c6c4a0b elementor-widget elementor-widget-heading\" data-id=\"c6c4a0b\" data-element_type=\"widget\" data-widget_type=\"heading.default\">\n\t\t\t\t<div class=\"elementor-widget-container\">\n\t\t\t<h2 class=\"elementor-heading-title elementor-size-default\">Documental:<\/h2>\t\t<\/div>\n\t\t\t\t<\/div>\n\t\t\t\t\t\t<\/div>\n\t\t\t\t\t<\/div>\n\t\t<\/div>\n\t\t\t\t\t\t\t\t<\/div>\n\t\t\t\t\t<\/div>\n\t\t<\/section>\n\t\t\t\t<section class=\"elementor-section elementor-top-section elementor-element elementor-element-aef282a elementor-section-content-top elementor-section-stretched elementor-section-boxed elementor-section-height-default elementor-section-height-default\" data-id=\"aef282a\" data-element_type=\"section\" data-settings=\"{&quot;stretch_section&quot;:&quot;section-stretched&quot;}\">\n\t\t\t\t\t\t<div class=\"elementor-container elementor-column-gap-no\">\n\t\t\t\t\t\t\t<div class=\"elementor-row\">\n\t\t\t\t\t<div class=\"elementor-column elementor-col-100 elementor-top-column elementor-element elementor-element-78efd9f\" data-id=\"78efd9f\" data-element_type=\"column\">\n\t\t\t<div class=\"elementor-column-wrap elementor-element-populated\">\n\t\t\t\t\t\t\t<div class=\"elementor-widget-wrap\">\n\t\t\t\t\t\t<div class=\"elementor-element elementor-element-81d8a3c elementor-aspect-ratio-169 elementor-widget elementor-widget-video\" data-id=\"81d8a3c\" data-element_type=\"widget\" data-settings=\"{&quot;video_type&quot;:&quot;vimeo&quot;,&quot;aspect_ratio&quot;:&quot;169&quot;}\" data-widget_type=\"video.default\">\n\t\t\t\t<div class=\"elementor-widget-container\">\n\t\t\t\t\t<div class=\"elementor-wrapper elementor-fit-aspect-ratio elementor-open-inline\">\n\t\t\t<iframe class=\"elementor-video-iframe\" allowfullscreen title=\"vimeo Video Player\" src=\"https:\/\/player.vimeo.com\/video\/508598473?color&amp;autopause=0&amp;loop=0&amp;muted=0&amp;title=1&amp;portrait=1&amp;byline=1#t=\"><\/iframe>\t\t<\/div>\n\t\t\t\t<\/div>\n\t\t\t\t<\/div>\n\t\t\t\t\t\t<\/div>\n\t\t\t\t\t<\/div>\n\t\t<\/div>\n\t\t\t\t\t\t\t\t<\/div>\n\t\t\t\t\t<\/div>\n\t\t<\/section>\n\t\t\t\t<section class=\"elementor-section elementor-top-section elementor-element elementor-element-06699c3 elementor-section-boxed elementor-section-height-default elementor-section-height-default\" data-id=\"06699c3\" data-element_type=\"section\">\n\t\t\t\t\t\t<div class=\"elementor-container elementor-column-gap-default\">\n\t\t\t\t\t\t\t<div class=\"elementor-row\">\n\t\t\t\t\t<div class=\"elementor-column elementor-col-50 elementor-top-column elementor-element elementor-element-cb49ff0\" data-id=\"cb49ff0\" data-element_type=\"column\">\n\t\t\t<div class=\"elementor-column-wrap elementor-element-populated\">\n\t\t\t\t\t\t\t<div class=\"elementor-widget-wrap\">\n\t\t\t\t\t\t<div class=\"elementor-element elementor-element-e458b52 elementor-widget elementor-widget-image\" data-id=\"e458b52\" data-element_type=\"widget\" data-widget_type=\"image.default\">\n\t\t\t\t<div class=\"elementor-widget-container\">\n\t\t\t\t\t\t\t\t<div class=\"elementor-image\">\n\t\t\t\t\t\t\t\t\t<figure class=\"wp-caption\">\n\t\t\t\t\t\t\t\t\t\t<img width=\"580\" height=\"435\" src=\"http:\/\/memorialchalatenango.com\/wp-content\/uploads\/2021\/11\/santuario-de-los-martires-arcatao-01-1024x768.jpg\" class=\"attachment-large size-large\" alt=\"\" loading=\"lazy\" srcset=\"http:\/\/memorialchalatenango.com\/wp-content\/uploads\/2021\/11\/santuario-de-los-martires-arcatao-01-1024x768.jpg 1024w, http:\/\/memorialchalatenango.com\/wp-content\/uploads\/2021\/11\/santuario-de-los-martires-arcatao-01-300x225.jpg 300w, http:\/\/memorialchalatenango.com\/wp-content\/uploads\/2021\/11\/santuario-de-los-martires-arcatao-01-768x576.jpg 768w, http:\/\/memorialchalatenango.com\/wp-content\/uploads\/2021\/11\/santuario-de-los-martires-arcatao-01-1536x1152.jpg 1536w, http:\/\/memorialchalatenango.com\/wp-content\/uploads\/2021\/11\/santuario-de-los-martires-arcatao-01-16x12.jpg 16w, http:\/\/memorialchalatenango.com\/wp-content\/uploads\/2021\/11\/santuario-de-los-martires-arcatao-01-1200x900.jpg 1200w, http:\/\/memorialchalatenango.com\/wp-content\/uploads\/2021\/11\/santuario-de-los-martires-arcatao-01-1980x1485.jpg 1980w, http:\/\/memorialchalatenango.com\/wp-content\/uploads\/2021\/11\/santuario-de-los-martires-arcatao-01.jpg 2000w\" sizes=\"(max-width: 580px) 100vw, 580px\" \/>\t\t\t\t\t\t\t\t\t\t\t<figcaption class=\"widget-image-caption wp-caption-text\">Santuario de los m\u00e1rtires en Arcatao, donde reposan los restos de la madre y la suegra de Celestino Rivera y Tomasa L\u00f3pez.<\/figcaption>\n\t\t\t\t\t\t\t\t\t\t<\/figure>\n\t\t\t\t\t\t\t\t<\/div>\n\t\t\t\t\t\t<\/div>\n\t\t\t\t<\/div>\n\t\t\t\t\t\t<\/div>\n\t\t\t\t\t<\/div>\n\t\t<\/div>\n\t\t\t\t<div class=\"elementor-column elementor-col-50 elementor-top-column elementor-element elementor-element-2593a51\" data-id=\"2593a51\" data-element_type=\"column\">\n\t\t\t<div class=\"elementor-column-wrap elementor-element-populated\">\n\t\t\t\t\t\t\t<div class=\"elementor-widget-wrap\">\n\t\t\t\t\t\t<div class=\"elementor-element elementor-element-d715980 elementor-widget elementor-widget-image\" data-id=\"d715980\" data-element_type=\"widget\" data-widget_type=\"image.default\">\n\t\t\t\t<div class=\"elementor-widget-container\">\n\t\t\t\t\t\t\t\t<div class=\"elementor-image\">\n\t\t\t\t\t\t\t\t\t<figure class=\"wp-caption\">\n\t\t\t\t\t\t\t\t\t\t<img width=\"580\" height=\"433\" src=\"http:\/\/memorialchalatenango.com\/wp-content\/uploads\/2021\/11\/santuario-de-los-martires-arcatao-02-1024x765.jpg\" class=\"attachment-large size-large\" alt=\"\" loading=\"lazy\" srcset=\"http:\/\/memorialchalatenango.com\/wp-content\/uploads\/2021\/11\/santuario-de-los-martires-arcatao-02-1024x765.jpg 1024w, http:\/\/memorialchalatenango.com\/wp-content\/uploads\/2021\/11\/santuario-de-los-martires-arcatao-02-300x224.jpg 300w, http:\/\/memorialchalatenango.com\/wp-content\/uploads\/2021\/11\/santuario-de-los-martires-arcatao-02-768x574.jpg 768w, http:\/\/memorialchalatenango.com\/wp-content\/uploads\/2021\/11\/santuario-de-los-martires-arcatao-02-1536x1148.jpg 1536w, http:\/\/memorialchalatenango.com\/wp-content\/uploads\/2021\/11\/santuario-de-los-martires-arcatao-02-16x12.jpg 16w, http:\/\/memorialchalatenango.com\/wp-content\/uploads\/2021\/11\/santuario-de-los-martires-arcatao-02-1200x897.jpg 1200w, http:\/\/memorialchalatenango.com\/wp-content\/uploads\/2021\/11\/santuario-de-los-martires-arcatao-02-1980x1480.jpg 1980w, http:\/\/memorialchalatenango.com\/wp-content\/uploads\/2021\/11\/santuario-de-los-martires-arcatao-02.jpg 2000w\" sizes=\"(max-width: 580px) 100vw, 580px\" \/>\t\t\t\t\t\t\t\t\t\t\t<figcaption class=\"widget-image-caption wp-caption-text\">Los restos fueron exhumados en 2014, y se les dio cristiana sepultura en 2015.<\/figcaption>\n\t\t\t\t\t\t\t\t\t\t<\/figure>\n\t\t\t\t\t\t\t\t<\/div>\n\t\t\t\t\t\t<\/div>\n\t\t\t\t<\/div>\n\t\t\t\t\t\t<\/div>\n\t\t\t\t\t<\/div>\n\t\t<\/div>\n\t\t\t\t\t\t\t\t<\/div>\n\t\t\t\t\t<\/div>\n\t\t<\/section>\n\t\t\t\t\t\t<\/div>\n\t\t\t\t\t\t<\/div>\n\t\t\t\t\t<\/div>","protected":false},"excerpt":{"rendered":"<p>El Sitio A causa de la actividad pol\u00edtica de Celestino, la familia es perseguida. En lugar conocido como El Sitio, ser\u00e1n v\u00edctimas de acciones de violencia. Primero, es asesinado el pap\u00e1 de Celestino, y luego, en la noche del 5 de junio, reciben la noticia de la muerte de su madre y su suegra. Camino [&hellip;]<\/p>","protected":false},"author":1,"featured_media":0,"parent":0,"menu_order":0,"comment_status":"closed","ping_status":"closed","template":"elementor_header_footer","meta":{"_themeisle_gutenberg_block_has_review":false},"yoast_head":"<!-- This site is optimized with the Yoast SEO plugin v17.5 - https:\/\/yoast.com\/wordpress\/plugins\/seo\/ -->\n<title>El Sitio - Londombia<\/title>\n<meta name=\"robots\" content=\"index, follow, max-snippet:-1, max-image-preview:large, max-video-preview:-1\" \/>\n<link rel=\"canonical\" href=\"http:\/\/memorialchalatenango.com\/en\/el-sitio\/\" \/>\n<meta property=\"og:locale\" content=\"en_US\" \/>\n<meta property=\"og:type\" content=\"article\" \/>\n<meta property=\"og:title\" content=\"El Sitio - Londombia\" \/>\n<meta property=\"og:description\" content=\"El Sitio A causa de la actividad pol\u00edtica de Celestino, la familia es perseguida. En lugar conocido como El Sitio, ser\u00e1n v\u00edctimas de acciones de violencia. Primero, es asesinado el pap\u00e1 de Celestino, y luego, en la noche del 5 de junio, reciben la noticia de la muerte de su madre y su suegra. Camino [&hellip;]\" \/>\n<meta property=\"og:url\" content=\"http:\/\/memorialchalatenango.com\/en\/el-sitio\/\" \/>\n<meta property=\"og:site_name\" content=\"Londombia\" \/>\n<meta property=\"article:modified_time\" content=\"2021-11-29T11:50:20+00:00\" \/>\n<meta property=\"og:image\" content=\"http:\/\/memorialchalatenango.com\/wp-content\/uploads\/2021\/11\/masacre-el-sitio-03-1024x576.jpg\" \/>\n<meta name=\"twitter:card\" content=\"summary_large_image\" \/>\n<meta name=\"twitter:label1\" content=\"Est. reading time\" \/>\n\t<meta name=\"twitter:data1\" content=\"2 minutes\" \/>\n<script type=\"application\/ld+json\" class=\"yoast-schema-graph\">{\"@context\":\"https:\/\/schema.org\",\"@graph\":[{\"@type\":\"WebSite\",\"@id\":\"http:\/\/memorialchalatenango.com\/#website\",\"url\":\"http:\/\/memorialchalatenango.com\/\",\"name\":\"Londombia\",\"description\":\"Celebrating the presence of the Colombian community in London\",\"potentialAction\":[{\"@type\":\"SearchAction\",\"target\":{\"@type\":\"EntryPoint\",\"urlTemplate\":\"http:\/\/memorialchalatenango.com\/?s={search_term_string}\"},\"query-input\":\"required name=search_term_string\"}],\"inLanguage\":\"en-CA\"},{\"@type\":\"ImageObject\",\"@id\":\"http:\/\/memorialchalatenango.com\/en\/el-sitio\/#primaryimage\",\"inLanguage\":\"en-CA\",\"url\":\"http:\/\/memorialchalatenango.com\/wp-content\/uploads\/2021\/11\/masacre-el-sitio-03.jpg\",\"contentUrl\":\"http:\/\/memorialchalatenango.com\/wp-content\/uploads\/2021\/11\/masacre-el-sitio-03.jpg\",\"width\":2000,\"height\":1125},{\"@type\":\"WebPage\",\"@id\":\"http:\/\/memorialchalatenango.com\/en\/el-sitio\/#webpage\",\"url\":\"http:\/\/memorialchalatenango.com\/en\/el-sitio\/\",\"name\":\"El Sitio - Londombia\",\"isPartOf\":{\"@id\":\"http:\/\/memorialchalatenango.com\/#website\"},\"primaryImageOfPage\":{\"@id\":\"http:\/\/memorialchalatenango.com\/en\/el-sitio\/#primaryimage\"},\"datePublished\":\"2021-11-27T16:46:00+00:00\",\"dateModified\":\"2021-11-29T11:50:20+00:00\",\"breadcrumb\":{\"@id\":\"http:\/\/memorialchalatenango.com\/en\/el-sitio\/#breadcrumb\"},\"inLanguage\":\"en-CA\",\"potentialAction\":[{\"@type\":\"ReadAction\",\"target\":[\"http:\/\/memorialchalatenango.com\/en\/el-sitio\/\"]}]},{\"@type\":\"BreadcrumbList\",\"@id\":\"http:\/\/memorialchalatenango.com\/en\/el-sitio\/#breadcrumb\",\"itemListElement\":[{\"@type\":\"ListItem\",\"position\":1,\"name\":\"Home\",\"item\":\"http:\/\/memorialchalatenango.com\/\"},{\"@type\":\"ListItem\",\"position\":2,\"name\":\"El Sitio\"}]}]}<\/script>\n<!-- \/ Yoast SEO plugin. -->","yoast_head_json":{"title":"El Sitio - Londombia","robots":{"index":"index","follow":"follow","max-snippet":"max-snippet:-1","max-image-preview":"max-image-preview:large","max-video-preview":"max-video-preview:-1"},"canonical":"http:\/\/memorialchalatenango.com\/en\/el-sitio\/","og_locale":"en_US","og_type":"article","og_title":"El Sitio - Londombia","og_description":"El Sitio A causa de la actividad pol\u00edtica de Celestino, la familia es perseguida. En lugar conocido como El Sitio, ser\u00e1n v\u00edctimas de acciones de violencia. Primero, es asesinado el pap\u00e1 de Celestino, y luego, en la noche del 5 de junio, reciben la noticia de la muerte de su madre y su suegra. Camino [&hellip;]","og_url":"http:\/\/memorialchalatenango.com\/en\/el-sitio\/","og_site_name":"Londombia","article_modified_time":"2021-11-29T11:50:20+00:00","og_image":[{"url":"http:\/\/memorialchalatenango.com\/wp-content\/uploads\/2021\/11\/masacre-el-sitio-03-1024x576.jpg"}],"twitter_card":"summary_large_image","twitter_misc":{"Est. reading time":"2 minutes"},"schema":{"@context":"https:\/\/schema.org","@graph":[{"@type":"WebSite","@id":"http:\/\/memorialchalatenango.com\/#website","url":"http:\/\/memorialchalatenango.com\/","name":"Londombia","description":"Celebrating the presence of the Colombian community in London","potentialAction":[{"@type":"SearchAction","target":{"@type":"EntryPoint","urlTemplate":"http:\/\/memorialchalatenango.com\/?s={search_term_string}"},"query-input":"required name=search_term_string"}],"inLanguage":"en-CA"},{"@type":"ImageObject","@id":"http:\/\/memorialchalatenango.com\/en\/el-sitio\/#primaryimage","inLanguage":"en-CA","url":"http:\/\/memorialchalatenango.com\/wp-content\/uploads\/2021\/11\/masacre-el-sitio-03.jpg","contentUrl":"http:\/\/memorialchalatenango.com\/wp-content\/uploads\/2021\/11\/masacre-el-sitio-03.jpg","width":2000,"height":1125},{"@type":"WebPage","@id":"http:\/\/memorialchalatenango.com\/en\/el-sitio\/#webpage","url":"http:\/\/memorialchalatenango.com\/en\/el-sitio\/","name":"El Sitio - Londombia","isPartOf":{"@id":"http:\/\/memorialchalatenango.com\/#website"},"primaryImageOfPage":{"@id":"http:\/\/memorialchalatenango.com\/en\/el-sitio\/#primaryimage"},"datePublished":"2021-11-27T16:46:00+00:00","dateModified":"2021-11-29T11:50:20+00:00","breadcrumb":{"@id":"http:\/\/memorialchalatenango.com\/en\/el-sitio\/#breadcrumb"},"inLanguage":"en-CA","potentialAction":[{"@type":"ReadAction","target":["http:\/\/memorialchalatenango.com\/en\/el-sitio\/"]}]},{"@type":"BreadcrumbList","@id":"http:\/\/memorialchalatenango.com\/en\/el-sitio\/#breadcrumb","itemListElement":[{"@type":"ListItem","position":1,"name":"Home","item":"http:\/\/memorialchalatenango.com\/"},{"@type":"ListItem","position":2,"name":"El Sitio"}]}]}},"_links":{"self":[{"href":"http:\/\/memorialchalatenango.com\/en\/wp-json\/wp\/v2\/pages\/719"}],"collection":[{"href":"http:\/\/memorialchalatenango.com\/en\/wp-json\/wp\/v2\/pages"}],"about":[{"href":"http:\/\/memorialchalatenango.com\/en\/wp-json\/wp\/v2\/types\/page"}],"author":[{"embeddable":true,"href":"http:\/\/memorialchalatenango.com\/en\/wp-json\/wp\/v2\/users\/1"}],"replies":[{"embeddable":true,"href":"http:\/\/memorialchalatenango.com\/en\/wp-json\/wp\/v2\/comments?post=719"}],"version-history":[{"count":40,"href":"http:\/\/memorialchalatenango.com\/en\/wp-json\/wp\/v2\/pages\/719\/revisions"}],"predecessor-version":[{"id":777,"href":"http:\/\/memorialchalatenango.com\/en\/wp-json\/wp\/v2\/pages\/719\/revisions\/777"}],"wp:attachment":[{"href":"http:\/\/memorialchalatenango.com\/en\/wp-json\/wp\/v2\/media?parent=719"}],"curies":[{"name":"wp","href":"https:\/\/api.w.org\/{rel}","templated":true}]}}