{"id":808,"date":"2021-11-29T07:54:59","date_gmt":"2021-11-29T11:54:59","guid":{"rendered":"http:\/\/memorialchalatenango.com\/?page_id=808"},"modified":"2021-11-29T11:36:52","modified_gmt":"2021-11-29T15:36:52","slug":"los-duboncitos","status":"publish","type":"page","link":"http:\/\/memorialchalatenango.com\/en\/los-duboncitos\/","title":{"rendered":"Los Duboncitos"},"content":{"rendered":"<div data-elementor-type=\"wp-page\" data-elementor-id=\"808\" class=\"elementor elementor-808\" data-elementor-settings=\"[]\">\n\t\t\t\t\t\t<div class=\"elementor-inner\">\n\t\t\t\t\t\t\t<div class=\"elementor-section-wrap\">\n\t\t\t\t\t\t\t<section class=\"elementor-section elementor-top-section elementor-element elementor-element-408a1c3 elementor-section-full_width elementor-section-height-full elementor-section-stretched elementor-section-height-default elementor-section-items-middle\" data-id=\"408a1c3\" data-element_type=\"section\" data-settings=\"{&quot;stretch_section&quot;:&quot;section-stretched&quot;,&quot;background_background&quot;:&quot;slideshow&quot;,&quot;background_slideshow_gallery&quot;:[{&quot;id&quot;:810,&quot;url&quot;:&quot;http:\\\/\\\/memorialchalatenango.com\\\/wp-content\\\/uploads\\\/2021\\\/11\\\/duboncitos-masacre-el-salvador-02.jpg&quot;}],&quot;background_slideshow_loop&quot;:&quot;yes&quot;,&quot;background_slideshow_slide_duration&quot;:5000,&quot;background_slideshow_slide_transition&quot;:&quot;fade&quot;,&quot;background_slideshow_transition_duration&quot;:500}\">\n\t\t\t\t\t\t<div class=\"elementor-container elementor-column-gap-default\">\n\t\t\t\t\t\t\t<div class=\"elementor-row\">\n\t\t\t\t\t<div class=\"elementor-column elementor-col-100 elementor-top-column elementor-element elementor-element-b2c9427\" data-id=\"b2c9427\" data-element_type=\"column\">\n\t\t\t<div class=\"elementor-column-wrap elementor-element-populated\">\n\t\t\t\t\t\t\t<div class=\"elementor-widget-wrap\">\n\t\t\t\t\t\t<div class=\"elementor-element elementor-element-cc8fac2 elementor-widget elementor-widget-heading\" data-id=\"cc8fac2\" data-element_type=\"widget\" data-widget_type=\"heading.default\">\n\t\t\t\t<div class=\"elementor-widget-container\">\n\t\t\t<h1 class=\"elementor-heading-title elementor-size-default\">Los Duboncitos<\/h1>\t\t<\/div>\n\t\t\t\t<\/div>\n\t\t\t\t\t\t<\/div>\n\t\t\t\t\t<\/div>\n\t\t<\/div>\n\t\t\t\t\t\t\t\t<\/div>\n\t\t\t\t\t<\/div>\n\t\t<\/section>\n\t\t\t\t<section class=\"elementor-section elementor-top-section elementor-element elementor-element-5cea9d7 elementor-section-boxed elementor-section-height-default elementor-section-height-default\" data-id=\"5cea9d7\" data-element_type=\"section\">\n\t\t\t\t\t\t<div class=\"elementor-container elementor-column-gap-default\">\n\t\t\t\t\t\t\t<div class=\"elementor-row\">\n\t\t\t\t\t<div class=\"elementor-column elementor-col-100 elementor-top-column elementor-element elementor-element-57a3e06\" data-id=\"57a3e06\" data-element_type=\"column\">\n\t\t\t<div class=\"elementor-column-wrap elementor-element-populated\">\n\t\t\t\t\t\t\t<div class=\"elementor-widget-wrap\">\n\t\t\t\t\t\t<div class=\"elementor-element elementor-element-0f3e7c6 elementor-widget elementor-widget-text-editor\" data-id=\"0f3e7c6\" data-element_type=\"widget\" data-widget_type=\"text-editor.default\">\n\t\t\t\t<div class=\"elementor-widget-container\">\n\t\t\t\t\t\t\t\t<div class=\"elementor-text-editor elementor-clearfix\">\n\t\t\t\t<p><strong>Los Duboncitos<\/strong> queda no muy lejos de donde se cometi\u00f3 la masacre de El Rinc\u00f3n. El relato est\u00e1 contado por <strong>Miriam Dub\u00f3n Castillo<\/strong>, quien es a la vez sobreviviente y victima: su madre fue asesinada. Miriam y sus dos hermanas fueron salvadas de la masacre por su abuela paterna.<\/p>\t\t\t\t\t<\/div>\n\t\t\t\t\t\t<\/div>\n\t\t\t\t<\/div>\n\t\t\t\t\t\t<\/div>\n\t\t\t\t\t<\/div>\n\t\t<\/div>\n\t\t\t\t\t\t\t\t<\/div>\n\t\t\t\t\t<\/div>\n\t\t<\/section>\n\t\t\t\t<section class=\"elementor-section elementor-top-section elementor-element elementor-element-06c0b8f elementor-section-boxed elementor-section-height-default elementor-section-height-default\" data-id=\"06c0b8f\" data-element_type=\"section\">\n\t\t\t\t\t\t<div class=\"elementor-container elementor-column-gap-default\">\n\t\t\t\t\t\t\t<div class=\"elementor-row\">\n\t\t\t\t\t<div class=\"elementor-column elementor-col-50 elementor-top-column elementor-element elementor-element-9cc37e3\" data-id=\"9cc37e3\" data-element_type=\"column\">\n\t\t\t<div class=\"elementor-column-wrap elementor-element-populated\">\n\t\t\t\t\t\t\t<div class=\"elementor-widget-wrap\">\n\t\t\t\t\t\t<div class=\"elementor-element elementor-element-2b8ed56 elementor-widget elementor-widget-image\" data-id=\"2b8ed56\" data-element_type=\"widget\" data-widget_type=\"image.default\">\n\t\t\t\t<div class=\"elementor-widget-container\">\n\t\t\t\t\t\t\t\t<div class=\"elementor-image\">\n\t\t\t\t\t\t\t\t\t\t\t\t<img width=\"580\" height=\"464\" src=\"http:\/\/memorialchalatenango.com\/wp-content\/uploads\/2021\/11\/sobreviviente-masacre-duboncitos-01-1024x819.jpg\" class=\"attachment-large size-large\" alt=\"\" loading=\"lazy\" srcset=\"http:\/\/memorialchalatenango.com\/wp-content\/uploads\/2021\/11\/sobreviviente-masacre-duboncitos-01-1024x819.jpg 1024w, http:\/\/memorialchalatenango.com\/wp-content\/uploads\/2021\/11\/sobreviviente-masacre-duboncitos-01-300x240.jpg 300w, http:\/\/memorialchalatenango.com\/wp-content\/uploads\/2021\/11\/sobreviviente-masacre-duboncitos-01-768x614.jpg 768w, http:\/\/memorialchalatenango.com\/wp-content\/uploads\/2021\/11\/sobreviviente-masacre-duboncitos-01-1536x1228.jpg 1536w, http:\/\/memorialchalatenango.com\/wp-content\/uploads\/2021\/11\/sobreviviente-masacre-duboncitos-01-15x12.jpg 15w, http:\/\/memorialchalatenango.com\/wp-content\/uploads\/2021\/11\/sobreviviente-masacre-duboncitos-01-1200x960.jpg 1200w, http:\/\/memorialchalatenango.com\/wp-content\/uploads\/2021\/11\/sobreviviente-masacre-duboncitos-01.jpg 1582w\" sizes=\"(max-width: 580px) 100vw, 580px\" \/>\t\t\t\t\t\t\t\t\t\t\t\t\t\t<\/div>\n\t\t\t\t\t\t<\/div>\n\t\t\t\t<\/div>\n\t\t\t\t\t\t<\/div>\n\t\t\t\t\t<\/div>\n\t\t<\/div>\n\t\t\t\t<div class=\"elementor-column elementor-col-50 elementor-top-column elementor-element elementor-element-e106273\" data-id=\"e106273\" data-element_type=\"column\">\n\t\t\t<div class=\"elementor-column-wrap elementor-element-populated\">\n\t\t\t\t\t\t\t<div class=\"elementor-widget-wrap\">\n\t\t\t\t\t\t<div class=\"elementor-element elementor-element-ab8b6f7 elementor-widget elementor-widget-image\" data-id=\"ab8b6f7\" data-element_type=\"widget\" data-widget_type=\"image.default\">\n\t\t\t\t<div class=\"elementor-widget-container\">\n\t\t\t\t\t\t\t\t<div class=\"elementor-image\">\n\t\t\t\t\t\t\t\t\t\t\t\t<img width=\"580\" height=\"464\" src=\"http:\/\/memorialchalatenango.com\/wp-content\/uploads\/2021\/11\/duboncitos-masacre-el-salvador-04-1024x819.jpg\" class=\"attachment-large size-large\" alt=\"\" loading=\"lazy\" srcset=\"http:\/\/memorialchalatenango.com\/wp-content\/uploads\/2021\/11\/duboncitos-masacre-el-salvador-04-1024x819.jpg 1024w, http:\/\/memorialchalatenango.com\/wp-content\/uploads\/2021\/11\/duboncitos-masacre-el-salvador-04-300x240.jpg 300w, http:\/\/memorialchalatenango.com\/wp-content\/uploads\/2021\/11\/duboncitos-masacre-el-salvador-04-768x614.jpg 768w, http:\/\/memorialchalatenango.com\/wp-content\/uploads\/2021\/11\/duboncitos-masacre-el-salvador-04-15x12.jpg 15w, http:\/\/memorialchalatenango.com\/wp-content\/uploads\/2021\/11\/duboncitos-masacre-el-salvador-04-1200x960.jpg 1200w, http:\/\/memorialchalatenango.com\/wp-content\/uploads\/2021\/11\/duboncitos-masacre-el-salvador-04.jpg 1518w\" sizes=\"(max-width: 580px) 100vw, 580px\" \/>\t\t\t\t\t\t\t\t\t\t\t\t\t\t<\/div>\n\t\t\t\t\t\t<\/div>\n\t\t\t\t<\/div>\n\t\t\t\t\t\t<\/div>\n\t\t\t\t\t<\/div>\n\t\t<\/div>\n\t\t\t\t\t\t\t\t<\/div>\n\t\t\t\t\t<\/div>\n\t\t<\/section>\n\t\t\t\t<section class=\"elementor-section elementor-top-section elementor-element elementor-element-b94f81e elementor-section-boxed elementor-section-height-default elementor-section-height-default\" data-id=\"b94f81e\" data-element_type=\"section\">\n\t\t\t\t\t\t<div class=\"elementor-container elementor-column-gap-default\">\n\t\t\t\t\t\t\t<div class=\"elementor-row\">\n\t\t\t\t\t<div class=\"elementor-column elementor-col-100 elementor-top-column elementor-element elementor-element-c0f8799\" data-id=\"c0f8799\" data-element_type=\"column\">\n\t\t\t<div class=\"elementor-column-wrap elementor-element-populated\">\n\t\t\t\t\t\t\t<div class=\"elementor-widget-wrap\">\n\t\t\t\t\t\t<div class=\"elementor-element elementor-element-9b0eb93 elementor-widget elementor-widget-testimonial\" data-id=\"9b0eb93\" data-element_type=\"widget\" data-widget_type=\"testimonial.default\">\n\t\t\t\t<div class=\"elementor-widget-container\">\n\t\t\t\t\t<div class=\"elementor-testimonial-wrapper\">\n\t\t\t\t\t\t\t<div class=\"elementor-testimonial-content\">\"Estamos aqu\u00ed en la sepultura de mi mam\u00e1, Julia Castillo Franco. A ella la masacraron el 14 de julio de 1980\"\n<\/div>\n\t\t\t\n\t\t\t\t\t\t<div class=\"elementor-testimonial-meta elementor-has-image elementor-testimonial-image-position-aside\">\n\t\t\t\t<div class=\"elementor-testimonial-meta-inner\">\n\t\t\t\t\t\t\t\t\t\t\t<div class=\"elementor-testimonial-image\">\n\t\t\t\t\t\t\t<img width=\"1235\" height=\"1235\" src=\"http:\/\/memorialchalatenango.com\/wp-content\/uploads\/2021\/11\/miriam-dubon-portrait-01.jpg\" class=\"attachment-full size-full\" alt=\"\" loading=\"lazy\" \/>\t\t\t\t\t\t<\/div>\n\t\t\t\t\t\n\t\t\t\t\t\t\t\t\t\t<div class=\"elementor-testimonial-details\">\n\t\t\t\t\t\t\t\t\t\t\t\t\t\t<div class=\"elementor-testimonial-name\">Miriam Dub\u00f3n<\/div>\n\t\t\t\t\t\t\t\t\t\t\t\t\t\t\t\t\t\t\t\t\t\t<div class=\"elementor-testimonial-job\">Sobreviviente y v\u00edctima de la Masacre de Los Duboncitos<\/div>\n\t\t\t\t\t\t\t\t\t\t\t\t\t<\/div>\n\t\t\t\t\t\t\t\t\t<\/div>\n\t\t\t<\/div>\n\t\t\t\t\t<\/div>\n\t\t\t\t<\/div>\n\t\t\t\t<\/div>\n\t\t\t\t\t\t<\/div>\n\t\t\t\t\t<\/div>\n\t\t<\/div>\n\t\t\t\t\t\t\t\t<\/div>\n\t\t\t\t\t<\/div>\n\t\t<\/section>\n\t\t\t\t<section class=\"elementor-section elementor-top-section elementor-element elementor-element-d73a13d elementor-section-boxed elementor-section-height-default elementor-section-height-default\" data-id=\"d73a13d\" data-element_type=\"section\">\n\t\t\t\t\t\t<div class=\"elementor-container elementor-column-gap-default\">\n\t\t\t\t\t\t\t<div class=\"elementor-row\">\n\t\t\t\t\t<div class=\"elementor-column elementor-col-100 elementor-top-column elementor-element elementor-element-e5c0ee5\" data-id=\"e5c0ee5\" data-element_type=\"column\">\n\t\t\t<div class=\"elementor-column-wrap elementor-element-populated\">\n\t\t\t\t\t\t\t<div class=\"elementor-widget-wrap\">\n\t\t\t\t\t\t<div class=\"elementor-element elementor-element-37d3671 elementor-widget elementor-widget-image\" data-id=\"37d3671\" data-element_type=\"widget\" data-widget_type=\"image.default\">\n\t\t\t\t<div class=\"elementor-widget-container\">\n\t\t\t\t\t\t\t\t<div class=\"elementor-image\">\n\t\t\t\t\t\t\t\t\t<figure class=\"wp-caption\">\n\t\t\t\t\t\t\t\t\t\t<img width=\"1619\" height=\"1214\" src=\"http:\/\/memorialchalatenango.com\/wp-content\/uploads\/2021\/11\/duboncitos-masacre-el-salvador-01.jpg\" class=\"attachment-2048x2048 size-2048x2048\" alt=\"\" loading=\"lazy\" srcset=\"http:\/\/memorialchalatenango.com\/wp-content\/uploads\/2021\/11\/duboncitos-masacre-el-salvador-01.jpg 1619w, http:\/\/memorialchalatenango.com\/wp-content\/uploads\/2021\/11\/duboncitos-masacre-el-salvador-01-300x225.jpg 300w, http:\/\/memorialchalatenango.com\/wp-content\/uploads\/2021\/11\/duboncitos-masacre-el-salvador-01-1024x768.jpg 1024w, http:\/\/memorialchalatenango.com\/wp-content\/uploads\/2021\/11\/duboncitos-masacre-el-salvador-01-768x576.jpg 768w, http:\/\/memorialchalatenango.com\/wp-content\/uploads\/2021\/11\/duboncitos-masacre-el-salvador-01-1536x1152.jpg 1536w, http:\/\/memorialchalatenango.com\/wp-content\/uploads\/2021\/11\/duboncitos-masacre-el-salvador-01-16x12.jpg 16w, http:\/\/memorialchalatenango.com\/wp-content\/uploads\/2021\/11\/duboncitos-masacre-el-salvador-01-1200x900.jpg 1200w\" sizes=\"(max-width: 1619px) 100vw, 1619px\" \/>\t\t\t\t\t\t\t\t\t\t\t<figcaption class=\"widget-image-caption wp-caption-text\">Camino a Los Duboncitos<\/figcaption>\n\t\t\t\t\t\t\t\t\t\t<\/figure>\n\t\t\t\t\t\t\t\t<\/div>\n\t\t\t\t\t\t<\/div>\n\t\t\t\t<\/div>\n\t\t\t\t\t\t<\/div>\n\t\t\t\t\t<\/div>\n\t\t<\/div>\n\t\t\t\t\t\t\t\t<\/div>\n\t\t\t\t\t<\/div>\n\t\t<\/section>\n\t\t\t\t<section class=\"elementor-section elementor-top-section elementor-element elementor-element-cb462a2 elementor-section-boxed elementor-section-height-default elementor-section-height-default\" data-id=\"cb462a2\" data-element_type=\"section\">\n\t\t\t\t\t\t<div class=\"elementor-container elementor-column-gap-default\">\n\t\t\t\t\t\t\t<div class=\"elementor-row\">\n\t\t\t\t\t<div class=\"elementor-column elementor-col-100 elementor-top-column elementor-element elementor-element-7f65894\" data-id=\"7f65894\" data-element_type=\"column\">\n\t\t\t<div class=\"elementor-column-wrap elementor-element-populated\">\n\t\t\t\t\t\t\t<div class=\"elementor-widget-wrap\">\n\t\t\t\t\t\t<div class=\"elementor-element elementor-element-c6c4a0b elementor-widget elementor-widget-heading\" data-id=\"c6c4a0b\" data-element_type=\"widget\" data-widget_type=\"heading.default\">\n\t\t\t\t<div class=\"elementor-widget-container\">\n\t\t\t<h2 class=\"elementor-heading-title elementor-size-default\">Documental:<\/h2>\t\t<\/div>\n\t\t\t\t<\/div>\n\t\t\t\t\t\t<\/div>\n\t\t\t\t\t<\/div>\n\t\t<\/div>\n\t\t\t\t\t\t\t\t<\/div>\n\t\t\t\t\t<\/div>\n\t\t<\/section>\n\t\t\t\t<section class=\"elementor-section elementor-top-section elementor-element elementor-element-78fb6d7 elementor-section-content-top elementor-section-stretched elementor-section-boxed elementor-section-height-default elementor-section-height-default\" data-id=\"78fb6d7\" data-element_type=\"section\" data-settings=\"{&quot;stretch_section&quot;:&quot;section-stretched&quot;}\">\n\t\t\t\t\t\t<div class=\"elementor-container elementor-column-gap-no\">\n\t\t\t\t\t\t\t<div class=\"elementor-row\">\n\t\t\t\t\t<div class=\"elementor-column elementor-col-100 elementor-top-column elementor-element elementor-element-6904bf6\" data-id=\"6904bf6\" data-element_type=\"column\">\n\t\t\t<div class=\"elementor-column-wrap elementor-element-populated\">\n\t\t\t\t\t\t\t<div class=\"elementor-widget-wrap\">\n\t\t\t\t\t\t<div class=\"elementor-element elementor-element-aef53c5 elementor-aspect-ratio-169 elementor-widget elementor-widget-video\" data-id=\"aef53c5\" data-element_type=\"widget\" data-settings=\"{&quot;video_type&quot;:&quot;vimeo&quot;,&quot;aspect_ratio&quot;:&quot;169&quot;}\" data-widget_type=\"video.default\">\n\t\t\t\t<div class=\"elementor-widget-container\">\n\t\t\t\t\t<div class=\"elementor-wrapper elementor-fit-aspect-ratio elementor-open-inline\">\n\t\t\t<iframe class=\"elementor-video-iframe\" allowfullscreen title=\"vimeo Video Player\" src=\"https:\/\/player.vimeo.com\/video\/521203480?color&amp;autopause=0&amp;loop=0&amp;muted=0&amp;title=1&amp;portrait=1&amp;byline=1#t=\"><\/iframe>\t\t<\/div>\n\t\t\t\t<\/div>\n\t\t\t\t<\/div>\n\t\t\t\t\t\t<\/div>\n\t\t\t\t\t<\/div>\n\t\t<\/div>\n\t\t\t\t\t\t\t\t<\/div>\n\t\t\t\t\t<\/div>\n\t\t<\/section>\n\t\t\t\t<section class=\"elementor-section elementor-top-section elementor-element elementor-element-4fad09b elementor-section-boxed elementor-section-height-default elementor-section-height-default\" data-id=\"4fad09b\" data-element_type=\"section\">\n\t\t\t\t\t\t<div class=\"elementor-container elementor-column-gap-default\">\n\t\t\t\t\t\t\t<div class=\"elementor-row\">\n\t\t\t\t\t<div class=\"elementor-column elementor-col-100 elementor-top-column elementor-element elementor-element-9a38482\" data-id=\"9a38482\" data-element_type=\"column\">\n\t\t\t<div class=\"elementor-column-wrap elementor-element-populated\">\n\t\t\t\t\t\t\t<div class=\"elementor-widget-wrap\">\n\t\t\t\t\t\t<div class=\"elementor-element elementor-element-2833b46 elementor-widget elementor-widget-testimonial\" data-id=\"2833b46\" data-element_type=\"widget\" data-widget_type=\"testimonial.default\">\n\t\t\t\t<div class=\"elementor-widget-container\">\n\t\t\t\t\t<div class=\"elementor-testimonial-wrapper\">\n\t\t\t\t\t\t\t<div class=\"elementor-testimonial-content\">\"Yo le doy gracias por mi mam\u00e1 que me cri\u00f3, pero siempre yo el cari\u00f1o de mi mam\u00e1 lo he querido tener, y me voy a morir sintiendo este dolor.\"\n<\/div>\n\t\t\t\n\t\t\t\t\t\t<div class=\"elementor-testimonial-meta elementor-has-image elementor-testimonial-image-position-aside\">\n\t\t\t\t<div class=\"elementor-testimonial-meta-inner\">\n\t\t\t\t\t\t\t\t\t\t\t<div class=\"elementor-testimonial-image\">\n\t\t\t\t\t\t\t<img width=\"1235\" height=\"1235\" src=\"http:\/\/memorialchalatenango.com\/wp-content\/uploads\/2021\/11\/miriam-dubon-portrait-01.jpg\" class=\"attachment-full size-full\" alt=\"\" loading=\"lazy\" \/>\t\t\t\t\t\t<\/div>\n\t\t\t\t\t\n\t\t\t\t\t\t\t\t\t\t<div class=\"elementor-testimonial-details\">\n\t\t\t\t\t\t\t\t\t\t\t\t\t\t<div class=\"elementor-testimonial-name\">Miriam Dub\u00f3n<\/div>\n\t\t\t\t\t\t\t\t\t\t\t\t\t\t\t\t\t\t\t\t\t\t<div class=\"elementor-testimonial-job\">Sobreviviente y v\u00edctima de la Masacre de Los Duboncitos<\/div>\n\t\t\t\t\t\t\t\t\t\t\t\t\t<\/div>\n\t\t\t\t\t\t\t\t\t<\/div>\n\t\t\t<\/div>\n\t\t\t\t\t<\/div>\n\t\t\t\t<\/div>\n\t\t\t\t<\/div>\n\t\t\t\t\t\t<\/div>\n\t\t\t\t\t<\/div>\n\t\t<\/div>\n\t\t\t\t\t\t\t\t<\/div>\n\t\t\t\t\t<\/div>\n\t\t<\/section>\n\t\t\t\t<section class=\"elementor-section elementor-top-section elementor-element elementor-element-2a626de elementor-section-boxed elementor-section-height-default elementor-section-height-default\" data-id=\"2a626de\" data-element_type=\"section\">\n\t\t\t\t\t\t<div class=\"elementor-container elementor-column-gap-default\">\n\t\t\t\t\t\t\t<div class=\"elementor-row\">\n\t\t\t\t\t<div class=\"elementor-column elementor-col-100 elementor-top-column elementor-element elementor-element-8d5fc1d\" data-id=\"8d5fc1d\" data-element_type=\"column\">\n\t\t\t<div class=\"elementor-column-wrap elementor-element-populated\">\n\t\t\t\t\t\t\t<div class=\"elementor-widget-wrap\">\n\t\t\t\t\t\t<div class=\"elementor-element elementor-element-796e824 elementor-widget elementor-widget-heading\" data-id=\"796e824\" data-element_type=\"widget\" data-widget_type=\"heading.default\">\n\t\t\t\t<div class=\"elementor-widget-container\">\n\t\t\t<h2 class=\"elementor-heading-title elementor-size-default\">Video 360:<\/h2>\t\t<\/div>\n\t\t\t\t<\/div>\n\t\t\t\t\t\t<\/div>\n\t\t\t\t\t<\/div>\n\t\t<\/div>\n\t\t\t\t\t\t\t\t<\/div>\n\t\t\t\t\t<\/div>\n\t\t<\/section>\n\t\t\t\t<section class=\"elementor-section elementor-top-section elementor-element elementor-element-aef282a elementor-section-content-top elementor-section-stretched elementor-section-boxed elementor-section-height-default elementor-section-height-default\" data-id=\"aef282a\" data-element_type=\"section\" data-settings=\"{&quot;stretch_section&quot;:&quot;section-stretched&quot;}\">\n\t\t\t\t\t\t<div class=\"elementor-container elementor-column-gap-no\">\n\t\t\t\t\t\t\t<div class=\"elementor-row\">\n\t\t\t\t\t<div class=\"elementor-column elementor-col-100 elementor-top-column elementor-element elementor-element-78efd9f\" data-id=\"78efd9f\" data-element_type=\"column\">\n\t\t\t<div class=\"elementor-column-wrap elementor-element-populated\">\n\t\t\t\t\t\t\t<div class=\"elementor-widget-wrap\">\n\t\t\t\t\t\t<div class=\"elementor-element elementor-element-81d8a3c elementor-aspect-ratio-169 elementor-widget elementor-widget-video\" data-id=\"81d8a3c\" data-element_type=\"widget\" data-settings=\"{&quot;video_type&quot;:&quot;vimeo&quot;,&quot;aspect_ratio&quot;:&quot;169&quot;}\" data-widget_type=\"video.default\">\n\t\t\t\t<div class=\"elementor-widget-container\">\n\t\t\t\t\t<div class=\"elementor-wrapper elementor-fit-aspect-ratio elementor-open-inline\">\n\t\t\t<iframe class=\"elementor-video-iframe\" allowfullscreen title=\"vimeo Video Player\" src=\"https:\/\/player.vimeo.com\/video\/326959467?color&amp;autopause=0&amp;loop=0&amp;muted=0&amp;title=1&amp;portrait=1&amp;byline=1#t=\"><\/iframe>\t\t<\/div>\n\t\t\t\t<\/div>\n\t\t\t\t<\/div>\n\t\t\t\t\t\t<\/div>\n\t\t\t\t\t<\/div>\n\t\t<\/div>\n\t\t\t\t\t\t\t\t<\/div>\n\t\t\t\t\t<\/div>\n\t\t<\/section>\n\t\t\t\t<section class=\"elementor-section elementor-top-section elementor-element elementor-element-bea3d36 elementor-section-boxed elementor-section-height-default elementor-section-height-default\" data-id=\"bea3d36\" data-element_type=\"section\">\n\t\t\t\t\t\t<div class=\"elementor-container elementor-column-gap-default\">\n\t\t\t\t\t\t\t<div class=\"elementor-row\">\n\t\t\t\t\t<div class=\"elementor-column elementor-col-100 elementor-top-column elementor-element elementor-element-0626b9f\" data-id=\"0626b9f\" data-element_type=\"column\">\n\t\t\t<div class=\"elementor-column-wrap elementor-element-populated\">\n\t\t\t\t\t\t\t<div class=\"elementor-widget-wrap\">\n\t\t\t\t\t\t<div class=\"elementor-element elementor-element-9040f17 elementor-widget elementor-widget-testimonial\" data-id=\"9040f17\" data-element_type=\"widget\" data-widget_type=\"testimonial.default\">\n\t\t\t\t<div class=\"elementor-widget-container\">\n\t\t\t\t\t<div class=\"elementor-testimonial-wrapper\">\n\t\t\t\t\t\t\t<div class=\"elementor-testimonial-content\">\"Yo le doy gracias por mi mam\u00e1 que me cri\u00f3, pero siempre yo el cari\u00f1o de mi mam\u00e1 lo he querido tener, y me voy a morir sintiendo este dolor.\"\n<\/div>\n\t\t\t\n\t\t\t\t\t\t<div class=\"elementor-testimonial-meta elementor-has-image elementor-testimonial-image-position-aside\">\n\t\t\t\t<div class=\"elementor-testimonial-meta-inner\">\n\t\t\t\t\t\t\t\t\t\t\t<div class=\"elementor-testimonial-image\">\n\t\t\t\t\t\t\t<img width=\"1235\" height=\"1235\" src=\"http:\/\/memorialchalatenango.com\/wp-content\/uploads\/2021\/11\/miriam-dubon-portrait-01.jpg\" class=\"attachment-full size-full\" alt=\"\" loading=\"lazy\" \/>\t\t\t\t\t\t<\/div>\n\t\t\t\t\t\n\t\t\t\t\t\t\t\t\t\t<div class=\"elementor-testimonial-details\">\n\t\t\t\t\t\t\t\t\t\t\t\t\t\t<div class=\"elementor-testimonial-name\">Miriam Dub\u00f3n<\/div>\n\t\t\t\t\t\t\t\t\t\t\t\t\t\t\t\t\t\t\t\t\t\t<div class=\"elementor-testimonial-job\">Sobreviviente y v\u00edctima de la Masacre de Los Duboncitos<\/div>\n\t\t\t\t\t\t\t\t\t\t\t\t\t<\/div>\n\t\t\t\t\t\t\t\t\t<\/div>\n\t\t\t<\/div>\n\t\t\t\t\t<\/div>\n\t\t\t\t<\/div>\n\t\t\t\t<\/div>\n\t\t\t\t\t\t<\/div>\n\t\t\t\t\t<\/div>\n\t\t<\/div>\n\t\t\t\t\t\t\t\t<\/div>\n\t\t\t\t\t<\/div>\n\t\t<\/section>\n\t\t\t\t<section class=\"elementor-section elementor-top-section elementor-element elementor-element-34fed29 elementor-section-boxed elementor-section-height-default elementor-section-height-default\" data-id=\"34fed29\" data-element_type=\"section\">\n\t\t\t\t\t\t<div class=\"elementor-container elementor-column-gap-default\">\n\t\t\t\t\t\t\t<div class=\"elementor-row\">\n\t\t\t\t\t<div class=\"elementor-column elementor-col-50 elementor-top-column elementor-element elementor-element-f12c304\" data-id=\"f12c304\" data-element_type=\"column\">\n\t\t\t<div class=\"elementor-column-wrap elementor-element-populated\">\n\t\t\t\t\t\t\t<div class=\"elementor-widget-wrap\">\n\t\t\t\t\t\t<div class=\"elementor-element elementor-element-5611e64 elementor-widget elementor-widget-image\" data-id=\"5611e64\" data-element_type=\"widget\" data-widget_type=\"image.default\">\n\t\t\t\t<div class=\"elementor-widget-container\">\n\t\t\t\t\t\t\t\t<div class=\"elementor-image\">\n\t\t\t\t\t\t\t\t\t\t\t\t<img width=\"580\" height=\"387\" src=\"http:\/\/memorialchalatenango.com\/wp-content\/uploads\/2021\/11\/survivor-miriam-dubon-01-1024x683.jpg\" class=\"attachment-large size-large\" alt=\"\" loading=\"lazy\" srcset=\"http:\/\/memorialchalatenango.com\/wp-content\/uploads\/2021\/11\/survivor-miriam-dubon-01-1024x683.jpg 1024w, http:\/\/memorialchalatenango.com\/wp-content\/uploads\/2021\/11\/survivor-miriam-dubon-01-300x200.jpg 300w, http:\/\/memorialchalatenango.com\/wp-content\/uploads\/2021\/11\/survivor-miriam-dubon-01-768x512.jpg 768w, http:\/\/memorialchalatenango.com\/wp-content\/uploads\/2021\/11\/survivor-miriam-dubon-01-1536x1024.jpg 1536w, http:\/\/memorialchalatenango.com\/wp-content\/uploads\/2021\/11\/survivor-miriam-dubon-01-2048x1365.jpg 2048w, http:\/\/memorialchalatenango.com\/wp-content\/uploads\/2021\/11\/survivor-miriam-dubon-01-18x12.jpg 18w, http:\/\/memorialchalatenango.com\/wp-content\/uploads\/2021\/11\/survivor-miriam-dubon-01-1200x800.jpg 1200w, http:\/\/memorialchalatenango.com\/wp-content\/uploads\/2021\/11\/survivor-miriam-dubon-01-1980x1320.jpg 1980w\" sizes=\"(max-width: 580px) 100vw, 580px\" \/>\t\t\t\t\t\t\t\t\t\t\t\t\t\t<\/div>\n\t\t\t\t\t\t<\/div>\n\t\t\t\t<\/div>\n\t\t\t\t\t\t<\/div>\n\t\t\t\t\t<\/div>\n\t\t<\/div>\n\t\t\t\t<div class=\"elementor-column elementor-col-50 elementor-top-column elementor-element elementor-element-99a6344\" data-id=\"99a6344\" data-element_type=\"column\">\n\t\t\t<div class=\"elementor-column-wrap elementor-element-populated\">\n\t\t\t\t\t\t\t<div class=\"elementor-widget-wrap\">\n\t\t\t\t\t\t<div class=\"elementor-element elementor-element-ef117d6 elementor-widget elementor-widget-image\" data-id=\"ef117d6\" data-element_type=\"widget\" data-widget_type=\"image.default\">\n\t\t\t\t<div class=\"elementor-widget-container\">\n\t\t\t\t\t\t\t\t<div class=\"elementor-image\">\n\t\t\t\t\t\t\t\t\t\t\t\t<img width=\"580\" height=\"387\" src=\"http:\/\/memorialchalatenango.com\/wp-content\/uploads\/2021\/11\/survivor-miriam-dubon-06-scaled-1024x683.jpg\" class=\"attachment-large size-large\" alt=\"\" loading=\"lazy\" srcset=\"http:\/\/memorialchalatenango.com\/wp-content\/uploads\/2021\/11\/survivor-miriam-dubon-06-scaled-1024x683.jpg 1024w, http:\/\/memorialchalatenango.com\/wp-content\/uploads\/2021\/11\/survivor-miriam-dubon-06-scaled-300x200.jpg 300w, http:\/\/memorialchalatenango.com\/wp-content\/uploads\/2021\/11\/survivor-miriam-dubon-06-scaled-768x512.jpg 768w, http:\/\/memorialchalatenango.com\/wp-content\/uploads\/2021\/11\/survivor-miriam-dubon-06-scaled-1536x1024.jpg 1536w, http:\/\/memorialchalatenango.com\/wp-content\/uploads\/2021\/11\/survivor-miriam-dubon-06-scaled-2048x1366.jpg 2048w, http:\/\/memorialchalatenango.com\/wp-content\/uploads\/2021\/11\/survivor-miriam-dubon-06-scaled-18x12.jpg 18w, http:\/\/memorialchalatenango.com\/wp-content\/uploads\/2021\/11\/survivor-miriam-dubon-06-scaled-1200x800.jpg 1200w, http:\/\/memorialchalatenango.com\/wp-content\/uploads\/2021\/11\/survivor-miriam-dubon-06-scaled-1980x1320.jpg 1980w\" sizes=\"(max-width: 580px) 100vw, 580px\" \/>\t\t\t\t\t\t\t\t\t\t\t\t\t\t<\/div>\n\t\t\t\t\t\t<\/div>\n\t\t\t\t<\/div>\n\t\t\t\t\t\t<\/div>\n\t\t\t\t\t<\/div>\n\t\t<\/div>\n\t\t\t\t\t\t\t\t<\/div>\n\t\t\t\t\t<\/div>\n\t\t<\/section>\n\t\t\t\t<section class=\"elementor-section elementor-top-section elementor-element elementor-element-07612f5 elementor-section-boxed elementor-section-height-default elementor-section-height-default\" data-id=\"07612f5\" data-element_type=\"section\">\n\t\t\t\t\t\t<div class=\"elementor-container elementor-column-gap-default\">\n\t\t\t\t\t\t\t<div class=\"elementor-row\">\n\t\t\t\t\t<div class=\"elementor-column elementor-col-100 elementor-top-column elementor-element elementor-element-b49fd3a\" data-id=\"b49fd3a\" data-element_type=\"column\">\n\t\t\t<div class=\"elementor-column-wrap elementor-element-populated\">\n\t\t\t\t\t\t\t<div class=\"elementor-widget-wrap\">\n\t\t\t\t\t\t<div class=\"elementor-element elementor-element-5ab469f elementor-widget elementor-widget-text-editor\" data-id=\"5ab469f\" data-element_type=\"widget\" data-widget_type=\"text-editor.default\">\n\t\t\t\t<div class=\"elementor-widget-container\">\n\t\t\t\t\t\t\t\t<div class=\"elementor-text-editor elementor-clearfix\">\n\t\t\t\t<p><strong>Miriam Dub\u00f3n<\/strong> viven en Guarjila con su familia. Fue parte de la primera junta directiva de la <strong>Asociaci\u00f3n de Sobrevivientes de la Masacre del Sumpul y las Otras Masacres de Chalatenang<\/strong>o.<\/p>\t\t\t\t\t<\/div>\n\t\t\t\t\t\t<\/div>\n\t\t\t\t<\/div>\n\t\t\t\t\t\t<\/div>\n\t\t\t\t\t<\/div>\n\t\t<\/div>\n\t\t\t\t\t\t\t\t<\/div>\n\t\t\t\t\t<\/div>\n\t\t<\/section>\n\t\t\t\t\t\t<\/div>\n\t\t\t\t\t\t<\/div>\n\t\t\t\t\t<\/div>","protected":false},"excerpt":{"rendered":"<p>Los Duboncitos Los Duboncitos queda no muy lejos de donde se cometi\u00f3 la masacre de El Rinc\u00f3n. El relato est\u00e1 contado por Miriam Dub\u00f3n Castillo, quien es a la vez sobreviviente y victima: su madre fue asesinada. Miriam y sus dos hermanas fueron salvadas de la masacre por su abuela paterna. \u00abEstamos aqu\u00ed en la [&hellip;]<\/p>","protected":false},"author":1,"featured_media":0,"parent":0,"menu_order":0,"comment_status":"closed","ping_status":"closed","template":"elementor_header_footer","meta":{"_themeisle_gutenberg_block_has_review":false},"yoast_head":"<!-- This site is optimized with the Yoast SEO plugin v17.5 - https:\/\/yoast.com\/wordpress\/plugins\/seo\/ -->\n<title>Los Duboncitos - Londombia<\/title>\n<meta name=\"robots\" content=\"index, follow, max-snippet:-1, max-image-preview:large, max-video-preview:-1\" \/>\n<link rel=\"canonical\" href=\"http:\/\/memorialchalatenango.com\/en\/los-duboncitos\/\" \/>\n<meta property=\"og:locale\" content=\"en_US\" \/>\n<meta property=\"og:type\" content=\"article\" \/>\n<meta property=\"og:title\" content=\"Los Duboncitos - Londombia\" \/>\n<meta property=\"og:description\" content=\"Los Duboncitos Los Duboncitos queda no muy lejos de donde se cometi\u00f3 la masacre de El Rinc\u00f3n. El relato est\u00e1 contado por Miriam Dub\u00f3n Castillo, quien es a la vez sobreviviente y victima: su madre fue asesinada. Miriam y sus dos hermanas fueron salvadas de la masacre por su abuela paterna. \u00abEstamos aqu\u00ed en la [&hellip;]\" \/>\n<meta property=\"og:url\" content=\"http:\/\/memorialchalatenango.com\/en\/los-duboncitos\/\" \/>\n<meta property=\"og:site_name\" content=\"Londombia\" \/>\n<meta property=\"article:modified_time\" content=\"2021-11-29T15:36:52+00:00\" \/>\n<meta property=\"og:image\" content=\"http:\/\/memorialchalatenango.com\/wp-content\/uploads\/2021\/11\/sobreviviente-masacre-duboncitos-01-1024x819.jpg\" \/>\n<meta name=\"twitter:card\" content=\"summary_large_image\" \/>\n<meta name=\"twitter:label1\" content=\"Est. reading time\" \/>\n\t<meta name=\"twitter:data1\" content=\"3 minutes\" \/>\n<script type=\"application\/ld+json\" class=\"yoast-schema-graph\">{\"@context\":\"https:\/\/schema.org\",\"@graph\":[{\"@type\":\"WebSite\",\"@id\":\"http:\/\/memorialchalatenango.com\/#website\",\"url\":\"http:\/\/memorialchalatenango.com\/\",\"name\":\"Londombia\",\"description\":\"Celebrating the presence of the Colombian community in London\",\"potentialAction\":[{\"@type\":\"SearchAction\",\"target\":{\"@type\":\"EntryPoint\",\"urlTemplate\":\"http:\/\/memorialchalatenango.com\/?s={search_term_string}\"},\"query-input\":\"required name=search_term_string\"}],\"inLanguage\":\"en-CA\"},{\"@type\":\"ImageObject\",\"@id\":\"http:\/\/memorialchalatenango.com\/en\/los-duboncitos\/#primaryimage\",\"inLanguage\":\"en-CA\",\"url\":\"http:\/\/memorialchalatenango.com\/wp-content\/uploads\/2021\/11\/sobreviviente-masacre-duboncitos-01.jpg\",\"contentUrl\":\"http:\/\/memorialchalatenango.com\/wp-content\/uploads\/2021\/11\/sobreviviente-masacre-duboncitos-01.jpg\",\"width\":1582,\"height\":1265},{\"@type\":\"WebPage\",\"@id\":\"http:\/\/memorialchalatenango.com\/en\/los-duboncitos\/#webpage\",\"url\":\"http:\/\/memorialchalatenango.com\/en\/los-duboncitos\/\",\"name\":\"Los Duboncitos - Londombia\",\"isPartOf\":{\"@id\":\"http:\/\/memorialchalatenango.com\/#website\"},\"primaryImageOfPage\":{\"@id\":\"http:\/\/memorialchalatenango.com\/en\/los-duboncitos\/#primaryimage\"},\"datePublished\":\"2021-11-29T11:54:59+00:00\",\"dateModified\":\"2021-11-29T15:36:52+00:00\",\"breadcrumb\":{\"@id\":\"http:\/\/memorialchalatenango.com\/en\/los-duboncitos\/#breadcrumb\"},\"inLanguage\":\"en-CA\",\"potentialAction\":[{\"@type\":\"ReadAction\",\"target\":[\"http:\/\/memorialchalatenango.com\/en\/los-duboncitos\/\"]}]},{\"@type\":\"BreadcrumbList\",\"@id\":\"http:\/\/memorialchalatenango.com\/en\/los-duboncitos\/#breadcrumb\",\"itemListElement\":[{\"@type\":\"ListItem\",\"position\":1,\"name\":\"Home\",\"item\":\"http:\/\/memorialchalatenango.com\/\"},{\"@type\":\"ListItem\",\"position\":2,\"name\":\"Los Duboncitos\"}]}]}<\/script>\n<!-- \/ Yoast SEO plugin. -->","yoast_head_json":{"title":"Los Duboncitos - Londombia","robots":{"index":"index","follow":"follow","max-snippet":"max-snippet:-1","max-image-preview":"max-image-preview:large","max-video-preview":"max-video-preview:-1"},"canonical":"http:\/\/memorialchalatenango.com\/en\/los-duboncitos\/","og_locale":"en_US","og_type":"article","og_title":"Los Duboncitos - Londombia","og_description":"Los Duboncitos Los Duboncitos queda no muy lejos de donde se cometi\u00f3 la masacre de El Rinc\u00f3n. El relato est\u00e1 contado por Miriam Dub\u00f3n Castillo, quien es a la vez sobreviviente y victima: su madre fue asesinada. Miriam y sus dos hermanas fueron salvadas de la masacre por su abuela paterna. \u00abEstamos aqu\u00ed en la [&hellip;]","og_url":"http:\/\/memorialchalatenango.com\/en\/los-duboncitos\/","og_site_name":"Londombia","article_modified_time":"2021-11-29T15:36:52+00:00","og_image":[{"url":"http:\/\/memorialchalatenango.com\/wp-content\/uploads\/2021\/11\/sobreviviente-masacre-duboncitos-01-1024x819.jpg"}],"twitter_card":"summary_large_image","twitter_misc":{"Est. reading time":"3 minutes"},"schema":{"@context":"https:\/\/schema.org","@graph":[{"@type":"WebSite","@id":"http:\/\/memorialchalatenango.com\/#website","url":"http:\/\/memorialchalatenango.com\/","name":"Londombia","description":"Celebrating the presence of the Colombian community in London","potentialAction":[{"@type":"SearchAction","target":{"@type":"EntryPoint","urlTemplate":"http:\/\/memorialchalatenango.com\/?s={search_term_string}"},"query-input":"required name=search_term_string"}],"inLanguage":"en-CA"},{"@type":"ImageObject","@id":"http:\/\/memorialchalatenango.com\/en\/los-duboncitos\/#primaryimage","inLanguage":"en-CA","url":"http:\/\/memorialchalatenango.com\/wp-content\/uploads\/2021\/11\/sobreviviente-masacre-duboncitos-01.jpg","contentUrl":"http:\/\/memorialchalatenango.com\/wp-content\/uploads\/2021\/11\/sobreviviente-masacre-duboncitos-01.jpg","width":1582,"height":1265},{"@type":"WebPage","@id":"http:\/\/memorialchalatenango.com\/en\/los-duboncitos\/#webpage","url":"http:\/\/memorialchalatenango.com\/en\/los-duboncitos\/","name":"Los Duboncitos - Londombia","isPartOf":{"@id":"http:\/\/memorialchalatenango.com\/#website"},"primaryImageOfPage":{"@id":"http:\/\/memorialchalatenango.com\/en\/los-duboncitos\/#primaryimage"},"datePublished":"2021-11-29T11:54:59+00:00","dateModified":"2021-11-29T15:36:52+00:00","breadcrumb":{"@id":"http:\/\/memorialchalatenango.com\/en\/los-duboncitos\/#breadcrumb"},"inLanguage":"en-CA","potentialAction":[{"@type":"ReadAction","target":["http:\/\/memorialchalatenango.com\/en\/los-duboncitos\/"]}]},{"@type":"BreadcrumbList","@id":"http:\/\/memorialchalatenango.com\/en\/los-duboncitos\/#breadcrumb","itemListElement":[{"@type":"ListItem","position":1,"name":"Home","item":"http:\/\/memorialchalatenango.com\/"},{"@type":"ListItem","position":2,"name":"Los Duboncitos"}]}]}},"_links":{"self":[{"href":"http:\/\/memorialchalatenango.com\/en\/wp-json\/wp\/v2\/pages\/808"}],"collection":[{"href":"http:\/\/memorialchalatenango.com\/en\/wp-json\/wp\/v2\/pages"}],"about":[{"href":"http:\/\/memorialchalatenango.com\/en\/wp-json\/wp\/v2\/types\/page"}],"author":[{"embeddable":true,"href":"http:\/\/memorialchalatenango.com\/en\/wp-json\/wp\/v2\/users\/1"}],"replies":[{"embeddable":true,"href":"http:\/\/memorialchalatenango.com\/en\/wp-json\/wp\/v2\/comments?post=808"}],"version-history":[{"count":67,"href":"http:\/\/memorialchalatenango.com\/en\/wp-json\/wp\/v2\/pages\/808\/revisions"}],"predecessor-version":[{"id":911,"href":"http:\/\/memorialchalatenango.com\/en\/wp-json\/wp\/v2\/pages\/808\/revisions\/911"}],"wp:attachment":[{"href":"http:\/\/memorialchalatenango.com\/en\/wp-json\/wp\/v2\/media?parent=808"}],"curies":[{"name":"wp","href":"https:\/\/api.w.org\/{rel}","templated":true}]}}