{"id":921,"date":"2021-11-29T12:13:07","date_gmt":"2021-11-29T16:13:07","guid":{"rendered":"http:\/\/memorialchalatenango.com\/?page_id=921"},"modified":"2021-11-29T15:32:33","modified_gmt":"2021-11-29T19:32:33","slug":"los-raudas","status":"publish","type":"page","link":"http:\/\/memorialchalatenango.com\/en\/los-raudas\/","title":{"rendered":"Los Raudas"},"content":{"rendered":"<div data-elementor-type=\"wp-page\" data-elementor-id=\"921\" class=\"elementor elementor-921\" data-elementor-settings=\"[]\">\n\t\t\t\t\t\t<div class=\"elementor-inner\">\n\t\t\t\t\t\t\t<div class=\"elementor-section-wrap\">\n\t\t\t\t\t\t\t<section class=\"elementor-section elementor-top-section elementor-element elementor-element-408a1c3 elementor-section-full_width elementor-section-height-full elementor-section-stretched elementor-section-height-default elementor-section-items-middle\" data-id=\"408a1c3\" data-element_type=\"section\" data-settings=\"{&quot;stretch_section&quot;:&quot;section-stretched&quot;,&quot;background_background&quot;:&quot;slideshow&quot;,&quot;background_slideshow_gallery&quot;:[{&quot;id&quot;:934,&quot;url&quot;:&quot;http:\\\/\\\/memorialchalatenango.com\\\/wp-content\\\/uploads\\\/2021\\\/11\\\/masacre-los-raudas-02-scaled.jpg&quot;}],&quot;background_slideshow_loop&quot;:&quot;yes&quot;,&quot;background_slideshow_slide_duration&quot;:5000,&quot;background_slideshow_slide_transition&quot;:&quot;fade&quot;,&quot;background_slideshow_transition_duration&quot;:500}\">\n\t\t\t\t\t\t<div class=\"elementor-container elementor-column-gap-default\">\n\t\t\t\t\t\t\t<div class=\"elementor-row\">\n\t\t\t\t\t<div class=\"elementor-column elementor-col-100 elementor-top-column elementor-element elementor-element-b2c9427\" data-id=\"b2c9427\" data-element_type=\"column\">\n\t\t\t<div class=\"elementor-column-wrap elementor-element-populated\">\n\t\t\t\t\t\t\t<div class=\"elementor-widget-wrap\">\n\t\t\t\t\t\t<div class=\"elementor-element elementor-element-cc8fac2 elementor-widget elementor-widget-heading\" data-id=\"cc8fac2\" data-element_type=\"widget\" data-widget_type=\"heading.default\">\n\t\t\t\t<div class=\"elementor-widget-container\">\n\t\t\t<h1 class=\"elementor-heading-title elementor-size-default\">Los Raudas<\/h1>\t\t<\/div>\n\t\t\t\t<\/div>\n\t\t\t\t\t\t<\/div>\n\t\t\t\t\t<\/div>\n\t\t<\/div>\n\t\t\t\t\t\t\t\t<\/div>\n\t\t\t\t\t<\/div>\n\t\t<\/section>\n\t\t\t\t<section class=\"elementor-section elementor-top-section elementor-element elementor-element-5cea9d7 elementor-section-boxed elementor-section-height-default elementor-section-height-default\" data-id=\"5cea9d7\" data-element_type=\"section\">\n\t\t\t\t\t\t<div class=\"elementor-container elementor-column-gap-default\">\n\t\t\t\t\t\t\t<div class=\"elementor-row\">\n\t\t\t\t\t<div class=\"elementor-column elementor-col-100 elementor-top-column elementor-element elementor-element-57a3e06\" data-id=\"57a3e06\" data-element_type=\"column\">\n\t\t\t<div class=\"elementor-column-wrap elementor-element-populated\">\n\t\t\t\t\t\t\t<div class=\"elementor-widget-wrap\">\n\t\t\t\t\t\t<div class=\"elementor-element elementor-element-0f3e7c6 elementor-widget elementor-widget-text-editor\" data-id=\"0f3e7c6\" data-element_type=\"widget\" data-widget_type=\"text-editor.default\">\n\t\t\t\t<div class=\"elementor-widget-container\">\n\t\t\t\t\t\t\t\t<div class=\"elementor-text-editor elementor-clearfix\">\n\t\t\t\t<p>En octubre de 1982, la familia de Rom\u00e1n Monge y Uberlinda Quintanilla es asesinada, como parte del operativo conocido como La Guinda de Noviembre.<\/p>\t\t\t\t\t<\/div>\n\t\t\t\t\t\t<\/div>\n\t\t\t\t<\/div>\n\t\t\t\t\t\t<\/div>\n\t\t\t\t\t<\/div>\n\t\t<\/div>\n\t\t\t\t\t\t\t\t<\/div>\n\t\t\t\t\t<\/div>\n\t\t<\/section>\n\t\t\t\t<section class=\"elementor-section elementor-top-section elementor-element elementor-element-c7a27e9 elementor-section-boxed elementor-section-height-default elementor-section-height-default\" data-id=\"c7a27e9\" data-element_type=\"section\">\n\t\t\t\t\t\t<div class=\"elementor-container elementor-column-gap-default\">\n\t\t\t\t\t\t\t<div class=\"elementor-row\">\n\t\t\t\t\t<div class=\"elementor-column elementor-col-100 elementor-top-column elementor-element elementor-element-086f668\" data-id=\"086f668\" data-element_type=\"column\">\n\t\t\t<div class=\"elementor-column-wrap elementor-element-populated\">\n\t\t\t\t\t\t\t<div class=\"elementor-widget-wrap\">\n\t\t\t\t\t\t<div class=\"elementor-element elementor-element-eec60f6 elementor-widget elementor-widget-image\" data-id=\"eec60f6\" data-element_type=\"widget\" data-widget_type=\"image.default\">\n\t\t\t\t<div class=\"elementor-widget-container\">\n\t\t\t\t\t\t\t\t<div class=\"elementor-image\">\n\t\t\t\t\t\t\t\t\t<figure class=\"wp-caption\">\n\t\t\t\t\t\t\t\t\t\t<img width=\"2032\" height=\"1071\" src=\"http:\/\/memorialchalatenango.com\/wp-content\/uploads\/2021\/11\/survivors-massacre-los-raudas-02.jpg\" class=\"attachment-2048x2048 size-2048x2048\" alt=\"\" loading=\"lazy\" srcset=\"http:\/\/memorialchalatenango.com\/wp-content\/uploads\/2021\/11\/survivors-massacre-los-raudas-02.jpg 2032w, http:\/\/memorialchalatenango.com\/wp-content\/uploads\/2021\/11\/survivors-massacre-los-raudas-02-300x158.jpg 300w, http:\/\/memorialchalatenango.com\/wp-content\/uploads\/2021\/11\/survivors-massacre-los-raudas-02-1024x540.jpg 1024w, http:\/\/memorialchalatenango.com\/wp-content\/uploads\/2021\/11\/survivors-massacre-los-raudas-02-768x405.jpg 768w, http:\/\/memorialchalatenango.com\/wp-content\/uploads\/2021\/11\/survivors-massacre-los-raudas-02-1536x810.jpg 1536w, http:\/\/memorialchalatenango.com\/wp-content\/uploads\/2021\/11\/survivors-massacre-los-raudas-02-18x9.jpg 18w, http:\/\/memorialchalatenango.com\/wp-content\/uploads\/2021\/11\/survivors-massacre-los-raudas-02-1200x632.jpg 1200w, http:\/\/memorialchalatenango.com\/wp-content\/uploads\/2021\/11\/survivors-massacre-los-raudas-02-1980x1044.jpg 1980w\" sizes=\"(max-width: 2032px) 100vw, 2032px\" \/>\t\t\t\t\t\t\t\t\t\t\t<figcaption class=\"widget-image-caption wp-caption-text\"><\/figcaption>\n\t\t\t\t\t\t\t\t\t\t<\/figure>\n\t\t\t\t\t\t\t\t<\/div>\n\t\t\t\t\t\t<\/div>\n\t\t\t\t<\/div>\n\t\t\t\t\t\t<\/div>\n\t\t\t\t\t<\/div>\n\t\t<\/div>\n\t\t\t\t\t\t\t\t<\/div>\n\t\t\t\t\t<\/div>\n\t\t<\/section>\n\t\t\t\t<section class=\"elementor-section elementor-top-section elementor-element elementor-element-4fad09b elementor-section-boxed elementor-section-height-default elementor-section-height-default\" data-id=\"4fad09b\" data-element_type=\"section\">\n\t\t\t\t\t\t<div class=\"elementor-container elementor-column-gap-default\">\n\t\t\t\t\t\t\t<div class=\"elementor-row\">\n\t\t\t\t\t<div class=\"elementor-column elementor-col-100 elementor-top-column elementor-element elementor-element-9a38482\" data-id=\"9a38482\" data-element_type=\"column\">\n\t\t\t<div class=\"elementor-column-wrap elementor-element-populated\">\n\t\t\t\t\t\t\t<div class=\"elementor-widget-wrap\">\n\t\t\t\t\t\t<div class=\"elementor-element elementor-element-2833b46 elementor-widget elementor-widget-testimonial\" data-id=\"2833b46\" data-element_type=\"widget\" data-widget_type=\"testimonial.default\">\n\t\t\t\t<div class=\"elementor-widget-container\">\n\t\t\t\t\t<div class=\"elementor-testimonial-wrapper\">\n\t\t\t\t\t\t\t<div class=\"elementor-testimonial-content\">\u201cEn tiempos de guerra nosotros dec\u00edamos \u2018a ver a qui\u00e9n le toca\u2019. Cuando sal\u00edamos en retiradas siempre mor\u00eda gente. Nosotros hab\u00edamos tenido la gran suerte que nunca hab\u00edamos ca\u00eddo, siempre nos salv\u00e1bamos, pero ese d\u00eda ca\u00edmos\u201d<\/div>\n\t\t\t\n\t\t\t\t\t\t<div class=\"elementor-testimonial-meta elementor-has-image elementor-testimonial-image-position-aside\">\n\t\t\t\t<div class=\"elementor-testimonial-meta-inner\">\n\t\t\t\t\t\t\t\t\t\t\t<div class=\"elementor-testimonial-image\">\n\t\t\t\t\t\t\t<img width=\"635\" height=\"635\" src=\"http:\/\/memorialchalatenango.com\/wp-content\/uploads\/2021\/11\/roman-massacre-los-raudas-01.jpg\" class=\"attachment-full size-full\" alt=\"\" loading=\"lazy\" \/>\t\t\t\t\t\t<\/div>\n\t\t\t\t\t\n\t\t\t\t\t\t\t\t\t\t<div class=\"elementor-testimonial-details\">\n\t\t\t\t\t\t\t\t\t\t\t\t\t\t<div class=\"elementor-testimonial-name\">Rom\u00e1n Monge<\/div>\n\t\t\t\t\t\t\t\t\t\t\t\t\t\t\t\t\t\t\t\t\t\t<div class=\"elementor-testimonial-job\">Sobreviviente y v\u00edctima de la Masacre de Los Raudas<\/div>\n\t\t\t\t\t\t\t\t\t\t\t\t\t<\/div>\n\t\t\t\t\t\t\t\t\t<\/div>\n\t\t\t<\/div>\n\t\t\t\t\t<\/div>\n\t\t\t\t<\/div>\n\t\t\t\t<\/div>\n\t\t\t\t\t\t<\/div>\n\t\t\t\t\t<\/div>\n\t\t<\/div>\n\t\t\t\t\t\t\t\t<\/div>\n\t\t\t\t\t<\/div>\n\t\t<\/section>\n\t\t\t\t<section class=\"elementor-section elementor-top-section elementor-element elementor-element-06c0b8f elementor-section-boxed elementor-section-height-default elementor-section-height-default\" data-id=\"06c0b8f\" data-element_type=\"section\">\n\t\t\t\t\t\t<div class=\"elementor-container elementor-column-gap-default\">\n\t\t\t\t\t\t\t<div class=\"elementor-row\">\n\t\t\t\t\t<div class=\"elementor-column elementor-col-100 elementor-top-column elementor-element elementor-element-e106273\" data-id=\"e106273\" data-element_type=\"column\">\n\t\t\t<div class=\"elementor-column-wrap elementor-element-populated\">\n\t\t\t\t\t\t\t<div class=\"elementor-widget-wrap\">\n\t\t\t\t\t\t<div class=\"elementor-element elementor-element-ab8b6f7 elementor-widget elementor-widget-image\" data-id=\"ab8b6f7\" data-element_type=\"widget\" data-widget_type=\"image.default\">\n\t\t\t\t<div class=\"elementor-widget-container\">\n\t\t\t\t\t\t\t\t<div class=\"elementor-image\">\n\t\t\t\t\t\t\t\t\t<figure class=\"wp-caption\">\n\t\t\t\t\t\t\t\t\t\t<img width=\"580\" height=\"773\" src=\"http:\/\/memorialchalatenango.com\/wp-content\/uploads\/2021\/11\/sobreviviente-masacre-los-raudas-02-768x1024.jpg\" class=\"attachment-large size-large\" alt=\"\" loading=\"lazy\" srcset=\"http:\/\/memorialchalatenango.com\/wp-content\/uploads\/2021\/11\/sobreviviente-masacre-los-raudas-02-768x1024.jpg 768w, http:\/\/memorialchalatenango.com\/wp-content\/uploads\/2021\/11\/sobreviviente-masacre-los-raudas-02-225x300.jpg 225w, http:\/\/memorialchalatenango.com\/wp-content\/uploads\/2021\/11\/sobreviviente-masacre-los-raudas-02-1152x1536.jpg 1152w, http:\/\/memorialchalatenango.com\/wp-content\/uploads\/2021\/11\/sobreviviente-masacre-los-raudas-02-9x12.jpg 9w, http:\/\/memorialchalatenango.com\/wp-content\/uploads\/2021\/11\/sobreviviente-masacre-los-raudas-02-1200x1600.jpg 1200w, http:\/\/memorialchalatenango.com\/wp-content\/uploads\/2021\/11\/sobreviviente-masacre-los-raudas-02.jpg 1500w\" sizes=\"(max-width: 580px) 100vw, 580px\" \/>\t\t\t\t\t\t\t\t\t\t\t<figcaption class=\"widget-image-caption wp-caption-text\">Lista de personas fallecidas en la Masacre de Los Raudas, el 11 de noviembre de 1982: Felicita Zamora (abuela), Ana Rita Monge y Valentina Monge (t\u00edas), Antonio Orellana (cu\u00f1ado), Luis, Mois\u00e9s y V\u00edctor Orellana (primos), Ra\u00fal, Francisca, y Patricia (primos), Manuel y Agust\u00edn Orellana, Blanca y Lili\u00e1n Beltr\u00e1n (amigos).<\/figcaption>\n\t\t\t\t\t\t\t\t\t\t<\/figure>\n\t\t\t\t\t\t\t\t<\/div>\n\t\t\t\t\t\t<\/div>\n\t\t\t\t<\/div>\n\t\t\t\t\t\t<\/div>\n\t\t\t\t\t<\/div>\n\t\t<\/div>\n\t\t\t\t\t\t\t\t<\/div>\n\t\t\t\t\t<\/div>\n\t\t<\/section>\n\t\t\t\t<section class=\"elementor-section elementor-top-section elementor-element elementor-element-b94f81e elementor-section-boxed elementor-section-height-default elementor-section-height-default\" data-id=\"b94f81e\" data-element_type=\"section\">\n\t\t\t\t\t\t<div class=\"elementor-container elementor-column-gap-default\">\n\t\t\t\t\t\t\t<div class=\"elementor-row\">\n\t\t\t\t\t<div class=\"elementor-column elementor-col-100 elementor-top-column elementor-element elementor-element-c0f8799\" data-id=\"c0f8799\" data-element_type=\"column\">\n\t\t\t<div class=\"elementor-column-wrap elementor-element-populated\">\n\t\t\t\t\t\t\t<div class=\"elementor-widget-wrap\">\n\t\t\t\t\t\t<div class=\"elementor-element elementor-element-9b0eb93 elementor-widget elementor-widget-testimonial\" data-id=\"9b0eb93\" data-element_type=\"widget\" data-widget_type=\"testimonial.default\">\n\t\t\t\t<div class=\"elementor-widget-container\">\n\t\t\t\t\t<div class=\"elementor-testimonial-wrapper\">\n\t\t\t\t\t\t\t<div class=\"elementor-testimonial-content\">\u201cPara nosotros fue duro, porque era nuestra gente. As\u00ed como esta masacre hay muchas otras que no les han hecho publicidad. Hay masacres de mucha, mucha gente\u201d <\/div>\n\t\t\t\n\t\t\t\t\t\t<div class=\"elementor-testimonial-meta elementor-has-image elementor-testimonial-image-position-aside\">\n\t\t\t\t<div class=\"elementor-testimonial-meta-inner\">\n\t\t\t\t\t\t\t\t\t\t\t<div class=\"elementor-testimonial-image\">\n\t\t\t\t\t\t\t<img width=\"558\" height=\"558\" src=\"http:\/\/memorialchalatenango.com\/wp-content\/uploads\/2021\/11\/uberlinda-massacre-los-raudas-01.jpg\" class=\"attachment-full size-full\" alt=\"\" loading=\"lazy\" \/>\t\t\t\t\t\t<\/div>\n\t\t\t\t\t\n\t\t\t\t\t\t\t\t\t\t<div class=\"elementor-testimonial-details\">\n\t\t\t\t\t\t\t\t\t\t\t\t\t\t<div class=\"elementor-testimonial-name\">Uberlinda Quintanilla<\/div>\n\t\t\t\t\t\t\t\t\t\t\t\t\t\t\t\t\t\t\t\t\t\t<div class=\"elementor-testimonial-job\">Sobreviviente de las Masacre de Los Raudas<\/div>\n\t\t\t\t\t\t\t\t\t\t\t\t\t<\/div>\n\t\t\t\t\t\t\t\t\t<\/div>\n\t\t\t<\/div>\n\t\t\t\t\t<\/div>\n\t\t\t\t<\/div>\n\t\t\t\t<\/div>\n\t\t\t\t\t\t<\/div>\n\t\t\t\t\t<\/div>\n\t\t<\/div>\n\t\t\t\t\t\t\t\t<\/div>\n\t\t\t\t\t<\/div>\n\t\t<\/section>\n\t\t\t\t<section class=\"elementor-section elementor-top-section elementor-element elementor-element-d73a13d elementor-section-boxed elementor-section-height-default elementor-section-height-default\" data-id=\"d73a13d\" data-element_type=\"section\">\n\t\t\t\t\t\t<div class=\"elementor-container elementor-column-gap-default\">\n\t\t\t\t\t\t\t<div class=\"elementor-row\">\n\t\t\t\t\t<div class=\"elementor-column elementor-col-100 elementor-top-column elementor-element elementor-element-e5c0ee5\" data-id=\"e5c0ee5\" data-element_type=\"column\">\n\t\t\t<div class=\"elementor-column-wrap elementor-element-populated\">\n\t\t\t\t\t\t\t<div class=\"elementor-widget-wrap\">\n\t\t\t\t\t\t<div class=\"elementor-element elementor-element-37d3671 elementor-widget elementor-widget-image\" data-id=\"37d3671\" data-element_type=\"widget\" data-widget_type=\"image.default\">\n\t\t\t\t<div class=\"elementor-widget-container\">\n\t\t\t\t\t\t\t\t<div class=\"elementor-image\">\n\t\t\t\t\t\t\t\t\t<figure class=\"wp-caption\">\n\t\t\t\t\t\t\t\t\t\t<img width=\"1500\" height=\"2000\" src=\"http:\/\/memorialchalatenango.com\/wp-content\/uploads\/2021\/11\/documental-masacres-chalatenango-11.jpg\" class=\"attachment-2048x2048 size-2048x2048\" alt=\"\" loading=\"lazy\" srcset=\"http:\/\/memorialchalatenango.com\/wp-content\/uploads\/2021\/11\/documental-masacres-chalatenango-11.jpg 1500w, http:\/\/memorialchalatenango.com\/wp-content\/uploads\/2021\/11\/documental-masacres-chalatenango-11-225x300.jpg 225w, http:\/\/memorialchalatenango.com\/wp-content\/uploads\/2021\/11\/documental-masacres-chalatenango-11-768x1024.jpg 768w, http:\/\/memorialchalatenango.com\/wp-content\/uploads\/2021\/11\/documental-masacres-chalatenango-11-1152x1536.jpg 1152w, http:\/\/memorialchalatenango.com\/wp-content\/uploads\/2021\/11\/documental-masacres-chalatenango-11-9x12.jpg 9w, http:\/\/memorialchalatenango.com\/wp-content\/uploads\/2021\/11\/documental-masacres-chalatenango-11-1200x1600.jpg 1200w\" sizes=\"(max-width: 1500px) 100vw, 1500px\" \/>\t\t\t\t\t\t\t\t\t\t\t<figcaption class=\"widget-image-caption wp-caption-text\">\u00c1rbol a la entrada del camino a Los Raudas.<\/figcaption>\n\t\t\t\t\t\t\t\t\t\t<\/figure>\n\t\t\t\t\t\t\t\t<\/div>\n\t\t\t\t\t\t<\/div>\n\t\t\t\t<\/div>\n\t\t\t\t\t\t<\/div>\n\t\t\t\t\t<\/div>\n\t\t<\/div>\n\t\t\t\t\t\t\t\t<\/div>\n\t\t\t\t\t<\/div>\n\t\t<\/section>\n\t\t\t\t<section class=\"elementor-section elementor-top-section elementor-element elementor-element-be47b45 elementor-section-boxed elementor-section-height-default elementor-section-height-default\" data-id=\"be47b45\" data-element_type=\"section\">\n\t\t\t\t\t\t<div class=\"elementor-container elementor-column-gap-default\">\n\t\t\t\t\t\t\t<div class=\"elementor-row\">\n\t\t\t\t\t<div class=\"elementor-column elementor-col-100 elementor-top-column elementor-element elementor-element-5be9ef9\" data-id=\"5be9ef9\" data-element_type=\"column\">\n\t\t\t<div class=\"elementor-column-wrap elementor-element-populated\">\n\t\t\t\t\t\t\t<div class=\"elementor-widget-wrap\">\n\t\t\t\t\t\t<div class=\"elementor-element elementor-element-b6ade9a elementor-widget elementor-widget-image\" data-id=\"b6ade9a\" data-element_type=\"widget\" data-widget_type=\"image.default\">\n\t\t\t\t<div class=\"elementor-widget-container\">\n\t\t\t\t\t\t\t\t<div class=\"elementor-image\">\n\t\t\t\t\t\t\t\t\t<figure class=\"wp-caption\">\n\t\t\t\t\t\t\t\t\t\t<img width=\"2048\" height=\"1365\" src=\"http:\/\/memorialchalatenango.com\/wp-content\/uploads\/2021\/11\/documental-masacres-chalatenango-06-2048x1365.jpg\" class=\"attachment-2048x2048 size-2048x2048\" alt=\"\" loading=\"lazy\" srcset=\"http:\/\/memorialchalatenango.com\/wp-content\/uploads\/2021\/11\/documental-masacres-chalatenango-06-2048x1365.jpg 2048w, http:\/\/memorialchalatenango.com\/wp-content\/uploads\/2021\/11\/documental-masacres-chalatenango-06-300x200.jpg 300w, http:\/\/memorialchalatenango.com\/wp-content\/uploads\/2021\/11\/documental-masacres-chalatenango-06-1024x683.jpg 1024w, http:\/\/memorialchalatenango.com\/wp-content\/uploads\/2021\/11\/documental-masacres-chalatenango-06-768x512.jpg 768w, http:\/\/memorialchalatenango.com\/wp-content\/uploads\/2021\/11\/documental-masacres-chalatenango-06-1536x1024.jpg 1536w, http:\/\/memorialchalatenango.com\/wp-content\/uploads\/2021\/11\/documental-masacres-chalatenango-06-18x12.jpg 18w, http:\/\/memorialchalatenango.com\/wp-content\/uploads\/2021\/11\/documental-masacres-chalatenango-06-1200x800.jpg 1200w, http:\/\/memorialchalatenango.com\/wp-content\/uploads\/2021\/11\/documental-masacres-chalatenango-06-1980x1320.jpg 1980w\" sizes=\"(max-width: 2048px) 100vw, 2048px\" \/>\t\t\t\t\t\t\t\t\t\t\t<figcaption class=\"widget-image-caption wp-caption-text\">Uberlinda y sus hijos, camino al sitio donde ocurri\u00f3 la masacre.<\/figcaption>\n\t\t\t\t\t\t\t\t\t\t<\/figure>\n\t\t\t\t\t\t\t\t<\/div>\n\t\t\t\t\t\t<\/div>\n\t\t\t\t<\/div>\n\t\t\t\t\t\t<\/div>\n\t\t\t\t\t<\/div>\n\t\t<\/div>\n\t\t\t\t\t\t\t\t<\/div>\n\t\t\t\t\t<\/div>\n\t\t<\/section>\n\t\t\t\t<section class=\"elementor-section elementor-top-section elementor-element elementor-element-cb462a2 elementor-section-boxed elementor-section-height-default elementor-section-height-default\" data-id=\"cb462a2\" data-element_type=\"section\">\n\t\t\t\t\t\t<div class=\"elementor-container elementor-column-gap-default\">\n\t\t\t\t\t\t\t<div class=\"elementor-row\">\n\t\t\t\t\t<div class=\"elementor-column elementor-col-100 elementor-top-column elementor-element elementor-element-7f65894\" data-id=\"7f65894\" data-element_type=\"column\">\n\t\t\t<div class=\"elementor-column-wrap elementor-element-populated\">\n\t\t\t\t\t\t\t<div class=\"elementor-widget-wrap\">\n\t\t\t\t\t\t<div class=\"elementor-element elementor-element-c6c4a0b elementor-widget elementor-widget-heading\" data-id=\"c6c4a0b\" data-element_type=\"widget\" data-widget_type=\"heading.default\">\n\t\t\t\t<div class=\"elementor-widget-container\">\n\t\t\t<h2 class=\"elementor-heading-title elementor-size-default\">Documental:<\/h2>\t\t<\/div>\n\t\t\t\t<\/div>\n\t\t\t\t\t\t<\/div>\n\t\t\t\t\t<\/div>\n\t\t<\/div>\n\t\t\t\t\t\t\t\t<\/div>\n\t\t\t\t\t<\/div>\n\t\t<\/section>\n\t\t\t\t<section class=\"elementor-section elementor-top-section elementor-element elementor-element-78fb6d7 elementor-section-content-top elementor-section-stretched elementor-section-boxed elementor-section-height-default elementor-section-height-default\" data-id=\"78fb6d7\" data-element_type=\"section\" data-settings=\"{&quot;stretch_section&quot;:&quot;section-stretched&quot;}\">\n\t\t\t\t\t\t<div class=\"elementor-container elementor-column-gap-no\">\n\t\t\t\t\t\t\t<div class=\"elementor-row\">\n\t\t\t\t\t<div class=\"elementor-column elementor-col-100 elementor-top-column elementor-element elementor-element-6904bf6\" data-id=\"6904bf6\" data-element_type=\"column\">\n\t\t\t<div class=\"elementor-column-wrap elementor-element-populated\">\n\t\t\t\t\t\t\t<div class=\"elementor-widget-wrap\">\n\t\t\t\t\t\t<div class=\"elementor-element elementor-element-aef53c5 elementor-aspect-ratio-169 elementor-widget elementor-widget-video\" data-id=\"aef53c5\" data-element_type=\"widget\" data-settings=\"{&quot;video_type&quot;:&quot;vimeo&quot;,&quot;aspect_ratio&quot;:&quot;169&quot;}\" data-widget_type=\"video.default\">\n\t\t\t\t<div class=\"elementor-widget-container\">\n\t\t\t\t\t<div class=\"elementor-wrapper elementor-fit-aspect-ratio elementor-open-inline\">\n\t\t\t<iframe class=\"elementor-video-iframe\" allowfullscreen title=\"vimeo Video Player\" src=\"https:\/\/player.vimeo.com\/video\/522606444?color&amp;autopause=0&amp;loop=0&amp;muted=0&amp;title=1&amp;portrait=1&amp;byline=1#t=\"><\/iframe>\t\t<\/div>\n\t\t\t\t<\/div>\n\t\t\t\t<\/div>\n\t\t\t\t\t\t<\/div>\n\t\t\t\t\t<\/div>\n\t\t<\/div>\n\t\t\t\t\t\t\t\t<\/div>\n\t\t\t\t\t<\/div>\n\t\t<\/section>\n\t\t\t\t<section class=\"elementor-section elementor-top-section elementor-element elementor-element-6a9e695 elementor-section-boxed elementor-section-height-default elementor-section-height-default\" data-id=\"6a9e695\" data-element_type=\"section\">\n\t\t\t\t\t\t<div class=\"elementor-container elementor-column-gap-default\">\n\t\t\t\t\t\t\t<div class=\"elementor-row\">\n\t\t\t\t\t<div class=\"elementor-column elementor-col-100 elementor-top-column elementor-element elementor-element-acdf9d6\" data-id=\"acdf9d6\" data-element_type=\"column\">\n\t\t\t<div class=\"elementor-column-wrap elementor-element-populated\">\n\t\t\t\t\t\t\t<div class=\"elementor-widget-wrap\">\n\t\t\t\t\t\t<div class=\"elementor-element elementor-element-ee98146 elementor-widget elementor-widget-testimonial\" data-id=\"ee98146\" data-element_type=\"widget\" data-widget_type=\"testimonial.default\">\n\t\t\t\t<div class=\"elementor-widget-container\">\n\t\t\t\t\t<div class=\"elementor-testimonial-wrapper\">\n\t\t\t\t\t\t\t<div class=\"elementor-testimonial-content\">\u201cAqu\u00ed quedaron enterrados nuestros seres queridos, y estamos aqu\u00ed para que nos quede el recuerdo de esas personas que murieron\u201d <\/div>\n\t\t\t\n\t\t\t\t\t\t<div class=\"elementor-testimonial-meta elementor-has-image elementor-testimonial-image-position-aside\">\n\t\t\t\t<div class=\"elementor-testimonial-meta-inner\">\n\t\t\t\t\t\t\t\t\t\t\t<div class=\"elementor-testimonial-image\">\n\t\t\t\t\t\t\t<img width=\"558\" height=\"558\" src=\"http:\/\/memorialchalatenango.com\/wp-content\/uploads\/2021\/11\/uberlinda-massacre-los-raudas-01.jpg\" class=\"attachment-full size-full\" alt=\"\" loading=\"lazy\" \/>\t\t\t\t\t\t<\/div>\n\t\t\t\t\t\n\t\t\t\t\t\t\t\t\t\t<div class=\"elementor-testimonial-details\">\n\t\t\t\t\t\t\t\t\t\t\t\t\t\t<div class=\"elementor-testimonial-name\">Uberlinda Quintanilla<\/div>\n\t\t\t\t\t\t\t\t\t\t\t\t\t\t\t\t\t\t\t\t\t\t<div class=\"elementor-testimonial-job\">Sobreviviente de las Masacre de Los Raudas<\/div>\n\t\t\t\t\t\t\t\t\t\t\t\t\t<\/div>\n\t\t\t\t\t\t\t\t\t<\/div>\n\t\t\t<\/div>\n\t\t\t\t\t<\/div>\n\t\t\t\t<\/div>\n\t\t\t\t<\/div>\n\t\t\t\t\t\t<\/div>\n\t\t\t\t\t<\/div>\n\t\t<\/div>\n\t\t\t\t\t\t\t\t<\/div>\n\t\t\t\t\t<\/div>\n\t\t<\/section>\n\t\t\t\t<section class=\"elementor-section elementor-top-section elementor-element elementor-element-34fed29 elementor-section-boxed elementor-section-height-default elementor-section-height-default\" data-id=\"34fed29\" data-element_type=\"section\">\n\t\t\t\t\t\t<div class=\"elementor-container elementor-column-gap-default\">\n\t\t\t\t\t\t\t<div class=\"elementor-row\">\n\t\t\t\t\t<div class=\"elementor-column elementor-col-50 elementor-top-column elementor-element elementor-element-f12c304\" data-id=\"f12c304\" data-element_type=\"column\">\n\t\t\t<div class=\"elementor-column-wrap elementor-element-populated\">\n\t\t\t\t\t\t\t<div class=\"elementor-widget-wrap\">\n\t\t\t\t\t\t<div class=\"elementor-element elementor-element-5611e64 elementor-widget elementor-widget-image\" data-id=\"5611e64\" data-element_type=\"widget\" data-widget_type=\"image.default\">\n\t\t\t\t<div class=\"elementor-widget-container\">\n\t\t\t\t\t\t\t\t<div class=\"elementor-image\">\n\t\t\t\t\t\t\t\t\t\t\t\t<img width=\"580\" height=\"387\" src=\"http:\/\/memorialchalatenango.com\/wp-content\/uploads\/2021\/11\/masacre-los-raudas-05-1024x683.jpg\" class=\"attachment-large size-large\" alt=\"\" loading=\"lazy\" srcset=\"http:\/\/memorialchalatenango.com\/wp-content\/uploads\/2021\/11\/masacre-los-raudas-05-1024x683.jpg 1024w, http:\/\/memorialchalatenango.com\/wp-content\/uploads\/2021\/11\/masacre-los-raudas-05-300x200.jpg 300w, http:\/\/memorialchalatenango.com\/wp-content\/uploads\/2021\/11\/masacre-los-raudas-05-768x512.jpg 768w, http:\/\/memorialchalatenango.com\/wp-content\/uploads\/2021\/11\/masacre-los-raudas-05-1536x1024.jpg 1536w, http:\/\/memorialchalatenango.com\/wp-content\/uploads\/2021\/11\/masacre-los-raudas-05-2048x1365.jpg 2048w, http:\/\/memorialchalatenango.com\/wp-content\/uploads\/2021\/11\/masacre-los-raudas-05-18x12.jpg 18w, http:\/\/memorialchalatenango.com\/wp-content\/uploads\/2021\/11\/masacre-los-raudas-05-1200x800.jpg 1200w, http:\/\/memorialchalatenango.com\/wp-content\/uploads\/2021\/11\/masacre-los-raudas-05-1980x1320.jpg 1980w\" sizes=\"(max-width: 580px) 100vw, 580px\" \/>\t\t\t\t\t\t\t\t\t\t\t\t\t\t<\/div>\n\t\t\t\t\t\t<\/div>\n\t\t\t\t<\/div>\n\t\t\t\t\t\t<\/div>\n\t\t\t\t\t<\/div>\n\t\t<\/div>\n\t\t\t\t<div class=\"elementor-column elementor-col-50 elementor-top-column elementor-element elementor-element-99a6344\" data-id=\"99a6344\" data-element_type=\"column\">\n\t\t\t<div class=\"elementor-column-wrap elementor-element-populated\">\n\t\t\t\t\t\t\t<div class=\"elementor-widget-wrap\">\n\t\t\t\t\t\t<div class=\"elementor-element elementor-element-ef117d6 elementor-widget elementor-widget-image\" data-id=\"ef117d6\" data-element_type=\"widget\" data-widget_type=\"image.default\">\n\t\t\t\t<div class=\"elementor-widget-container\">\n\t\t\t\t\t\t\t\t<div class=\"elementor-image\">\n\t\t\t\t\t\t\t\t\t\t\t\t<img width=\"580\" height=\"387\" src=\"http:\/\/memorialchalatenango.com\/wp-content\/uploads\/2021\/11\/documental-masacres-chalatenango-05-1024x683.jpg\" class=\"attachment-large size-large\" alt=\"\" loading=\"lazy\" srcset=\"http:\/\/memorialchalatenango.com\/wp-content\/uploads\/2021\/11\/documental-masacres-chalatenango-05-1024x683.jpg 1024w, http:\/\/memorialchalatenango.com\/wp-content\/uploads\/2021\/11\/documental-masacres-chalatenango-05-300x200.jpg 300w, http:\/\/memorialchalatenango.com\/wp-content\/uploads\/2021\/11\/documental-masacres-chalatenango-05-768x512.jpg 768w, http:\/\/memorialchalatenango.com\/wp-content\/uploads\/2021\/11\/documental-masacres-chalatenango-05-1536x1024.jpg 1536w, http:\/\/memorialchalatenango.com\/wp-content\/uploads\/2021\/11\/documental-masacres-chalatenango-05-2048x1365.jpg 2048w, http:\/\/memorialchalatenango.com\/wp-content\/uploads\/2021\/11\/documental-masacres-chalatenango-05-18x12.jpg 18w, http:\/\/memorialchalatenango.com\/wp-content\/uploads\/2021\/11\/documental-masacres-chalatenango-05-1200x800.jpg 1200w, http:\/\/memorialchalatenango.com\/wp-content\/uploads\/2021\/11\/documental-masacres-chalatenango-05-1980x1320.jpg 1980w\" sizes=\"(max-width: 580px) 100vw, 580px\" \/>\t\t\t\t\t\t\t\t\t\t\t\t\t\t<\/div>\n\t\t\t\t\t\t<\/div>\n\t\t\t\t<\/div>\n\t\t\t\t\t\t<\/div>\n\t\t\t\t\t<\/div>\n\t\t<\/div>\n\t\t\t\t\t\t\t\t<\/div>\n\t\t\t\t\t<\/div>\n\t\t<\/section>\n\t\t\t\t<section class=\"elementor-section elementor-top-section elementor-element elementor-element-07612f5 elementor-section-boxed elementor-section-height-default elementor-section-height-default\" data-id=\"07612f5\" data-element_type=\"section\">\n\t\t\t\t\t\t<div class=\"elementor-container elementor-column-gap-default\">\n\t\t\t\t\t\t\t<div class=\"elementor-row\">\n\t\t\t\t\t<div class=\"elementor-column elementor-col-100 elementor-top-column elementor-element elementor-element-b49fd3a\" data-id=\"b49fd3a\" data-element_type=\"column\">\n\t\t\t<div class=\"elementor-column-wrap elementor-element-populated\">\n\t\t\t\t\t\t\t<div class=\"elementor-widget-wrap\">\n\t\t\t\t\t\t<div class=\"elementor-element elementor-element-5ab469f elementor-widget elementor-widget-text-editor\" data-id=\"5ab469f\" data-element_type=\"widget\" data-widget_type=\"text-editor.default\">\n\t\t\t\t<div class=\"elementor-widget-container\">\n\t\t\t\t\t\t\t\t<div class=\"elementor-text-editor elementor-clearfix\">\n\t\t\t\t<p><strong>Rom\u00e1n Monge<\/strong> and <strong>Uberlinda Quintanilla<\/strong> viven en San Jos\u00e9 Las Flores con su familia. <\/p>\t\t\t\t\t<\/div>\n\t\t\t\t\t\t<\/div>\n\t\t\t\t<\/div>\n\t\t\t\t\t\t<\/div>\n\t\t\t\t\t<\/div>\n\t\t<\/div>\n\t\t\t\t\t\t\t\t<\/div>\n\t\t\t\t\t<\/div>\n\t\t<\/section>\n\t\t\t\t\t\t<\/div>\n\t\t\t\t\t\t<\/div>\n\t\t\t\t\t<\/div>","protected":false},"excerpt":{"rendered":"<p>Los Raudas En octubre de 1982, la familia de Rom\u00e1n Monge y Uberlinda Quintanilla es asesinada, como parte del operativo conocido como La Guinda de Noviembre. \u201cEn tiempos de guerra nosotros dec\u00edamos \u2018a ver a qui\u00e9n le toca\u2019. Cuando sal\u00edamos en retiradas siempre mor\u00eda gente. Nosotros hab\u00edamos tenido la gran suerte que nunca hab\u00edamos ca\u00eddo, [&hellip;]<\/p>","protected":false},"author":1,"featured_media":0,"parent":0,"menu_order":0,"comment_status":"closed","ping_status":"closed","template":"elementor_header_footer","meta":{"_themeisle_gutenberg_block_has_review":false},"yoast_head":"<!-- This site is optimized with the Yoast SEO plugin v17.5 - https:\/\/yoast.com\/wordpress\/plugins\/seo\/ -->\n<title>Los Raudas - Londombia<\/title>\n<meta name=\"robots\" content=\"index, follow, max-snippet:-1, max-image-preview:large, max-video-preview:-1\" \/>\n<link rel=\"canonical\" href=\"http:\/\/memorialchalatenango.com\/en\/los-raudas\/\" \/>\n<meta property=\"og:locale\" content=\"en_US\" \/>\n<meta property=\"og:type\" content=\"article\" \/>\n<meta property=\"og:title\" content=\"Los Raudas - Londombia\" \/>\n<meta property=\"og:description\" content=\"Los Raudas En octubre de 1982, la familia de Rom\u00e1n Monge y Uberlinda Quintanilla es asesinada, como parte del operativo conocido como La Guinda de Noviembre. \u201cEn tiempos de guerra nosotros dec\u00edamos \u2018a ver a qui\u00e9n le toca\u2019. Cuando sal\u00edamos en retiradas siempre mor\u00eda gente. Nosotros hab\u00edamos tenido la gran suerte que nunca hab\u00edamos ca\u00eddo, [&hellip;]\" \/>\n<meta property=\"og:url\" content=\"http:\/\/memorialchalatenango.com\/en\/los-raudas\/\" \/>\n<meta property=\"og:site_name\" content=\"Londombia\" \/>\n<meta property=\"article:modified_time\" content=\"2021-11-29T19:32:33+00:00\" \/>\n<meta property=\"og:image\" content=\"http:\/\/memorialchalatenango.com\/wp-content\/uploads\/2021\/11\/survivors-massacre-los-raudas-02.jpg\" \/>\n<meta name=\"twitter:card\" content=\"summary_large_image\" \/>\n<meta name=\"twitter:label1\" content=\"Est. reading time\" \/>\n\t<meta name=\"twitter:data1\" content=\"3 minutes\" \/>\n<script type=\"application\/ld+json\" class=\"yoast-schema-graph\">{\"@context\":\"https:\/\/schema.org\",\"@graph\":[{\"@type\":\"WebSite\",\"@id\":\"http:\/\/memorialchalatenango.com\/#website\",\"url\":\"http:\/\/memorialchalatenango.com\/\",\"name\":\"Londombia\",\"description\":\"Celebrating the presence of the Colombian community in London\",\"potentialAction\":[{\"@type\":\"SearchAction\",\"target\":{\"@type\":\"EntryPoint\",\"urlTemplate\":\"http:\/\/memorialchalatenango.com\/?s={search_term_string}\"},\"query-input\":\"required name=search_term_string\"}],\"inLanguage\":\"en-CA\"},{\"@type\":\"ImageObject\",\"@id\":\"https:\/\/memorialchalatenango.com\/los-raudas\/#primaryimage\",\"inLanguage\":\"en-CA\",\"url\":\"http:\/\/memorialchalatenango.com\/wp-content\/uploads\/2021\/11\/survivors-massacre-los-raudas-02.jpg\",\"contentUrl\":\"http:\/\/memorialchalatenango.com\/wp-content\/uploads\/2021\/11\/survivors-massacre-los-raudas-02.jpg\",\"width\":2032,\"height\":1071},{\"@type\":\"WebPage\",\"@id\":\"https:\/\/memorialchalatenango.com\/los-raudas\/#webpage\",\"url\":\"https:\/\/memorialchalatenango.com\/los-raudas\/\",\"name\":\"Los Raudas - Londombia\",\"isPartOf\":{\"@id\":\"http:\/\/memorialchalatenango.com\/#website\"},\"primaryImageOfPage\":{\"@id\":\"https:\/\/memorialchalatenango.com\/los-raudas\/#primaryimage\"},\"datePublished\":\"2021-11-29T16:13:07+00:00\",\"dateModified\":\"2021-11-29T19:32:33+00:00\",\"breadcrumb\":{\"@id\":\"https:\/\/memorialchalatenango.com\/los-raudas\/#breadcrumb\"},\"inLanguage\":\"en-CA\",\"potentialAction\":[{\"@type\":\"ReadAction\",\"target\":[\"https:\/\/memorialchalatenango.com\/los-raudas\/\"]}]},{\"@type\":\"BreadcrumbList\",\"@id\":\"https:\/\/memorialchalatenango.com\/los-raudas\/#breadcrumb\",\"itemListElement\":[{\"@type\":\"ListItem\",\"position\":1,\"name\":\"Home\",\"item\":\"http:\/\/memorialchalatenango.com\/\"},{\"@type\":\"ListItem\",\"position\":2,\"name\":\"Los Raudas\"}]}]}<\/script>\n<!-- \/ Yoast SEO plugin. -->","yoast_head_json":{"title":"Los Raudas - Londombia","robots":{"index":"index","follow":"follow","max-snippet":"max-snippet:-1","max-image-preview":"max-image-preview:large","max-video-preview":"max-video-preview:-1"},"canonical":"http:\/\/memorialchalatenango.com\/en\/los-raudas\/","og_locale":"en_US","og_type":"article","og_title":"Los Raudas - Londombia","og_description":"Los Raudas En octubre de 1982, la familia de Rom\u00e1n Monge y Uberlinda Quintanilla es asesinada, como parte del operativo conocido como La Guinda de Noviembre. \u201cEn tiempos de guerra nosotros dec\u00edamos \u2018a ver a qui\u00e9n le toca\u2019. Cuando sal\u00edamos en retiradas siempre mor\u00eda gente. Nosotros hab\u00edamos tenido la gran suerte que nunca hab\u00edamos ca\u00eddo, [&hellip;]","og_url":"http:\/\/memorialchalatenango.com\/en\/los-raudas\/","og_site_name":"Londombia","article_modified_time":"2021-11-29T19:32:33+00:00","og_image":[{"url":"http:\/\/memorialchalatenango.com\/wp-content\/uploads\/2021\/11\/survivors-massacre-los-raudas-02.jpg"}],"twitter_card":"summary_large_image","twitter_misc":{"Est. reading time":"3 minutes"},"schema":{"@context":"https:\/\/schema.org","@graph":[{"@type":"WebSite","@id":"http:\/\/memorialchalatenango.com\/#website","url":"http:\/\/memorialchalatenango.com\/","name":"Londombia","description":"Celebrating the presence of the Colombian community in London","potentialAction":[{"@type":"SearchAction","target":{"@type":"EntryPoint","urlTemplate":"http:\/\/memorialchalatenango.com\/?s={search_term_string}"},"query-input":"required name=search_term_string"}],"inLanguage":"en-CA"},{"@type":"ImageObject","@id":"https:\/\/memorialchalatenango.com\/los-raudas\/#primaryimage","inLanguage":"en-CA","url":"http:\/\/memorialchalatenango.com\/wp-content\/uploads\/2021\/11\/survivors-massacre-los-raudas-02.jpg","contentUrl":"http:\/\/memorialchalatenango.com\/wp-content\/uploads\/2021\/11\/survivors-massacre-los-raudas-02.jpg","width":2032,"height":1071},{"@type":"WebPage","@id":"https:\/\/memorialchalatenango.com\/los-raudas\/#webpage","url":"https:\/\/memorialchalatenango.com\/los-raudas\/","name":"Los Raudas - Londombia","isPartOf":{"@id":"http:\/\/memorialchalatenango.com\/#website"},"primaryImageOfPage":{"@id":"https:\/\/memorialchalatenango.com\/los-raudas\/#primaryimage"},"datePublished":"2021-11-29T16:13:07+00:00","dateModified":"2021-11-29T19:32:33+00:00","breadcrumb":{"@id":"https:\/\/memorialchalatenango.com\/los-raudas\/#breadcrumb"},"inLanguage":"en-CA","potentialAction":[{"@type":"ReadAction","target":["https:\/\/memorialchalatenango.com\/los-raudas\/"]}]},{"@type":"BreadcrumbList","@id":"https:\/\/memorialchalatenango.com\/los-raudas\/#breadcrumb","itemListElement":[{"@type":"ListItem","position":1,"name":"Home","item":"http:\/\/memorialchalatenango.com\/"},{"@type":"ListItem","position":2,"name":"Los Raudas"}]}]}},"_links":{"self":[{"href":"http:\/\/memorialchalatenango.com\/en\/wp-json\/wp\/v2\/pages\/921"}],"collection":[{"href":"http:\/\/memorialchalatenango.com\/en\/wp-json\/wp\/v2\/pages"}],"about":[{"href":"http:\/\/memorialchalatenango.com\/en\/wp-json\/wp\/v2\/types\/page"}],"author":[{"embeddable":true,"href":"http:\/\/memorialchalatenango.com\/en\/wp-json\/wp\/v2\/users\/1"}],"replies":[{"embeddable":true,"href":"http:\/\/memorialchalatenango.com\/en\/wp-json\/wp\/v2\/comments?post=921"}],"version-history":[{"count":37,"href":"http:\/\/memorialchalatenango.com\/en\/wp-json\/wp\/v2\/pages\/921\/revisions"}],"predecessor-version":[{"id":976,"href":"http:\/\/memorialchalatenango.com\/en\/wp-json\/wp\/v2\/pages\/921\/revisions\/976"}],"wp:attachment":[{"href":"http:\/\/memorialchalatenango.com\/en\/wp-json\/wp\/v2\/media?parent=921"}],"curies":[{"name":"wp","href":"https:\/\/api.w.org\/{rel}","templated":true}]}}