{"id":988,"date":"2021-11-29T18:34:20","date_gmt":"2021-11-29T22:34:20","guid":{"rendered":"http:\/\/memorialchalatenango.com\/?page_id=988"},"modified":"2021-11-29T19:45:37","modified_gmt":"2021-11-29T23:45:37","slug":"acerca-del-proyecto-documental","status":"publish","type":"page","link":"http:\/\/memorialchalatenango.com\/en\/acerca-del-proyecto-documental\/","title":{"rendered":"Acerca del Proyecto Documental"},"content":{"rendered":"<div data-elementor-type=\"wp-page\" data-elementor-id=\"988\" class=\"elementor elementor-988\" data-elementor-settings=\"[]\">\n\t\t\t\t\t\t<div class=\"elementor-inner\">\n\t\t\t\t\t\t\t<div class=\"elementor-section-wrap\">\n\t\t\t\t\t\t\t<section class=\"elementor-section elementor-top-section elementor-element elementor-element-408a1c3 elementor-section-full_width elementor-section-height-full elementor-section-stretched elementor-section-height-default elementor-section-items-middle\" data-id=\"408a1c3\" data-element_type=\"section\" data-settings=\"{&quot;stretch_section&quot;:&quot;section-stretched&quot;,&quot;background_background&quot;:&quot;slideshow&quot;,&quot;background_slideshow_gallery&quot;:[{&quot;id&quot;:1005,&quot;url&quot;:&quot;http:\\\/\\\/memorialchalatenango.com\\\/wp-content\\\/uploads\\\/2021\\\/11\\\/canada-council-documentary-juan-andres-bello.jpg&quot;}],&quot;background_slideshow_loop&quot;:&quot;yes&quot;,&quot;background_slideshow_slide_duration&quot;:5000,&quot;background_slideshow_slide_transition&quot;:&quot;fade&quot;,&quot;background_slideshow_transition_duration&quot;:500}\">\n\t\t\t\t\t\t<div class=\"elementor-container elementor-column-gap-default\">\n\t\t\t\t\t\t\t<div class=\"elementor-row\">\n\t\t\t\t\t<div class=\"elementor-column elementor-col-100 elementor-top-column elementor-element elementor-element-b2c9427\" data-id=\"b2c9427\" data-element_type=\"column\">\n\t\t\t<div class=\"elementor-column-wrap elementor-element-populated\">\n\t\t\t\t\t\t\t<div class=\"elementor-widget-wrap\">\n\t\t\t\t\t\t<div class=\"elementor-element elementor-element-cc8fac2 elementor-widget elementor-widget-heading\" data-id=\"cc8fac2\" data-element_type=\"widget\" data-widget_type=\"heading.default\">\n\t\t\t\t<div class=\"elementor-widget-container\">\n\t\t\t<h1 class=\"elementor-heading-title elementor-size-default\">El Proyecto Documental<\/h1>\t\t<\/div>\n\t\t\t\t<\/div>\n\t\t\t\t\t\t<\/div>\n\t\t\t\t\t<\/div>\n\t\t<\/div>\n\t\t\t\t\t\t\t\t<\/div>\n\t\t\t\t\t<\/div>\n\t\t<\/section>\n\t\t\t\t<section class=\"elementor-section elementor-top-section elementor-element elementor-element-c809ef1 elementor-section-boxed elementor-section-height-default elementor-section-height-default\" data-id=\"c809ef1\" data-element_type=\"section\">\n\t\t\t\t\t\t<div class=\"elementor-container elementor-column-gap-default\">\n\t\t\t\t\t\t\t<div class=\"elementor-row\">\n\t\t\t\t\t<div class=\"elementor-column elementor-col-100 elementor-top-column elementor-element elementor-element-821c7c8\" data-id=\"821c7c8\" data-element_type=\"column\">\n\t\t\t<div class=\"elementor-column-wrap elementor-element-populated\">\n\t\t\t\t\t\t\t<div class=\"elementor-widget-wrap\">\n\t\t\t\t\t\t<div class=\"elementor-element elementor-element-2819496 elementor-widget elementor-widget-text-editor\" data-id=\"2819496\" data-element_type=\"widget\" data-widget_type=\"text-editor.default\">\n\t\t\t\t<div class=\"elementor-widget-container\">\n\t\t\t\t\t\t\t\t<div class=\"elementor-text-editor elementor-clearfix\">\n\t\t\t\t<p><strong>Las Masacres de Chalatenango<\/strong> es un proyecto documental que da cuenta de las masacres, o sistem\u00e1ticos asesinatos de campesinos, que fueron perpetradas en Chalatenango, El Salvador, durante los primeros a\u00f1os de la guerra.<\/p><p>Este trabajo es el resultado de escuchar lo que la comunidad de sobrevivientes ten\u00eda para contar. Fueron ellos quienes nos llevaron a los sitios donde ocurrieron las masacres, y nos comunicaron su inter\u00e9s de que esto se conozca, de tal manera que se haga justicia, y para prevenir que vuelva a pasar.<\/p>\t\t\t\t\t<\/div>\n\t\t\t\t\t\t<\/div>\n\t\t\t\t<\/div>\n\t\t\t\t\t\t<\/div>\n\t\t\t\t\t<\/div>\n\t\t<\/div>\n\t\t\t\t\t\t\t\t<\/div>\n\t\t\t\t\t<\/div>\n\t\t<\/section>\n\t\t\t\t<section class=\"elementor-section elementor-top-section elementor-element elementor-element-ec684a9 elementor-section-boxed elementor-section-height-default elementor-section-height-default\" data-id=\"ec684a9\" data-element_type=\"section\">\n\t\t\t\t\t\t<div class=\"elementor-container elementor-column-gap-default\">\n\t\t\t\t\t\t\t<div class=\"elementor-row\">\n\t\t\t\t\t<div class=\"elementor-column elementor-col-100 elementor-top-column elementor-element elementor-element-1b0716d\" data-id=\"1b0716d\" data-element_type=\"column\">\n\t\t\t<div class=\"elementor-column-wrap elementor-element-populated\">\n\t\t\t\t\t\t\t<div class=\"elementor-widget-wrap\">\n\t\t\t\t\t\t<div class=\"elementor-element elementor-element-eec60f6 elementor-widget elementor-widget-image\" data-id=\"eec60f6\" data-element_type=\"widget\" data-widget_type=\"image.default\">\n\t\t\t\t<div class=\"elementor-widget-container\">\n\t\t\t\t\t\t\t\t<div class=\"elementor-image\">\n\t\t\t\t\t\t\t\t\t<figure class=\"wp-caption\">\n\t\t\t\t\t\t\t\t\t\t<img width=\"2048\" height=\"1365\" src=\"http:\/\/memorialchalatenango.com\/wp-content\/uploads\/2021\/11\/Juan-Andre\u0301s-Bello-2048x1365.jpg\" class=\"attachment-2048x2048 size-2048x2048\" alt=\"\" loading=\"lazy\" srcset=\"http:\/\/memorialchalatenango.com\/wp-content\/uploads\/2021\/11\/Juan-Andre\u0301s-Bello-2048x1365.jpg 2048w, http:\/\/memorialchalatenango.com\/wp-content\/uploads\/2021\/11\/Juan-Andre\u0301s-Bello-300x200.jpg 300w, http:\/\/memorialchalatenango.com\/wp-content\/uploads\/2021\/11\/Juan-Andre\u0301s-Bello-1024x683.jpg 1024w, http:\/\/memorialchalatenango.com\/wp-content\/uploads\/2021\/11\/Juan-Andre\u0301s-Bello-768x512.jpg 768w, http:\/\/memorialchalatenango.com\/wp-content\/uploads\/2021\/11\/Juan-Andre\u0301s-Bello-1536x1024.jpg 1536w, http:\/\/memorialchalatenango.com\/wp-content\/uploads\/2021\/11\/Juan-Andre\u0301s-Bello-18x12.jpg 18w, http:\/\/memorialchalatenango.com\/wp-content\/uploads\/2021\/11\/Juan-Andre\u0301s-Bello-1200x800.jpg 1200w, http:\/\/memorialchalatenango.com\/wp-content\/uploads\/2021\/11\/Juan-Andre\u0301s-Bello-1980x1320.jpg 1980w\" sizes=\"(max-width: 2048px) 100vw, 2048px\" \/>\t\t\t\t\t\t\t\t\t\t\t<figcaption class=\"widget-image-caption wp-caption-text\"><\/figcaption>\n\t\t\t\t\t\t\t\t\t\t<\/figure>\n\t\t\t\t\t\t\t\t<\/div>\n\t\t\t\t\t\t<\/div>\n\t\t\t\t<\/div>\n\t\t\t\t<div class=\"elementor-element elementor-element-f5418a3 elementor-widget elementor-widget-text-editor\" data-id=\"f5418a3\" data-element_type=\"widget\" data-widget_type=\"text-editor.default\">\n\t\t\t\t<div class=\"elementor-widget-container\">\n\t\t\t\t\t\t\t\t<div class=\"elementor-text-editor elementor-clearfix\">\n\t\t\t\t<p>In August 2017, I traveled to El Salvador for the first time from Canada, along with Amanda Grzyb and Reynaldo Hern\u00e1ndez from <a href=\"https:\/\/www.elsalvadormemory.org\/\" target=\"_blank\" rel=\"noreferrer noopener\">Surviving Memory in Post War El Salvador<\/a>. There we were joined by Pedro Cabezas, from CRIPDES, and the architects Harold Fallon and Evelia Macal, along with their family. The purpose of the trip was to visit some of the sites where the Chalatenango massacres occurred, guided by survivors.<\/p>\t\t\t\t\t<\/div>\n\t\t\t\t\t\t<\/div>\n\t\t\t\t<\/div>\n\t\t\t\t\t\t<\/div>\n\t\t\t\t\t<\/div>\n\t\t<\/div>\n\t\t\t\t\t\t\t\t<\/div>\n\t\t\t\t\t<\/div>\n\t\t<\/section>\n\t\t\t\t<section class=\"elementor-section elementor-top-section elementor-element elementor-element-3e06232 elementor-section-boxed elementor-section-height-default elementor-section-height-default\" data-id=\"3e06232\" data-element_type=\"section\">\n\t\t\t\t\t\t<div class=\"elementor-container elementor-column-gap-default\">\n\t\t\t\t\t\t\t<div class=\"elementor-row\">\n\t\t\t\t\t<div class=\"elementor-column elementor-col-100 elementor-top-column elementor-element elementor-element-1f34def\" data-id=\"1f34def\" data-element_type=\"column\">\n\t\t\t<div class=\"elementor-column-wrap elementor-element-populated\">\n\t\t\t\t\t\t\t<div class=\"elementor-widget-wrap\">\n\t\t\t\t\t\t<div class=\"elementor-element elementor-element-9022280 elementor-widget elementor-widget-image\" data-id=\"9022280\" data-element_type=\"widget\" data-widget_type=\"image.default\">\n\t\t\t\t<div class=\"elementor-widget-container\">\n\t\t\t\t\t\t\t\t<div class=\"elementor-image\">\n\t\t\t\t\t\t\t\t\t<figure class=\"wp-caption\">\n\t\t\t\t\t\t\t\t\t\t<img width=\"580\" height=\"435\" src=\"http:\/\/memorialchalatenango.com\/wp-content\/uploads\/2021\/11\/canada-council-documentary-10-1024x768.jpg\" class=\"attachment-large size-large\" alt=\"\" loading=\"lazy\" srcset=\"http:\/\/memorialchalatenango.com\/wp-content\/uploads\/2021\/11\/canada-council-documentary-10-1024x768.jpg 1024w, http:\/\/memorialchalatenango.com\/wp-content\/uploads\/2021\/11\/canada-council-documentary-10-300x225.jpg 300w, http:\/\/memorialchalatenango.com\/wp-content\/uploads\/2021\/11\/canada-council-documentary-10-768x576.jpg 768w, http:\/\/memorialchalatenango.com\/wp-content\/uploads\/2021\/11\/canada-council-documentary-10-1536x1152.jpg 1536w, http:\/\/memorialchalatenango.com\/wp-content\/uploads\/2021\/11\/canada-council-documentary-10-16x12.jpg 16w, http:\/\/memorialchalatenango.com\/wp-content\/uploads\/2021\/11\/canada-council-documentary-10-1200x900.jpg 1200w, http:\/\/memorialchalatenango.com\/wp-content\/uploads\/2021\/11\/canada-council-documentary-10.jpg 1619w\" sizes=\"(max-width: 580px) 100vw, 580px\" \/>\t\t\t\t\t\t\t\t\t\t\t<figcaption class=\"widget-image-caption wp-caption-text\">On the way to Los Duboncitos massacre site.<\/figcaption>\n\t\t\t\t\t\t\t\t\t\t<\/figure>\n\t\t\t\t\t\t\t\t<\/div>\n\t\t\t\t\t\t<\/div>\n\t\t\t\t<\/div>\n\t\t\t\t\t\t<\/div>\n\t\t\t\t\t<\/div>\n\t\t<\/div>\n\t\t\t\t\t\t\t\t<\/div>\n\t\t\t\t\t<\/div>\n\t\t<\/section>\n\t\t\t\t<section class=\"elementor-section elementor-top-section elementor-element elementor-element-bb6f11e elementor-section-boxed elementor-section-height-default elementor-section-height-default\" data-id=\"bb6f11e\" data-element_type=\"section\">\n\t\t\t\t\t\t<div class=\"elementor-container elementor-column-gap-default\">\n\t\t\t\t\t\t\t<div class=\"elementor-row\">\n\t\t\t\t\t<div class=\"elementor-column elementor-col-100 elementor-top-column elementor-element elementor-element-9abdb69\" data-id=\"9abdb69\" data-element_type=\"column\">\n\t\t\t<div class=\"elementor-column-wrap elementor-element-populated\">\n\t\t\t\t\t\t\t<div class=\"elementor-widget-wrap\">\n\t\t\t\t\t\t<div class=\"elementor-element elementor-element-b753a65 elementor-widget elementor-widget-image\" data-id=\"b753a65\" data-element_type=\"widget\" data-widget_type=\"image.default\">\n\t\t\t\t<div class=\"elementor-widget-container\">\n\t\t\t\t\t\t\t\t<div class=\"elementor-image\">\n\t\t\t\t\t\t\t\t\t<figure class=\"wp-caption\">\n\t\t\t\t\t\t\t\t\t\t<img width=\"580\" height=\"327\" src=\"http:\/\/memorialchalatenango.com\/wp-content\/uploads\/2021\/11\/canada-council-documentary-11.jpg\" class=\"attachment-large size-large\" alt=\"\" loading=\"lazy\" srcset=\"http:\/\/memorialchalatenango.com\/wp-content\/uploads\/2021\/11\/canada-council-documentary-11.jpg 952w, http:\/\/memorialchalatenango.com\/wp-content\/uploads\/2021\/11\/canada-council-documentary-11-300x169.jpg 300w, http:\/\/memorialchalatenango.com\/wp-content\/uploads\/2021\/11\/canada-council-documentary-11-768x432.jpg 768w, http:\/\/memorialchalatenango.com\/wp-content\/uploads\/2021\/11\/canada-council-documentary-11-18x10.jpg 18w\" sizes=\"(max-width: 580px) 100vw, 580px\" \/>\t\t\t\t\t\t\t\t\t\t\t<figcaption class=\"widget-image-caption wp-caption-text\">Miriam Dub\u00f3n, recounting how her mother was killed at Los Duboncitos site. <\/figcaption>\n\t\t\t\t\t\t\t\t\t\t<\/figure>\n\t\t\t\t\t\t\t\t<\/div>\n\t\t\t\t\t\t<\/div>\n\t\t\t\t<\/div>\n\t\t\t\t\t\t<\/div>\n\t\t\t\t\t<\/div>\n\t\t<\/div>\n\t\t\t\t\t\t\t\t<\/div>\n\t\t\t\t\t<\/div>\n\t\t<\/section>\n\t\t\t\t<section class=\"elementor-section elementor-top-section elementor-element elementor-element-666c535 elementor-section-boxed elementor-section-height-default elementor-section-height-default\" data-id=\"666c535\" data-element_type=\"section\">\n\t\t\t\t\t\t<div class=\"elementor-container elementor-column-gap-default\">\n\t\t\t\t\t\t\t<div class=\"elementor-row\">\n\t\t\t\t\t<div class=\"elementor-column elementor-col-100 elementor-top-column elementor-element elementor-element-7f4bc00\" data-id=\"7f4bc00\" data-element_type=\"column\">\n\t\t\t<div class=\"elementor-column-wrap elementor-element-populated\">\n\t\t\t\t\t\t\t<div class=\"elementor-widget-wrap\">\n\t\t\t\t\t\t<div class=\"elementor-element elementor-element-6d60529 elementor-widget elementor-widget-image\" data-id=\"6d60529\" data-element_type=\"widget\" data-widget_type=\"image.default\">\n\t\t\t\t<div class=\"elementor-widget-container\">\n\t\t\t\t\t\t\t\t<div class=\"elementor-image\">\n\t\t\t\t\t\t\t\t\t<figure class=\"wp-caption\">\n\t\t\t\t\t\t\t\t\t\t<img width=\"580\" height=\"387\" src=\"http:\/\/memorialchalatenango.com\/wp-content\/uploads\/2021\/11\/canada-council-documentary-02-1024x683.jpg\" class=\"attachment-large size-large\" alt=\"\" loading=\"lazy\" srcset=\"http:\/\/memorialchalatenango.com\/wp-content\/uploads\/2021\/11\/canada-council-documentary-02-1024x683.jpg 1024w, http:\/\/memorialchalatenango.com\/wp-content\/uploads\/2021\/11\/canada-council-documentary-02-300x200.jpg 300w, http:\/\/memorialchalatenango.com\/wp-content\/uploads\/2021\/11\/canada-council-documentary-02-768x512.jpg 768w, http:\/\/memorialchalatenango.com\/wp-content\/uploads\/2021\/11\/canada-council-documentary-02-1536x1024.jpg 1536w, http:\/\/memorialchalatenango.com\/wp-content\/uploads\/2021\/11\/canada-council-documentary-02-2048x1365.jpg 2048w, http:\/\/memorialchalatenango.com\/wp-content\/uploads\/2021\/11\/canada-council-documentary-02-18x12.jpg 18w, http:\/\/memorialchalatenango.com\/wp-content\/uploads\/2021\/11\/canada-council-documentary-02-1200x800.jpg 1200w, http:\/\/memorialchalatenango.com\/wp-content\/uploads\/2021\/11\/canada-council-documentary-02-1980x1320.jpg 1980w\" sizes=\"(max-width: 580px) 100vw, 580px\" \/>\t\t\t\t\t\t\t\t\t\t\t<figcaption class=\"widget-image-caption wp-caption-text\">San Jos\u00e9 Las Flores, el pueblo donde nos hemos hospedado en todos los viajes a Chalatenango.<\/figcaption>\n\t\t\t\t\t\t\t\t\t\t<\/figure>\n\t\t\t\t\t\t\t\t<\/div>\n\t\t\t\t\t\t<\/div>\n\t\t\t\t<\/div>\n\t\t\t\t\t\t<\/div>\n\t\t\t\t\t<\/div>\n\t\t<\/div>\n\t\t\t\t\t\t\t\t<\/div>\n\t\t\t\t\t<\/div>\n\t\t<\/section>\n\t\t\t\t<section class=\"elementor-section elementor-top-section elementor-element elementor-element-5b77ced elementor-section-boxed elementor-section-height-default elementor-section-height-default\" data-id=\"5b77ced\" data-element_type=\"section\">\n\t\t\t\t\t\t<div class=\"elementor-container elementor-column-gap-default\">\n\t\t\t\t\t\t\t<div class=\"elementor-row\">\n\t\t\t\t\t<div class=\"elementor-column elementor-col-100 elementor-top-column elementor-element elementor-element-d0c9cf2\" data-id=\"d0c9cf2\" data-element_type=\"column\">\n\t\t\t<div class=\"elementor-column-wrap elementor-element-populated\">\n\t\t\t\t\t\t\t<div class=\"elementor-widget-wrap\">\n\t\t\t\t\t\t<div class=\"elementor-element elementor-element-24867fa elementor-widget elementor-widget-text-editor\" data-id=\"24867fa\" data-element_type=\"widget\" data-widget_type=\"text-editor.default\">\n\t\t\t\t<div class=\"elementor-widget-container\">\n\t\t\t\t\t\t\t\t<div class=\"elementor-text-editor elementor-clearfix\">\n\t\t\t\t<p>After that first trip I began to work on the proposal for a project to document the massacres that occurred in Chalatenango at the beginning of the civil war. Since 2018, and thanks to the support of <strong>Canada Council for the Arts<\/strong>, <strong>London Arts Council<\/strong>, and <strong>the Sumpul Association,<\/strong> pude visitar los sitios de las masacres, para ayudar a registrar y preservar los testimonios de testigos y sobrevivientes.<\/p><p>La preparaci\u00f3n del proyecto incluy\u00f3 investigar sobre la historia de El Salvador y escuchar sus historias e ideas.<\/p>\t\t\t\t\t<\/div>\n\t\t\t\t\t\t<\/div>\n\t\t\t\t<\/div>\n\t\t\t\t\t\t<\/div>\n\t\t\t\t\t<\/div>\n\t\t<\/div>\n\t\t\t\t\t\t\t\t<\/div>\n\t\t\t\t\t<\/div>\n\t\t<\/section>\n\t\t\t\t<section class=\"elementor-section elementor-top-section elementor-element elementor-element-4b1fe90 elementor-section-boxed elementor-section-height-default elementor-section-height-default\" data-id=\"4b1fe90\" data-element_type=\"section\">\n\t\t\t\t\t\t<div class=\"elementor-container elementor-column-gap-default\">\n\t\t\t\t\t\t\t<div class=\"elementor-row\">\n\t\t\t\t\t<div class=\"elementor-column elementor-col-100 elementor-top-column elementor-element elementor-element-a655056\" data-id=\"a655056\" data-element_type=\"column\">\n\t\t\t<div class=\"elementor-column-wrap elementor-element-populated\">\n\t\t\t\t\t\t\t<div class=\"elementor-widget-wrap\">\n\t\t\t\t\t\t<div class=\"elementor-element elementor-element-e0e92cc elementor-widget elementor-widget-image\" data-id=\"e0e92cc\" data-element_type=\"widget\" data-widget_type=\"image.default\">\n\t\t\t\t<div class=\"elementor-widget-container\">\n\t\t\t\t\t\t\t\t<div class=\"elementor-image\">\n\t\t\t\t\t\t\t\t\t<figure class=\"wp-caption\">\n\t\t\t\t\t\t\t\t\t\t<img width=\"580\" height=\"435\" src=\"http:\/\/memorialchalatenango.com\/wp-content\/uploads\/2021\/11\/canada-council-documentary-12-1024x768.jpg\" class=\"attachment-large size-large\" alt=\"\" loading=\"lazy\" srcset=\"http:\/\/memorialchalatenango.com\/wp-content\/uploads\/2021\/11\/canada-council-documentary-12-1024x768.jpg 1024w, http:\/\/memorialchalatenango.com\/wp-content\/uploads\/2021\/11\/canada-council-documentary-12-300x225.jpg 300w, http:\/\/memorialchalatenango.com\/wp-content\/uploads\/2021\/11\/canada-council-documentary-12-768x576.jpg 768w, http:\/\/memorialchalatenango.com\/wp-content\/uploads\/2021\/11\/canada-council-documentary-12-1536x1152.jpg 1536w, http:\/\/memorialchalatenango.com\/wp-content\/uploads\/2021\/11\/canada-council-documentary-12-16x12.jpg 16w, http:\/\/memorialchalatenango.com\/wp-content\/uploads\/2021\/11\/canada-council-documentary-12-1200x900.jpg 1200w, http:\/\/memorialchalatenango.com\/wp-content\/uploads\/2021\/11\/canada-council-documentary-12.jpg 1619w\" sizes=\"(max-width: 580px) 100vw, 580px\" \/>\t\t\t\t\t\t\t\t\t\t\t<figcaption class=\"widget-image-caption wp-caption-text\">With the Arcatao Surviving Historical Memory Committee, July 2018.<\/figcaption>\n\t\t\t\t\t\t\t\t\t\t<\/figure>\n\t\t\t\t\t\t\t\t<\/div>\n\t\t\t\t\t\t<\/div>\n\t\t\t\t<\/div>\n\t\t\t\t\t\t<\/div>\n\t\t\t\t\t<\/div>\n\t\t<\/div>\n\t\t\t\t\t\t\t\t<\/div>\n\t\t\t\t\t<\/div>\n\t\t<\/section>\n\t\t\t\t<section class=\"elementor-section elementor-top-section elementor-element elementor-element-a46dea1 elementor-section-boxed elementor-section-height-default elementor-section-height-default\" data-id=\"a46dea1\" data-element_type=\"section\">\n\t\t\t\t\t\t<div class=\"elementor-container elementor-column-gap-default\">\n\t\t\t\t\t\t\t<div class=\"elementor-row\">\n\t\t\t\t\t<div class=\"elementor-column elementor-col-100 elementor-top-column elementor-element elementor-element-ed58466\" data-id=\"ed58466\" data-element_type=\"column\">\n\t\t\t<div class=\"elementor-column-wrap elementor-element-populated\">\n\t\t\t\t\t\t\t<div class=\"elementor-widget-wrap\">\n\t\t\t\t\t\t<div class=\"elementor-element elementor-element-55d8b77 elementor-widget elementor-widget-text-editor\" data-id=\"55d8b77\" data-element_type=\"widget\" data-widget_type=\"text-editor.default\">\n\t\t\t\t<div class=\"elementor-widget-container\">\n\t\t\t\t\t\t\t\t<div class=\"elementor-text-editor elementor-clearfix\">\n\t\t\t\t<p>The project has <strong>three components<\/strong>:<\/p><p>A series of <strong>short documentaries<\/strong> presenting testimonies of different massacres.<\/p><p>A series of <strong>experimental videos<\/strong> using 360 technology (360-degree video)<\/p><p>A <strong>video installation <\/strong>based on visual and sound landscapes of Chalatenango.<\/p>\t\t\t\t\t<\/div>\n\t\t\t\t\t\t<\/div>\n\t\t\t\t<\/div>\n\t\t\t\t\t\t<\/div>\n\t\t\t\t\t<\/div>\n\t\t<\/div>\n\t\t\t\t\t\t\t\t<\/div>\n\t\t\t\t\t<\/div>\n\t\t<\/section>\n\t\t\t\t<section class=\"elementor-section elementor-top-section elementor-element elementor-element-78fb6d7 elementor-section-content-top elementor-section-stretched elementor-section-boxed elementor-section-height-default elementor-section-height-default\" data-id=\"78fb6d7\" data-element_type=\"section\" data-settings=\"{&quot;stretch_section&quot;:&quot;section-stretched&quot;}\">\n\t\t\t\t\t\t<div class=\"elementor-container elementor-column-gap-no\">\n\t\t\t\t\t\t\t<div class=\"elementor-row\">\n\t\t\t\t\t<div class=\"elementor-column elementor-col-100 elementor-top-column elementor-element elementor-element-6904bf6\" data-id=\"6904bf6\" data-element_type=\"column\">\n\t\t\t<div class=\"elementor-column-wrap elementor-element-populated\">\n\t\t\t\t\t\t\t<div class=\"elementor-widget-wrap\">\n\t\t\t\t\t\t<div class=\"elementor-element elementor-element-aef53c5 elementor-aspect-ratio-169 elementor-widget elementor-widget-video\" data-id=\"aef53c5\" data-element_type=\"widget\" data-settings=\"{&quot;video_type&quot;:&quot;vimeo&quot;,&quot;aspect_ratio&quot;:&quot;169&quot;}\" data-widget_type=\"video.default\">\n\t\t\t\t<div class=\"elementor-widget-container\">\n\t\t\t\t\t<div class=\"elementor-wrapper elementor-fit-aspect-ratio elementor-open-inline\">\n\t\t\t<iframe class=\"elementor-video-iframe\" allowfullscreen title=\"vimeo Video Player\" src=\"https:\/\/player.vimeo.com\/video\/317601566?color&amp;autopause=0&amp;loop=0&amp;muted=0&amp;title=1&amp;portrait=1&amp;byline=1#t=\"><\/iframe>\t\t<\/div>\n\t\t\t\t<\/div>\n\t\t\t\t<\/div>\n\t\t\t\t\t\t<\/div>\n\t\t\t\t\t<\/div>\n\t\t<\/div>\n\t\t\t\t\t\t\t\t<\/div>\n\t\t\t\t\t<\/div>\n\t\t<\/section>\n\t\t\t\t<section class=\"elementor-section elementor-top-section elementor-element elementor-element-abdd41c elementor-section-content-top elementor-section-stretched elementor-section-boxed elementor-section-height-default elementor-section-height-default\" data-id=\"abdd41c\" data-element_type=\"section\" data-settings=\"{&quot;stretch_section&quot;:&quot;section-stretched&quot;}\">\n\t\t\t\t\t\t<div class=\"elementor-container elementor-column-gap-no\">\n\t\t\t\t\t\t\t<div class=\"elementor-row\">\n\t\t\t\t\t<div class=\"elementor-column elementor-col-100 elementor-top-column elementor-element elementor-element-a5f3c72\" data-id=\"a5f3c72\" data-element_type=\"column\">\n\t\t\t<div class=\"elementor-column-wrap elementor-element-populated\">\n\t\t\t\t\t\t\t<div class=\"elementor-widget-wrap\">\n\t\t\t\t\t\t<div class=\"elementor-element elementor-element-9aaaa3f elementor-aspect-ratio-169 elementor-widget elementor-widget-video\" data-id=\"9aaaa3f\" data-element_type=\"widget\" data-settings=\"{&quot;video_type&quot;:&quot;vimeo&quot;,&quot;aspect_ratio&quot;:&quot;169&quot;}\" data-widget_type=\"video.default\">\n\t\t\t\t<div class=\"elementor-widget-container\">\n\t\t\t\t\t<div class=\"elementor-wrapper elementor-fit-aspect-ratio elementor-open-inline\">\n\t\t\t<iframe class=\"elementor-video-iframe\" allowfullscreen title=\"vimeo Video Player\" src=\"https:\/\/player.vimeo.com\/video\/317601304?color&amp;autopause=0&amp;loop=0&amp;muted=0&amp;title=1&amp;portrait=1&amp;byline=1#t=\"><\/iframe>\t\t<\/div>\n\t\t\t\t<\/div>\n\t\t\t\t<\/div>\n\t\t\t\t\t\t<\/div>\n\t\t\t\t\t<\/div>\n\t\t<\/div>\n\t\t\t\t\t\t\t\t<\/div>\n\t\t\t\t\t<\/div>\n\t\t<\/section>\n\t\t\t\t<section class=\"elementor-section elementor-top-section elementor-element elementor-element-58e752f elementor-section-content-top elementor-section-stretched elementor-section-boxed elementor-section-height-default elementor-section-height-default\" data-id=\"58e752f\" data-element_type=\"section\" data-settings=\"{&quot;stretch_section&quot;:&quot;section-stretched&quot;}\">\n\t\t\t\t\t\t<div class=\"elementor-container elementor-column-gap-no\">\n\t\t\t\t\t\t\t<div class=\"elementor-row\">\n\t\t\t\t\t<div class=\"elementor-column elementor-col-100 elementor-top-column elementor-element elementor-element-025e187\" data-id=\"025e187\" data-element_type=\"column\">\n\t\t\t<div class=\"elementor-column-wrap elementor-element-populated\">\n\t\t\t\t\t\t\t<div class=\"elementor-widget-wrap\">\n\t\t\t\t\t\t<div class=\"elementor-element elementor-element-323b856 elementor-aspect-ratio-169 elementor-widget elementor-widget-video\" data-id=\"323b856\" data-element_type=\"widget\" data-settings=\"{&quot;video_type&quot;:&quot;vimeo&quot;,&quot;aspect_ratio&quot;:&quot;169&quot;}\" data-widget_type=\"video.default\">\n\t\t\t\t<div class=\"elementor-widget-container\">\n\t\t\t\t\t<div class=\"elementor-wrapper elementor-fit-aspect-ratio elementor-open-inline\">\n\t\t\t<iframe class=\"elementor-video-iframe\" allowfullscreen title=\"vimeo Video Player\" src=\"https:\/\/player.vimeo.com\/video\/415191815?color&amp;autopause=0&amp;loop=0&amp;muted=0&amp;title=1&amp;portrait=1&amp;byline=1#t=\"><\/iframe>\t\t<\/div>\n\t\t\t\t<\/div>\n\t\t\t\t<\/div>\n\t\t\t\t\t\t<\/div>\n\t\t\t\t\t<\/div>\n\t\t<\/div>\n\t\t\t\t\t\t\t\t<\/div>\n\t\t\t\t\t<\/div>\n\t\t<\/section>\n\t\t\t\t<section class=\"elementor-section elementor-top-section elementor-element elementor-element-e181c27 elementor-section-boxed elementor-section-height-default elementor-section-height-default\" data-id=\"e181c27\" data-element_type=\"section\">\n\t\t\t\t\t\t<div class=\"elementor-container elementor-column-gap-default\">\n\t\t\t\t\t\t\t<div class=\"elementor-row\">\n\t\t\t\t\t<div class=\"elementor-column elementor-col-100 elementor-top-column elementor-element elementor-element-894019d\" data-id=\"894019d\" data-element_type=\"column\">\n\t\t\t<div class=\"elementor-column-wrap elementor-element-populated\">\n\t\t\t\t\t\t\t<div class=\"elementor-widget-wrap\">\n\t\t\t\t\t\t<div class=\"elementor-element elementor-element-5f63075 elementor-widget elementor-widget-text-editor\" data-id=\"5f63075\" data-element_type=\"widget\" data-widget_type=\"text-editor.default\">\n\t\t\t\t<div class=\"elementor-widget-container\">\n\t\t\t\t\t\t\t\t<div class=\"elementor-text-editor elementor-clearfix\">\n\t\t\t\t<p>I worked together with Michelle Rosales (Director of Photography), Shawn Robertson (2nd camera and drone unit), Laszlo Borondy and Antonio Diego (Sound), Gerardo P\u00e9rez (Assistant and Driver), Mar\u00eda Andre\u00edna Acosta (Transcriptions), Marithza Andagoya (Translations), and Carolina Aular (Editing).<\/p><p>We want to acknowledge the collaboration of Felipe Tobar, Miriam Ayala, Julio Rivera, Miriam Dub\u00f3n, and the other members of the Sumpul Association. Nicol\u00e1s Rivera and the Committee of Surviving Historical Memory of Arcatao. Also Reyes Guardado and his family, the Mayor of San Jos\u00e9 Las Flores, Josu\u00e9 Claudio and Medardo Gonz\u00e1lez.<\/p>\t\t\t\t\t<\/div>\n\t\t\t\t\t\t<\/div>\n\t\t\t\t<\/div>\n\t\t\t\t\t\t<\/div>\n\t\t\t\t\t<\/div>\n\t\t<\/div>\n\t\t\t\t\t\t\t\t<\/div>\n\t\t\t\t\t<\/div>\n\t\t<\/section>\n\t\t\t\t<section class=\"elementor-section elementor-top-section elementor-element elementor-element-0e68e91 elementor-section-boxed elementor-section-height-default elementor-section-height-default\" data-id=\"0e68e91\" data-element_type=\"section\">\n\t\t\t\t\t\t<div class=\"elementor-container elementor-column-gap-default\">\n\t\t\t\t\t\t\t<div class=\"elementor-row\">\n\t\t\t\t\t<div class=\"elementor-column elementor-col-33 elementor-top-column elementor-element elementor-element-c61f244\" data-id=\"c61f244\" data-element_type=\"column\">\n\t\t\t<div class=\"elementor-column-wrap elementor-element-populated\">\n\t\t\t\t\t\t\t<div class=\"elementor-widget-wrap\">\n\t\t\t\t\t\t<div class=\"elementor-element elementor-element-f1bca10 elementor-widget elementor-widget-image\" data-id=\"f1bca10\" data-element_type=\"widget\" data-widget_type=\"image.default\">\n\t\t\t\t<div class=\"elementor-widget-container\">\n\t\t\t\t\t\t\t\t<div class=\"elementor-image\">\n\t\t\t\t\t\t\t\t\t\t\t\t<img width=\"580\" height=\"435\" src=\"http:\/\/memorialchalatenango.com\/wp-content\/uploads\/2020\/05\/Juan-Bello-El-Salvador-Making-of-03-960.jpg\" class=\"attachment-large size-large\" alt=\"\" loading=\"lazy\" srcset=\"http:\/\/memorialchalatenango.com\/wp-content\/uploads\/2020\/05\/Juan-Bello-El-Salvador-Making-of-03-960.jpg 960w, http:\/\/memorialchalatenango.com\/wp-content\/uploads\/2020\/05\/Juan-Bello-El-Salvador-Making-of-03-960-300x225.jpg 300w, http:\/\/memorialchalatenango.com\/wp-content\/uploads\/2020\/05\/Juan-Bello-El-Salvador-Making-of-03-960-768x576.jpg 768w\" sizes=\"(max-width: 580px) 100vw, 580px\" \/>\t\t\t\t\t\t\t\t\t\t\t\t\t\t<\/div>\n\t\t\t\t\t\t<\/div>\n\t\t\t\t<\/div>\n\t\t\t\t\t\t<\/div>\n\t\t\t\t\t<\/div>\n\t\t<\/div>\n\t\t\t\t<div class=\"elementor-column elementor-col-33 elementor-top-column elementor-element elementor-element-290db3d\" data-id=\"290db3d\" data-element_type=\"column\">\n\t\t\t<div class=\"elementor-column-wrap elementor-element-populated\">\n\t\t\t\t\t\t\t<div class=\"elementor-widget-wrap\">\n\t\t\t\t\t\t<div class=\"elementor-element elementor-element-250487c elementor-widget elementor-widget-image\" data-id=\"250487c\" data-element_type=\"widget\" data-widget_type=\"image.default\">\n\t\t\t\t<div class=\"elementor-widget-container\">\n\t\t\t\t\t\t\t\t<div class=\"elementor-image\">\n\t\t\t\t\t\t\t\t\t\t\t\t<img width=\"580\" height=\"436\" src=\"http:\/\/memorialchalatenango.com\/wp-content\/uploads\/2020\/05\/Juan-Bello-El-Salvador-Making-of-05-960.jpg\" class=\"attachment-large size-large\" alt=\"\" loading=\"lazy\" srcset=\"http:\/\/memorialchalatenango.com\/wp-content\/uploads\/2020\/05\/Juan-Bello-El-Salvador-Making-of-05-960.jpg 960w, http:\/\/memorialchalatenango.com\/wp-content\/uploads\/2020\/05\/Juan-Bello-El-Salvador-Making-of-05-960-300x225.jpg 300w, http:\/\/memorialchalatenango.com\/wp-content\/uploads\/2020\/05\/Juan-Bello-El-Salvador-Making-of-05-960-768x577.jpg 768w\" sizes=\"(max-width: 580px) 100vw, 580px\" \/>\t\t\t\t\t\t\t\t\t\t\t\t\t\t<\/div>\n\t\t\t\t\t\t<\/div>\n\t\t\t\t<\/div>\n\t\t\t\t\t\t<\/div>\n\t\t\t\t\t<\/div>\n\t\t<\/div>\n\t\t\t\t<div class=\"elementor-column elementor-col-33 elementor-top-column elementor-element elementor-element-0c66b57\" data-id=\"0c66b57\" data-element_type=\"column\">\n\t\t\t<div class=\"elementor-column-wrap elementor-element-populated\">\n\t\t\t\t\t\t\t<div class=\"elementor-widget-wrap\">\n\t\t\t\t\t\t<div class=\"elementor-element elementor-element-b8c67b7 elementor-widget elementor-widget-image\" data-id=\"b8c67b7\" data-element_type=\"widget\" data-widget_type=\"image.default\">\n\t\t\t\t<div class=\"elementor-widget-container\">\n\t\t\t\t\t\t\t\t<div class=\"elementor-image\">\n\t\t\t\t\t\t\t\t\t\t\t\t<img width=\"580\" height=\"435\" src=\"http:\/\/memorialchalatenango.com\/wp-content\/uploads\/2020\/05\/Juan-Bello-El-Salvador-Making-of-19-960.jpg\" class=\"attachment-large size-large\" alt=\"\" loading=\"lazy\" srcset=\"http:\/\/memorialchalatenango.com\/wp-content\/uploads\/2020\/05\/Juan-Bello-El-Salvador-Making-of-19-960.jpg 960w, http:\/\/memorialchalatenango.com\/wp-content\/uploads\/2020\/05\/Juan-Bello-El-Salvador-Making-of-19-960-300x225.jpg 300w, http:\/\/memorialchalatenango.com\/wp-content\/uploads\/2020\/05\/Juan-Bello-El-Salvador-Making-of-19-960-768x576.jpg 768w\" sizes=\"(max-width: 580px) 100vw, 580px\" \/>\t\t\t\t\t\t\t\t\t\t\t\t\t\t<\/div>\n\t\t\t\t\t\t<\/div>\n\t\t\t\t<\/div>\n\t\t\t\t\t\t<\/div>\n\t\t\t\t\t<\/div>\n\t\t<\/div>\n\t\t\t\t\t\t\t\t<\/div>\n\t\t\t\t\t<\/div>\n\t\t<\/section>\n\t\t\t\t\t\t<\/div>\n\t\t\t\t\t\t<\/div>\n\t\t\t\t\t<\/div>","protected":false},"excerpt":{"rendered":"<p>El Proyecto Documental Las Masacres de Chalatenango es un proyecto documental que da cuenta de las masacres, o sistem\u00e1ticos asesinatos de campesinos, que fueron perpetradas en Chalatenango, El Salvador, durante los primeros a\u00f1os de la guerra. Este trabajo es el resultado de escuchar lo que la comunidad de sobrevivientes ten\u00eda para contar. Fueron ellos quienes [&hellip;]<\/p>","protected":false},"author":1,"featured_media":0,"parent":0,"menu_order":0,"comment_status":"closed","ping_status":"closed","template":"elementor_header_footer","meta":{"_themeisle_gutenberg_block_has_review":false},"yoast_head":"<!-- This site is optimized with the Yoast SEO plugin v17.5 - https:\/\/yoast.com\/wordpress\/plugins\/seo\/ -->\n<title>Acerca del Proyecto Documental - Londombia<\/title>\n<meta name=\"robots\" content=\"index, follow, max-snippet:-1, max-image-preview:large, max-video-preview:-1\" \/>\n<link rel=\"canonical\" href=\"http:\/\/memorialchalatenango.com\/en\/acerca-del-proyecto-documental\/\" \/>\n<meta property=\"og:locale\" content=\"en_US\" \/>\n<meta property=\"og:type\" content=\"article\" \/>\n<meta property=\"og:title\" content=\"Acerca del Proyecto Documental - Londombia\" \/>\n<meta property=\"og:description\" content=\"El Proyecto Documental Las Masacres de Chalatenango es un proyecto documental que da cuenta de las masacres, o sistem\u00e1ticos asesinatos de campesinos, que fueron perpetradas en Chalatenango, El Salvador, durante los primeros a\u00f1os de la guerra. Este trabajo es el resultado de escuchar lo que la comunidad de sobrevivientes ten\u00eda para contar. Fueron ellos quienes [&hellip;]\" \/>\n<meta property=\"og:url\" content=\"http:\/\/memorialchalatenango.com\/en\/acerca-del-proyecto-documental\/\" \/>\n<meta property=\"og:site_name\" content=\"Londombia\" \/>\n<meta property=\"article:modified_time\" content=\"2021-11-29T23:45:37+00:00\" \/>\n<meta property=\"og:image\" content=\"http:\/\/memorialchalatenango.com\/wp-content\/uploads\/2021\/11\/Juan-Andre\u0301s-Bello-2048x1365.jpg\" \/>\n<meta name=\"twitter:card\" content=\"summary_large_image\" \/>\n<meta name=\"twitter:label1\" content=\"Est. reading time\" \/>\n\t<meta name=\"twitter:data1\" content=\"4 minutes\" \/>\n<script type=\"application\/ld+json\" class=\"yoast-schema-graph\">{\"@context\":\"https:\/\/schema.org\",\"@graph\":[{\"@type\":\"WebSite\",\"@id\":\"http:\/\/memorialchalatenango.com\/#website\",\"url\":\"http:\/\/memorialchalatenango.com\/\",\"name\":\"Londombia\",\"description\":\"Celebrating the presence of the Colombian community in London\",\"potentialAction\":[{\"@type\":\"SearchAction\",\"target\":{\"@type\":\"EntryPoint\",\"urlTemplate\":\"http:\/\/memorialchalatenango.com\/?s={search_term_string}\"},\"query-input\":\"required name=search_term_string\"}],\"inLanguage\":\"en-CA\"},{\"@type\":\"ImageObject\",\"@id\":\"http:\/\/memorialchalatenango.com\/en\/acerca-del-proyecto-documental\/#primaryimage\",\"inLanguage\":\"en-CA\",\"url\":\"http:\/\/memorialchalatenango.com\/wp-content\/uploads\/2021\/11\/Juan-Andre\\u0301s-Bello-2048x1365.jpg\",\"contentUrl\":\"http:\/\/memorialchalatenango.com\/wp-content\/uploads\/2021\/11\/Juan-Andre\\u0301s-Bello-2048x1365.jpg\"},{\"@type\":\"WebPage\",\"@id\":\"http:\/\/memorialchalatenango.com\/en\/acerca-del-proyecto-documental\/#webpage\",\"url\":\"http:\/\/memorialchalatenango.com\/en\/acerca-del-proyecto-documental\/\",\"name\":\"Acerca del Proyecto Documental - Londombia\",\"isPartOf\":{\"@id\":\"http:\/\/memorialchalatenango.com\/#website\"},\"primaryImageOfPage\":{\"@id\":\"http:\/\/memorialchalatenango.com\/en\/acerca-del-proyecto-documental\/#primaryimage\"},\"datePublished\":\"2021-11-29T22:34:20+00:00\",\"dateModified\":\"2021-11-29T23:45:37+00:00\",\"breadcrumb\":{\"@id\":\"http:\/\/memorialchalatenango.com\/en\/acerca-del-proyecto-documental\/#breadcrumb\"},\"inLanguage\":\"en-CA\",\"potentialAction\":[{\"@type\":\"ReadAction\",\"target\":[\"http:\/\/memorialchalatenango.com\/en\/acerca-del-proyecto-documental\/\"]}]},{\"@type\":\"BreadcrumbList\",\"@id\":\"http:\/\/memorialchalatenango.com\/en\/acerca-del-proyecto-documental\/#breadcrumb\",\"itemListElement\":[{\"@type\":\"ListItem\",\"position\":1,\"name\":\"Home\",\"item\":\"http:\/\/memorialchalatenango.com\/\"},{\"@type\":\"ListItem\",\"position\":2,\"name\":\"Acerca del Proyecto Documental\"}]}]}<\/script>\n<!-- \/ Yoast SEO plugin. -->","yoast_head_json":{"title":"Acerca del Proyecto Documental - Londombia","robots":{"index":"index","follow":"follow","max-snippet":"max-snippet:-1","max-image-preview":"max-image-preview:large","max-video-preview":"max-video-preview:-1"},"canonical":"http:\/\/memorialchalatenango.com\/en\/acerca-del-proyecto-documental\/","og_locale":"en_US","og_type":"article","og_title":"Acerca del Proyecto Documental - Londombia","og_description":"El Proyecto Documental Las Masacres de Chalatenango es un proyecto documental que da cuenta de las masacres, o sistem\u00e1ticos asesinatos de campesinos, que fueron perpetradas en Chalatenango, El Salvador, durante los primeros a\u00f1os de la guerra. Este trabajo es el resultado de escuchar lo que la comunidad de sobrevivientes ten\u00eda para contar. Fueron ellos quienes [&hellip;]","og_url":"http:\/\/memorialchalatenango.com\/en\/acerca-del-proyecto-documental\/","og_site_name":"Londombia","article_modified_time":"2021-11-29T23:45:37+00:00","og_image":[{"url":"http:\/\/memorialchalatenango.com\/wp-content\/uploads\/2021\/11\/Juan-Andre\u0301s-Bello-2048x1365.jpg"}],"twitter_card":"summary_large_image","twitter_misc":{"Est. reading time":"4 minutes"},"schema":{"@context":"https:\/\/schema.org","@graph":[{"@type":"WebSite","@id":"http:\/\/memorialchalatenango.com\/#website","url":"http:\/\/memorialchalatenango.com\/","name":"Londombia","description":"Celebrating the presence of the Colombian community in London","potentialAction":[{"@type":"SearchAction","target":{"@type":"EntryPoint","urlTemplate":"http:\/\/memorialchalatenango.com\/?s={search_term_string}"},"query-input":"required name=search_term_string"}],"inLanguage":"en-CA"},{"@type":"ImageObject","@id":"http:\/\/memorialchalatenango.com\/en\/acerca-del-proyecto-documental\/#primaryimage","inLanguage":"en-CA","url":"http:\/\/memorialchalatenango.com\/wp-content\/uploads\/2021\/11\/Juan-Andre\u0301s-Bello-2048x1365.jpg","contentUrl":"http:\/\/memorialchalatenango.com\/wp-content\/uploads\/2021\/11\/Juan-Andre\u0301s-Bello-2048x1365.jpg"},{"@type":"WebPage","@id":"http:\/\/memorialchalatenango.com\/en\/acerca-del-proyecto-documental\/#webpage","url":"http:\/\/memorialchalatenango.com\/en\/acerca-del-proyecto-documental\/","name":"Acerca del Proyecto Documental - Londombia","isPartOf":{"@id":"http:\/\/memorialchalatenango.com\/#website"},"primaryImageOfPage":{"@id":"http:\/\/memorialchalatenango.com\/en\/acerca-del-proyecto-documental\/#primaryimage"},"datePublished":"2021-11-29T22:34:20+00:00","dateModified":"2021-11-29T23:45:37+00:00","breadcrumb":{"@id":"http:\/\/memorialchalatenango.com\/en\/acerca-del-proyecto-documental\/#breadcrumb"},"inLanguage":"en-CA","potentialAction":[{"@type":"ReadAction","target":["http:\/\/memorialchalatenango.com\/en\/acerca-del-proyecto-documental\/"]}]},{"@type":"BreadcrumbList","@id":"http:\/\/memorialchalatenango.com\/en\/acerca-del-proyecto-documental\/#breadcrumb","itemListElement":[{"@type":"ListItem","position":1,"name":"Home","item":"http:\/\/memorialchalatenango.com\/"},{"@type":"ListItem","position":2,"name":"Acerca del Proyecto Documental"}]}]}},"_links":{"self":[{"href":"http:\/\/memorialchalatenango.com\/en\/wp-json\/wp\/v2\/pages\/988"}],"collection":[{"href":"http:\/\/memorialchalatenango.com\/en\/wp-json\/wp\/v2\/pages"}],"about":[{"href":"http:\/\/memorialchalatenango.com\/en\/wp-json\/wp\/v2\/types\/page"}],"author":[{"embeddable":true,"href":"http:\/\/memorialchalatenango.com\/en\/wp-json\/wp\/v2\/users\/1"}],"replies":[{"embeddable":true,"href":"http:\/\/memorialchalatenango.com\/en\/wp-json\/wp\/v2\/comments?post=988"}],"version-history":[{"count":44,"href":"http:\/\/memorialchalatenango.com\/en\/wp-json\/wp\/v2\/pages\/988\/revisions"}],"predecessor-version":[{"id":1059,"href":"http:\/\/memorialchalatenango.com\/en\/wp-json\/wp\/v2\/pages\/988\/revisions\/1059"}],"wp:attachment":[{"href":"http:\/\/memorialchalatenango.com\/en\/wp-json\/wp\/v2\/media?parent=988"}],"curies":[{"name":"wp","href":"https:\/\/api.w.org\/{rel}","templated":true}]}}